{"id":9567,"date":"2025-01-09T12:30:52","date_gmt":"2025-01-09T11:30:52","guid":{"rendered":"https:\/\/jfb-stiftung.de\/st-paulus-stift-neuoetting\/veranstaltung\/neujahrslauschen-der-geschichtenerzaehler-kommt\/"},"modified":"2025-01-09T13:11:59","modified_gmt":"2025-01-09T12:11:59","slug":"neujahrslauschen-der-geschichtenerzaehler-kommt","status":"publish","type":"tribe_events","link":"https:\/\/jfb-stiftung.de\/st-paulus-stift-neuoetting\/veranstaltung\/neujahrslauschen-der-geschichtenerzaehler-kommt\/","title":{"rendered":"NeujahrsLauschen &#8211; Der Geschichtenerz\u00e4hler kommt!"},"content":{"rendered":"<p>Ein neues Jahr liegt vor uns. Was wird es uns wohl bringen? Schlie\u00df die Augen und stell dir vor, es w\u00e4re eine reich gedeckte Tafel, die sich vor lauter sch\u00f6ner Momente geradezu durchbiegt und auf der edle Terrinen und T\u00f6pfe stehen, aus denen die verlockendsten D\u00fcfte der M\u00f6glichkeiten heraussteigen und dazu ein Vielzahl bunter Sch\u00fcsseln, alle gef\u00fcllt mit einer angenehmen Mischung aus Gl\u00fcck und Zufriedenheit und bauchige Flaschen, die Becher und Gl\u00e4ser mit Freude und Gesundheit klangvoll f\u00fcllen und erklingen lassen. Klingt das nicht wunderbar?<\/p>\n<p>Dem Erz\u00e4hlk\u00fcnstler Kurt Lehner gelingt das Kunstst\u00fcck, diese Vorstellung wahr werden zu lassen. Mit seiner wohlklingenden Stimme erinnert er an die Zeiten, in denen das W\u00fcnschen und Hoffen noch geholfen hat und kn\u00fcpft so an jahrhundertealte Traditionen an. Denn schon immer waren Zeiten des \u00dcbergangs und Neubeginns, auch Zeiten des Geschichten-Erz\u00e4hlens.<\/p>\n<p>Erz\u00e4hlt wird jede Geschichte mit Hilfe eines liebevoll gestalteten Koffers: Wie endet die Begegnung des heldenhaften M\u00e4dchens mit den 12 Monaten im kalten Winterwald? Was hat es mit all den W\u00fcnschen des Fischers auf sich? Und wie sind eigentlich die Geschichten zu den Menschen gekommen?<\/p>\n<p>Ein inklusiver Geschichten-Abend im Paulusstift: Komm vorbei und lass dich verzaubern&#8230;<br \/>\nGeeignet f\u00fcr Kinder ab 5 Jahren. Eintritt frei!<\/p>\n<p>&nbsp;<\/p>\n","protected":false},"excerpt":{"rendered":"<p>Ein neues Jahr liegt vor uns. Was wird es uns wohl bringen? Schlie\u00df die Augen und stell dir vor, es w\u00e4re eine reich gedeckte Tafel, die sich vor lauter sch\u00f6ner \u2026<\/p>\n","protected":false},"author":19,"featured_media":9571,"template":"","meta":{"_acf_changed":false,"_tribe_events_status":"","_tribe_events_status_reason":"","footnotes":""},"tags":[],"tribe_events_cat":[35,23],"class_list":["post-9567","tribe_events","type-tribe_events","status-publish","has-post-thumbnail","hentry","tribe_events_cat-st-paulus-stift-neuoetting","tribe_events_cat-termine","cat_st-paulus-stift-neuoetting","cat_termine"],"acf":[],"publishpress_future_workflow_manual_trigger":{"enabledWorkflows":[]},"_links":{"self":[{"href":"https:\/\/jfb-stiftung.de\/st-paulus-stift-neuoetting\/wp-json\/wp\/v2\/tribe_events\/9567","targetHints":{"allow":["GET"]}}],"collection":[{"href":"https:\/\/jfb-stiftung.de\/st-paulus-stift-neuoetting\/wp-json\/wp\/v2\/tribe_events"}],"about":[{"href":"https:\/\/jfb-stiftung.de\/st-paulus-stift-neuoetting\/wp-json\/wp\/v2\/types\/tribe_events"}],"author":[{"embeddable":true,"href":"https:\/\/jfb-stiftung.de\/st-paulus-stift-neuoetting\/wp-json\/wp\/v2\/users\/19"}],"version-history":[{"count":0,"href":"https:\/\/jfb-stiftung.de\/st-paulus-stift-neuoetting\/wp-json\/wp\/v2\/tribe_events\/9567\/revisions"}],"wp:featuredmedia":[{"embeddable":true,"href":"https:\/\/jfb-stiftung.de\/st-paulus-stift-neuoetting\/wp-json\/wp\/v2\/media\/9571"}],"wp:attachment":[{"href":"https:\/\/jfb-stiftung.de\/st-paulus-stift-neuoetting\/wp-json\/wp\/v2\/media?parent=9567"}],"wp:term":[{"taxonomy":"post_tag","embeddable":true,"href":"https:\/\/jfb-stiftung.de\/st-paulus-stift-neuoetting\/wp-json\/wp\/v2\/tags?post=9567"},{"taxonomy":"tribe_events_cat","embeddable":true,"href":"https:\/\/jfb-stiftung.de\/st-paulus-stift-neuoetting\/wp-json\/wp\/v2\/tribe_events_cat?post=9567"}],"curies":[{"name":"wp","href":"https:\/\/api.w.org\/{rel}","templated":true}]}}