{"id":7717,"date":"2024-01-16T10:21:01","date_gmt":"2024-01-16T09:21:01","guid":{"rendered":"https:\/\/jfb-stiftung.de\/st-paulus-stift-neuoetting\/veranstaltung\/mordsgaudi-beim-oktoberfest\/"},"modified":"2024-01-23T11:28:12","modified_gmt":"2024-01-23T10:28:12","slug":"mordsgaudi-beim-oktoberfest","status":"publish","type":"tribe_events","link":"https:\/\/jfb-stiftung.de\/st-paulus-stift-neuoetting\/veranstaltung\/mordsgaudi-beim-oktoberfest\/","title":{"rendered":"Mordsgaudi beim Oktoberfest"},"content":{"rendered":"<p>Z\u00fcnftig und typisch bayrisch soll es beim diesj\u00e4hrigen Oktoberfest f\u00fcr alle Bewohnerinnen und Bewohner und nat\u00fcrlich auch alle Mitarbeiter*innen zugehen. Ganz entspannt soll das diesj\u00e4hrige Oktoberfest wie ein gem\u00fctliches Gartenfest ablaufen, bei dem sich alle einfach nur wohlf\u00fchlen. Selbstverst\u00e4ndlich ist f\u00fcr das leibliche Wohl bestens gesorgt und die musikalische Unterhaltung\u00a0 ist nat\u00fcrlich aus standesgem\u00e4\u00df f\u00fcr ein Oktoberfest. Um die Gem\u00fctlichkeit zu wahren, ist das Oktoberfest als internes Fest geplant.<\/p>\n","protected":false},"excerpt":{"rendered":"<p>Z\u00fcnftig und typisch bayrisch soll es beim diesj\u00e4hrigen Oktoberfest f\u00fcr alle Bewohnerinnen und Bewohner und nat\u00fcrlich auch alle Mitarbeiter*innen zugehen. Ganz entspannt soll das diesj\u00e4hrige Oktoberfest wie ein gem\u00fctliches Gartenfest \u2026<\/p>\n","protected":false},"author":2,"featured_media":7237,"template":"","meta":{"_acf_changed":false,"_tribe_events_status":"","_tribe_events_status_reason":"","footnotes":""},"tags":[],"tribe_events_cat":[35],"class_list":["post-7717","tribe_events","type-tribe_events","status-publish","has-post-thumbnail","hentry","tribe_events_cat-st-paulus-stift-neuoetting","cat_st-paulus-stift-neuoetting"],"acf":[],"publishpress_future_workflow_manual_trigger":{"enabledWorkflows":[]},"_links":{"self":[{"href":"https:\/\/jfb-stiftung.de\/st-paulus-stift-neuoetting\/wp-json\/wp\/v2\/tribe_events\/7717","targetHints":{"allow":["GET"]}}],"collection":[{"href":"https:\/\/jfb-stiftung.de\/st-paulus-stift-neuoetting\/wp-json\/wp\/v2\/tribe_events"}],"about":[{"href":"https:\/\/jfb-stiftung.de\/st-paulus-stift-neuoetting\/wp-json\/wp\/v2\/types\/tribe_events"}],"author":[{"embeddable":true,"href":"https:\/\/jfb-stiftung.de\/st-paulus-stift-neuoetting\/wp-json\/wp\/v2\/users\/2"}],"version-history":[{"count":0,"href":"https:\/\/jfb-stiftung.de\/st-paulus-stift-neuoetting\/wp-json\/wp\/v2\/tribe_events\/7717\/revisions"}],"wp:featuredmedia":[{"embeddable":true,"href":"https:\/\/jfb-stiftung.de\/st-paulus-stift-neuoetting\/wp-json\/wp\/v2\/media\/7237"}],"wp:attachment":[{"href":"https:\/\/jfb-stiftung.de\/st-paulus-stift-neuoetting\/wp-json\/wp\/v2\/media?parent=7717"}],"wp:term":[{"taxonomy":"post_tag","embeddable":true,"href":"https:\/\/jfb-stiftung.de\/st-paulus-stift-neuoetting\/wp-json\/wp\/v2\/tags?post=7717"},{"taxonomy":"tribe_events_cat","embeddable":true,"href":"https:\/\/jfb-stiftung.de\/st-paulus-stift-neuoetting\/wp-json\/wp\/v2\/tribe_events_cat?post=7717"}],"curies":[{"name":"wp","href":"https:\/\/api.w.org\/{rel}","templated":true}]}}