{"id":2088,"date":"2021-05-17T11:36:58","date_gmt":"2021-05-17T09:36:58","guid":{"rendered":"https:\/\/jfb-stiftung.de\/st-paulus-stift-neuoetting\/unsere-einrichtungen\/tagesfoerderstaette-copy\/"},"modified":"2025-07-02T16:23:21","modified_gmt":"2025-07-02T14:23:21","slug":"foerderstaette","status":"publish","type":"page","link":"https:\/\/jfb-stiftung.de\/st-paulus-stift-neuoetting\/unsere-einrichtungen\/foerderstaette\/","title":{"rendered":"F\u00f6rderst\u00e4tte"},"content":{"rendered":"\t\t<div data-elementor-type=\"wp-page\" data-elementor-id=\"2088\" class=\"elementor elementor-2088\" data-elementor-post-type=\"page\">\n\t\t\t\t\t\t<section class=\"elementor-section elementor-top-section elementor-element elementor-element-21c5efb1 elementor-section-full_width elementor-section-stretched elementor-section-height-default elementor-section-height-default\" data-id=\"21c5efb1\" data-element_type=\"section\" data-e-type=\"section\" data-settings=\"{&quot;stretch_section&quot;:&quot;section-stretched&quot;}\">\n\t\t\t\t\t\t<div class=\"elementor-container elementor-column-gap-no\">\n\t\t\t\t\t<div class=\"elementor-column elementor-col-100 elementor-top-column elementor-element elementor-element-55b0457\" data-id=\"55b0457\" data-element_type=\"column\" data-e-type=\"column\">\n\t\t\t<div class=\"elementor-widget-wrap elementor-element-populated\">\n\t\t\t\t\t\t<div class=\"elementor-element elementor-element-1d797a1a elementor--h-position-left elementor--v-position-bottom elementor-arrows-position-inside elementor-pagination-position-inside elementor-widget elementor-widget-slides\" data-id=\"1d797a1a\" data-element_type=\"widget\" data-e-type=\"widget\" data-settings=\"{&quot;autoplay_speed&quot;:&quot;10000&quot;,&quot;navigation&quot;:&quot;both&quot;,&quot;autoplay&quot;:&quot;yes&quot;,&quot;pause_on_hover&quot;:&quot;yes&quot;,&quot;pause_on_interaction&quot;:&quot;yes&quot;,&quot;infinite&quot;:&quot;yes&quot;,&quot;transition&quot;:&quot;slide&quot;,&quot;transition_speed&quot;:500}\" data-widget_type=\"slides.default\">\n\t\t\t\t\t\t\t\t\t\t<div class=\"elementor-slides-wrapper elementor-main-swiper swiper\" role=\"region\" aria-roledescription=\"carousel\" aria-label=\"Slider\" dir=\"ltr\" data-animation=\"fadeInLeft\">\n\t\t\t\t<div class=\"swiper-wrapper elementor-slides\">\n\t\t\t\t\t\t\t\t\t\t<div class=\"elementor-repeater-item-4c02bf4 swiper-slide\" role=\"group\" aria-roledescription=\"slide\"><div class=\"swiper-slide-bg\" role=\"img\" aria-label=\"Mann entspannt Fernglas\"><\/div><div class=\"swiper-slide-inner\" ><div class=\"swiper-slide-contents\"><\/div><\/div><\/div>\t\t\t\t<\/div>\n\t\t\t\t\t\t\t<\/div>\n\t\t\t\t\t\t\t\t<\/div>\n\t\t\t\t\t<\/div>\n\t\t<\/div>\n\t\t\t\t\t<\/div>\n\t\t<\/section>\n\t\t\t\t<section class=\"elementor-section elementor-top-section elementor-element elementor-element-22b35d9a elementor-section-stretched elementor-section-content-top container-main content-sidebars elementor-section-boxed elementor-section-height-default elementor-section-height-default\" data-id=\"22b35d9a\" data-element_type=\"section\" data-e-type=\"section\" data-settings=\"{&quot;background_background&quot;:&quot;classic&quot;,&quot;stretch_section&quot;:&quot;section-stretched&quot;}\">\n\t\t\t\t\t\t<div class=\"elementor-container elementor-column-gap-default\">\n\t\t\t\t\t<section class=\"elementor-column elementor-col-50 elementor-top-column elementor-element elementor-element-572b51bd\" data-id=\"572b51bd\" data-element_type=\"column\" data-e-type=\"column\">\n\t\t\t<div class=\"elementor-widget-wrap elementor-element-populated\">\n\t\t\t\t\t\t<div class=\"elementor-element elementor-element-19b5a78b elementor-widget elementor-widget-spacer\" data-id=\"19b5a78b\" data-element_type=\"widget\" data-e-type=\"widget\" data-widget_type=\"spacer.default\">\n\t\t\t\t\t\t\t<div class=\"elementor-spacer\">\n\t\t\t<div class=\"elementor-spacer-inner\"><\/div>\n\t\t<\/div>\n\t\t\t\t\t\t<\/div>\n\t\t\t\t<div class=\"elementor-element elementor-element-3b2d602d elementor-widget elementor-widget-wp-widget-xyz_insert_php_widget\" data-id=\"3b2d602d\" data-element_type=\"widget\" data-e-type=\"widget\" data-widget_type=\"wp-widget-xyz_insert_php_widget.default\">\n\t\t\t\t<div class=\"elementor-widget-container\">\n\t\t\t\t\t<h5> <\/h5><nav aria-label=\"breadcrumbs\" class=\"rank-math-breadcrumb\"><p><span class=\"last\">Startseite<\/span><\/p><\/nav>\t\t\t\t<\/div>\n\t\t\t\t<\/div>\n\t\t\t\t<div class=\"elementor-element elementor-element-4cbbe178 hyphenate elementor-widget elementor-widget-theme-post-title elementor-page-title elementor-widget-heading\" data-id=\"4cbbe178\" data-element_type=\"widget\" data-e-type=\"widget\" data-widget_type=\"theme-post-title.default\">\n\t\t\t\t\t<h1 class=\"elementor-heading-title elementor-size-default\">F\u00f6rderst\u00e4tte<\/h1>\t\t\t\t<\/div>\n\t\t\t\t<div class=\"elementor-element elementor-element-fb92332 elementor-widget elementor-widget-heading\" data-id=\"fb92332\" data-element_type=\"widget\" data-e-type=\"widget\" data-widget_type=\"heading.default\">\n\t\t\t\t\t<h5 class=\"elementor-heading-title elementor-size-default\">Den Alltag sinnvoll gestalten  - Sinnvolles Tun f\u00fcr mehr Selbstwertgef\u00fchl<\/h5>\t\t\t\t<\/div>\n\t\t\t\t<div class=\"elementor-element elementor-element-1bdeb5ae elementor-widget elementor-widget-text-editor\" data-id=\"1bdeb5ae\" data-element_type=\"widget\" data-e-type=\"widget\" data-widget_type=\"text-editor.default\">\n\t\t\t\t\t\t\t\t\t<p>Das Angebot der F\u00f6rderst\u00e4tte richtet sich an erwachsene Menschen mit geistiger Behinderung, die aus individuellen Gr\u00fcnden nicht oder noch nicht die Anforderung einer Werkstatt f\u00fcr Menschen mit Behinderung (WfbM) erf\u00fcllen und eine intensive Begleitung ben\u00f6tigen. So wie Erwachsene in der Regel einen Arbeitsplatz haben, bietet die F\u00f6rderst\u00e4tte Menschen mit geistiger Behinderung und\/oder Mehrfachbehinderung im Rahmen der sozialen und beruflichen Rehabilitation einen Arbeit- Besch\u00e4ftigungsort an.<\/p><p>Die Gruppen der F\u00f6rderst\u00e4tte im St. Paulus Stift Neu\u00f6tting sind in barrierefreier Bauweise errichtet. Jede Gruppe verf\u00fcgt \u00fcber einen Gruppenraum mit angegliedertem Ruhebereich. Des Weiteren bietet die F\u00f6rderst\u00e4tte eine Vielzahl von gruppen\u00fcbergreifenden Funktionsr\u00e4umen an u.a. einen Musikraum, eine Kreativwerkstatt, einen Gymnastikraum, zwei Snoezelenr\u00e4ume, sowie ein Wasserklangbettraum. Ein fu\u00dfl\u00e4ufiger Park mit Sitzger\u00e4ten und Gro\u00dfspielger\u00e4te sowie ein Tiergehege runden das Angebot ab.<\/p>\t\t\t\t\t\t\t\t<\/div>\n\t\t\t\t<div class=\"elementor-element elementor-element-b498e38 elementor-widget elementor-widget-spacer\" data-id=\"b498e38\" data-element_type=\"widget\" data-e-type=\"widget\" data-widget_type=\"spacer.default\">\n\t\t\t\t\t\t\t<div class=\"elementor-spacer\">\n\t\t\t<div class=\"elementor-spacer-inner\"><\/div>\n\t\t<\/div>\n\t\t\t\t\t\t<\/div>\n\t\t\t\t<div class=\"elementor-element elementor-element-6a4ebd1f elementor-widget elementor-widget-spacer\" data-id=\"6a4ebd1f\" data-element_type=\"widget\" data-e-type=\"widget\" data-widget_type=\"spacer.default\">\n\t\t\t\t\t\t\t<div class=\"elementor-spacer\">\n\t\t\t<div class=\"elementor-spacer-inner\"><\/div>\n\t\t<\/div>\n\t\t\t\t\t\t<\/div>\n\t\t\t\t\t<\/div>\n\t\t<\/section>\n\t\t\t\t<aside class=\"elementor-column elementor-col-50 elementor-top-column elementor-element elementor-element-1bd4c93a sidebar\" data-id=\"1bd4c93a\" data-element_type=\"column\" data-e-type=\"column\">\n\t\t\t<div class=\"elementor-widget-wrap elementor-element-populated\">\n\t\t\t\t\t\t<div class=\"elementor-element elementor-element-5967e31e elementor-widget elementor-widget-spacer\" data-id=\"5967e31e\" data-element_type=\"widget\" data-e-type=\"widget\" data-widget_type=\"spacer.default\">\n\t\t\t\t\t\t\t<div class=\"elementor-spacer\">\n\t\t\t<div class=\"elementor-spacer-inner\"><\/div>\n\t\t<\/div>\n\t\t\t\t\t\t<\/div>\n\t\t\t\t<div class=\"elementor-element elementor-element-17d7d206 hyphenate elementor-widget elementor-widget-heading\" data-id=\"17d7d206\" data-element_type=\"widget\" data-e-type=\"widget\" data-widget_type=\"heading.default\">\n\t\t\t\t\t<h4 class=\"elementor-heading-title elementor-size-default\">Kontakt<\/h4>\t\t\t\t<\/div>\n\t\t\t\t<div class=\"elementor-element elementor-element-e2e3ebd elementor-widget elementor-widget-image\" data-id=\"e2e3ebd\" data-element_type=\"widget\" data-e-type=\"widget\" data-widget_type=\"image.default\">\n\t\t\t\t\t\t\t\t\t\t\t\t\t\t\t<img fetchpriority=\"high\" decoding=\"async\" width=\"500\" height=\"500\" src=\"https:\/\/jfb-stiftung.de\/st-paulus-stift-neuoetting\/wp-content\/uploads\/sites\/9\/2025\/07\/stefan-rosenberger_neu2-500x500.jpg\" class=\"attachment-thumbnail size-thumbnail wp-image-10453\" alt=\"\">\t\t\t\t\t\t\t\t\t\t\t\t\t\t\t<\/div>\n\t\t\t\t<div class=\"elementor-element elementor-element-3f0c8d84 elementor-widget elementor-widget-text-editor\" data-id=\"3f0c8d84\" data-element_type=\"widget\" data-e-type=\"widget\" data-widget_type=\"text-editor.default\">\n\t\t\t\t\t\t\t\t\t<p><strong>Herr Stefan Rosenberger<br \/><\/strong>Bereichsleitung F\u00f6rderst\u00e4tte\/Tagesst\u00e4tte<strong><br \/><\/strong><\/p>\t\t\t\t\t\t\t\t<\/div>\n\t\t\t\t<div class=\"elementor-element elementor-element-9ebc686 elementor-widget elementor-widget-text-editor\" data-id=\"9ebc686\" data-element_type=\"widget\" data-e-type=\"widget\" data-widget_type=\"text-editor.default\">\n\t\t\t\t\t\t\t\t\t<p>Burghauser Stra\u00dfe 10<br \/>D-84524 Neu\u00f6tting<br \/>Telefon: <a href=\"tel:+49 86717006212\">+49 (0) 8671 7006-212<\/a><br \/>E-Mail:<a href=\"mailto:Stefan.Rosenberger@jfb-stiftung.de\"> Stefan.Rosenberger@jfb-stiftung.de<\/a><\/p>\t\t\t\t\t\t\t\t<\/div>\n\t\t\t\t\t<\/div>\n\t\t<\/aside>\n\t\t\t\t\t<\/div>\n\t\t<\/section>\n\t\t\t\t<section class=\"elementor-section elementor-top-section elementor-element elementor-element-adcc780 elementor-section-stretched elementor-section-content-top container-main  elementor-section-boxed elementor-section-height-default elementor-section-height-default\" data-id=\"adcc780\" data-element_type=\"section\" data-e-type=\"section\" data-settings=\"{&quot;background_background&quot;:&quot;classic&quot;,&quot;stretch_section&quot;:&quot;section-stretched&quot;}\">\n\t\t\t\t\t\t<div class=\"elementor-container elementor-column-gap-default\">\n\t\t\t\t\t<section class=\"elementor-column elementor-col-100 elementor-top-column elementor-element elementor-element-1265b20d\" data-id=\"1265b20d\" data-element_type=\"column\" data-e-type=\"column\">\n\t\t\t<div class=\"elementor-widget-wrap elementor-element-populated\">\n\t\t\t\t\t\t<div class=\"elementor-element elementor-element-7988b33a elementor-widget elementor-widget-heading\" data-id=\"7988b33a\" data-element_type=\"widget\" data-e-type=\"widget\" data-widget_type=\"heading.default\">\n\t\t\t\t\t<h2 class=\"elementor-heading-title elementor-size-default\">Mit Spa\u00df bei der Arbeit<\/h2>\t\t\t\t<\/div>\n\t\t\t\t<div class=\"elementor-element elementor-element-19924aa5 elementor-arrows-position-inside elementor-pagination-position-outside elementor-widget elementor-widget-image-carousel\" data-id=\"19924aa5\" data-element_type=\"widget\" data-e-type=\"widget\" data-settings=\"{&quot;autoplay_speed&quot;:10000,&quot;navigation&quot;:&quot;both&quot;,&quot;autoplay&quot;:&quot;yes&quot;,&quot;pause_on_hover&quot;:&quot;yes&quot;,&quot;pause_on_interaction&quot;:&quot;yes&quot;,&quot;infinite&quot;:&quot;yes&quot;,&quot;speed&quot;:500,&quot;image_spacing_custom&quot;:{&quot;unit&quot;:&quot;px&quot;,&quot;size&quot;:20,&quot;sizes&quot;:[]},&quot;image_spacing_custom_tablet&quot;:{&quot;unit&quot;:&quot;px&quot;,&quot;size&quot;:&quot;&quot;,&quot;sizes&quot;:[]},&quot;image_spacing_custom_mobile&quot;:{&quot;unit&quot;:&quot;px&quot;,&quot;size&quot;:&quot;&quot;,&quot;sizes&quot;:[]}}\" data-widget_type=\"image-carousel.default\">\n\t\t\t\t\t\t\t<div class=\"elementor-image-carousel-wrapper swiper\" role=\"region\" aria-roledescription=\"carousel\" aria-label=\"Bild Karussell\" dir=\"ltr\">\n\t\t\t<div class=\"elementor-image-carousel swiper-wrapper swiper-image-stretch\" aria-live=\"off\">\n\t\t\t\t\t\t\t\t<div class=\"swiper-slide\" role=\"group\" aria-roledescription=\"slide\" aria-label=\"1 von 9\"><a data-elementor-open-lightbox=\"yes\" data-elementor-lightbox-slideshow=\"19924aa5\" data-elementor-lightbox-title=\"230505 St. Paulus Stift (web 1920px) (5)\" data-e-action-hash=\"#elementor-action%3Aaction%3Dlightbox%26settings%3DeyJpZCI6NjU5NCwidXJsIjoiaHR0cHM6XC9cL2pmYi1zdGlmdHVuZy5kZVwvc3QtcGF1bHVzLXN0aWZ0LW5ldW9ldHRpbmdcL3dwLWNvbnRlbnRcL3VwbG9hZHNcL3NpdGVzXC85XC8yMDIzXC8wNVwvMjMwNTA1LVN0Li1QYXVsdXMtU3RpZnQtd2ViLTE5MjBweC01LWUxNjk4NjQ4ODIxNjk0LmpwZyIsInNsaWRlc2hvdyI6IjE5OTI0YWE1In0%3D\" href=\"https:\/\/jfb-stiftung.de\/st-paulus-stift-neuoetting\/wp-content\/uploads\/sites\/9\/2023\/05\/230505-St.-Paulus-Stift-web-1920px-5-e1698648821694.jpg\"><figure class=\"swiper-slide-inner\"><img decoding=\"async\" class=\"swiper-slide-image\" src=\"https:\/\/jfb-stiftung.de\/st-paulus-stift-neuoetting\/wp-content\/uploads\/sites\/9\/2023\/05\/230505-St.-Paulus-Stift-web-1920px-5-e1698648821694-500x500.jpg\" alt=\"230505 St. Paulus Stift (web 1920px) (5)\" \/><\/figure><\/a><\/div><div class=\"swiper-slide\" role=\"group\" aria-roledescription=\"slide\" aria-label=\"2 von 9\"><a data-elementor-open-lightbox=\"yes\" data-elementor-lightbox-slideshow=\"19924aa5\" data-elementor-lightbox-title=\"230505 St. Paulus Stift (web 1920px) (16)\" data-e-action-hash=\"#elementor-action%3Aaction%3Dlightbox%26settings%3DeyJpZCI6NjU5OSwidXJsIjoiaHR0cHM6XC9cL2pmYi1zdGlmdHVuZy5kZVwvc3QtcGF1bHVzLXN0aWZ0LW5ldW9ldHRpbmdcL3dwLWNvbnRlbnRcL3VwbG9hZHNcL3NpdGVzXC85XC8yMDIzXC8wNVwvMjMwNTA1LVN0Li1QYXVsdXMtU3RpZnQtd2ViLTE5MjBweC0xNi1lMTY4NDc1MjI1MDM0Mi5qcGciLCJzbGlkZXNob3ciOiIxOTkyNGFhNSJ9\" href=\"https:\/\/jfb-stiftung.de\/st-paulus-stift-neuoetting\/wp-content\/uploads\/sites\/9\/2023\/05\/230505-St.-Paulus-Stift-web-1920px-16-e1684752250342.jpg\"><figure class=\"swiper-slide-inner\"><img decoding=\"async\" class=\"swiper-slide-image\" src=\"https:\/\/jfb-stiftung.de\/st-paulus-stift-neuoetting\/wp-content\/uploads\/sites\/9\/2023\/05\/230505-St.-Paulus-Stift-web-1920px-16-e1684752250342-500x500.jpg\" alt=\"230505 St. Paulus Stift (web 1920px) (16)\" \/><\/figure><\/a><\/div><div class=\"swiper-slide\" role=\"group\" aria-roledescription=\"slide\" aria-label=\"3 von 9\"><a data-elementor-open-lightbox=\"yes\" data-elementor-lightbox-slideshow=\"19924aa5\" data-elementor-lightbox-title=\"binary comment\" data-e-action-hash=\"#elementor-action%3Aaction%3Dlightbox%26settings%3DeyJpZCI6MzU2NSwidXJsIjoiaHR0cHM6XC9cL2pmYi1zdGlmdHVuZy5kZVwvc3QtcGF1bHVzLXN0aWZ0LW5ldW9ldHRpbmdcL3dwLWNvbnRlbnRcL3VwbG9hZHNcL3NpdGVzXC85XC8yMDIxXC8wN1wvUmFkbHdlcmtzdGF0dC1GT2VTX1N0YW5kYmlsZF9OT2UuanBnIiwic2xpZGVzaG93IjoiMTk5MjRhYTUifQ%3D%3D\" href=\"https:\/\/jfb-stiftung.de\/st-paulus-stift-neuoetting\/wp-content\/uploads\/sites\/9\/2021\/07\/Radlwerkstatt-FOeS_Standbild_NOe.jpg\"><figure class=\"swiper-slide-inner\"><img decoding=\"async\" class=\"swiper-slide-image\" src=\"https:\/\/jfb-stiftung.de\/st-paulus-stift-neuoetting\/wp-content\/uploads\/sites\/9\/2021\/07\/Radlwerkstatt-FOeS_Standbild_NOe-500x500.jpg\" alt=\"binary comment\" \/><\/figure><\/a><\/div><div class=\"swiper-slide\" role=\"group\" aria-roledescription=\"slide\" aria-label=\"4 von 9\"><a data-elementor-open-lightbox=\"yes\" data-elementor-lightbox-slideshow=\"19924aa5\" data-elementor-lightbox-title=\"F\u00d6_N\u00d6-HP_Standbild\" data-e-action-hash=\"#elementor-action%3Aaction%3Dlightbox%26settings%3DeyJpZCI6MzAxNSwidXJsIjoiaHR0cHM6XC9cL2pmYi1zdGlmdHVuZy5kZVwvc3QtcGF1bHVzLXN0aWZ0LW5ldW9ldHRpbmdcL3dwLWNvbnRlbnRcL3VwbG9hZHNcL3NpdGVzXC85XC8yMDIxXC8wNlwvRk9lX05PZS1IUF9TdGFuZGJpbGQuanBnIiwic2xpZGVzaG93IjoiMTk5MjRhYTUifQ%3D%3D\" href=\"https:\/\/jfb-stiftung.de\/st-paulus-stift-neuoetting\/wp-content\/uploads\/sites\/9\/2021\/06\/FOe_NOe-HP_Standbild.jpg\"><figure class=\"swiper-slide-inner\"><img decoding=\"async\" class=\"swiper-slide-image\" src=\"https:\/\/jfb-stiftung.de\/st-paulus-stift-neuoetting\/wp-content\/uploads\/sites\/9\/2021\/06\/FOe_NOe-HP_Standbild-500x500.jpg\" alt=\"F\u00d6_N\u00d6-HP_Standbild\" \/><\/figure><\/a><\/div><div class=\"swiper-slide\" role=\"group\" aria-roledescription=\"slide\" aria-label=\"5 von 9\"><a data-elementor-open-lightbox=\"yes\" data-elementor-lightbox-slideshow=\"19924aa5\" data-elementor-lightbox-title=\"F\u00f6rderst\u00e4tte_Geburtstag_Standbild mit Logo\" data-e-action-hash=\"#elementor-action%3Aaction%3Dlightbox%26settings%3DeyJpZCI6MzU1NywidXJsIjoiaHR0cHM6XC9cL2pmYi1zdGlmdHVuZy5kZVwvc3QtcGF1bHVzLXN0aWZ0LW5ldW9ldHRpbmdcL3dwLWNvbnRlbnRcL3VwbG9hZHNcL3NpdGVzXC85XC8yMDIxXC8wN1wvRm9lcmRlcnN0YWV0dGVfR2VidXJ0c3RhZ19TdGFuZGJpbGQtbWl0LUxvZ28uanBnIiwic2xpZGVzaG93IjoiMTk5MjRhYTUifQ%3D%3D\" href=\"https:\/\/jfb-stiftung.de\/st-paulus-stift-neuoetting\/wp-content\/uploads\/sites\/9\/2021\/07\/Foerderstaette_Geburtstag_Standbild-mit-Logo.jpg\"><figure class=\"swiper-slide-inner\"><img decoding=\"async\" class=\"swiper-slide-image\" src=\"https:\/\/jfb-stiftung.de\/st-paulus-stift-neuoetting\/wp-content\/uploads\/sites\/9\/2021\/07\/Foerderstaette_Geburtstag_Standbild-mit-Logo-500x500.jpg\" alt=\"F\u00f6rderst\u00e4tte_Geburtstag_Standbild mit Logo\" \/><\/figure><\/a><\/div><div class=\"swiper-slide\" role=\"group\" aria-roledescription=\"slide\" aria-label=\"6 von 9\"><a data-elementor-open-lightbox=\"yes\" data-elementor-lightbox-slideshow=\"19924aa5\" data-elementor-lightbox-title=\"charset=Ascii\" data-e-action-hash=\"#elementor-action%3Aaction%3Dlightbox%26settings%3DeyJpZCI6MzczNiwidXJsIjoiaHR0cHM6XC9cL2pmYi1zdGlmdHVuZy5kZVwvc3QtcGF1bHVzLXN0aWZ0LW5ldW9ldHRpbmdcL3dwLWNvbnRlbnRcL3VwbG9hZHNcL3NpdGVzXC85XC8yMDIxXC8wN1wvU25vZXplbG5yYXVtLTJfTk9lLVN0YW5kYmlsZC5qcGciLCJzbGlkZXNob3ciOiIxOTkyNGFhNSJ9\" href=\"https:\/\/jfb-stiftung.de\/st-paulus-stift-neuoetting\/wp-content\/uploads\/sites\/9\/2021\/07\/Snoezelnraum-2_NOe-Standbild.jpg\"><figure class=\"swiper-slide-inner\"><img decoding=\"async\" class=\"swiper-slide-image\" src=\"https:\/\/jfb-stiftung.de\/st-paulus-stift-neuoetting\/wp-content\/uploads\/sites\/9\/2021\/07\/Snoezelnraum-2_NOe-Standbild-500x500.jpg\" alt=\"charset=Ascii\" \/><\/figure><\/a><\/div><div class=\"swiper-slide\" role=\"group\" aria-roledescription=\"slide\" aria-label=\"7 von 9\"><a data-elementor-open-lightbox=\"yes\" data-elementor-lightbox-slideshow=\"19924aa5\" data-elementor-lightbox-title=\"binary comment\" data-e-action-hash=\"#elementor-action%3Aaction%3Dlightbox%26settings%3DeyJpZCI6MzU2NCwidXJsIjoiaHR0cHM6XC9cL2pmYi1zdGlmdHVuZy5kZVwvc3QtcGF1bHVzLXN0aWZ0LW5ldW9ldHRpbmdcL3dwLWNvbnRlbnRcL3VwbG9hZHNcL3NpdGVzXC85XC8yMDIxXC8wN1wvTWFubl9Gb2VyZGVyc3RhZXR0ZV9OT2UtU3RhbmRiaWxkLW1pdC1Mb2dvLmpwZyIsInNsaWRlc2hvdyI6IjE5OTI0YWE1In0%3D\" href=\"https:\/\/jfb-stiftung.de\/st-paulus-stift-neuoetting\/wp-content\/uploads\/sites\/9\/2021\/07\/Mann_Foerderstaette_NOe-Standbild-mit-Logo.jpg\"><figure class=\"swiper-slide-inner\"><img decoding=\"async\" class=\"swiper-slide-image\" src=\"https:\/\/jfb-stiftung.de\/st-paulus-stift-neuoetting\/wp-content\/uploads\/sites\/9\/2021\/07\/Mann_Foerderstaette_NOe-Standbild-mit-Logo-500x500.jpg\" alt=\"binary comment\" \/><\/figure><\/a><\/div><div class=\"swiper-slide\" role=\"group\" aria-roledescription=\"slide\" aria-label=\"8 von 9\"><a data-elementor-open-lightbox=\"yes\" data-elementor-lightbox-slideshow=\"19924aa5\" data-elementor-lightbox-title=\"charset=Ascii\" data-e-action-hash=\"#elementor-action%3Aaction%3Dlightbox%26settings%3DeyJpZCI6MzcyNiwidXJsIjoiaHR0cHM6XC9cL2pmYi1zdGlmdHVuZy5kZVwvc3QtcGF1bHVzLXN0aWZ0LW5ldW9ldHRpbmdcL3dwLWNvbnRlbnRcL3VwbG9hZHNcL3NpdGVzXC85XC8yMDIxXC8wN1wvYmVtYWx0ZXMtTGVpbnR1Y2hfR2FydGVuX1BCSC1OT2UtU3RhbmRiaWxkLmpwZyIsInNsaWRlc2hvdyI6IjE5OTI0YWE1In0%3D\" href=\"https:\/\/jfb-stiftung.de\/st-paulus-stift-neuoetting\/wp-content\/uploads\/sites\/9\/2021\/07\/bemaltes-Leintuch_Garten_PBH-NOe-Standbild.jpg\"><figure class=\"swiper-slide-inner\"><img decoding=\"async\" class=\"swiper-slide-image\" src=\"https:\/\/jfb-stiftung.de\/st-paulus-stift-neuoetting\/wp-content\/uploads\/sites\/9\/2021\/07\/bemaltes-Leintuch_Garten_PBH-NOe-Standbild-500x500.jpg\" alt=\"charset=Ascii\" \/><\/figure><\/a><\/div><div class=\"swiper-slide\" role=\"group\" aria-roledescription=\"slide\" aria-label=\"9 von 9\"><a data-elementor-open-lightbox=\"yes\" data-elementor-lightbox-slideshow=\"19924aa5\" data-elementor-lightbox-title=\"Pferd-N\u00d6_Standbild\" data-e-action-hash=\"#elementor-action%3Aaction%3Dlightbox%26settings%3DeyJpZCI6MzQ4MCwidXJsIjoiaHR0cHM6XC9cL2pmYi1zdGlmdHVuZy5kZVwvc3QtcGF1bHVzLXN0aWZ0LW5ldW9ldHRpbmdcL3dwLWNvbnRlbnRcL3VwbG9hZHNcL3NpdGVzXC85XC8yMDIxXC8wN1wvUGZlcmQtTk9lX1N0YW5kYmlsZC5qcGciLCJzbGlkZXNob3ciOiIxOTkyNGFhNSJ9\" href=\"https:\/\/jfb-stiftung.de\/st-paulus-stift-neuoetting\/wp-content\/uploads\/sites\/9\/2021\/07\/Pferd-NOe_Standbild.jpg\"><figure class=\"swiper-slide-inner\"><img decoding=\"async\" class=\"swiper-slide-image\" src=\"https:\/\/jfb-stiftung.de\/st-paulus-stift-neuoetting\/wp-content\/uploads\/sites\/9\/2021\/07\/Pferd-NOe_Standbild-500x500.jpg\" alt=\"Pferd-N\u00d6_Standbild\" \/><\/figure><\/a><\/div>\t\t\t<\/div>\n\t\t\t\t\t\t\t\t\t\t\t\t<div class=\"elementor-swiper-button elementor-swiper-button-prev\" role=\"button\" tabindex=\"0\">\n\t\t\t\t\t\t<svg aria-hidden=\"true\" class=\"e-font-icon-svg e-eicon-chevron-left\" viewBox=\"0 0 1000 1000\" xmlns=\"http:\/\/www.w3.org\/2000\/svg\"><path d=\"M646 125C629 125 613 133 604 142L308 442C296 454 292 471 292 487 292 504 296 521 308 533L604 854C617 867 629 875 646 875 663 875 679 871 692 858 704 846 713 829 713 812 713 796 708 779 692 767L438 487 692 225C700 217 708 204 708 187 708 171 704 154 692 142 675 129 663 125 646 125Z\"><\/path><\/svg>\t\t\t\t\t<\/div>\n\t\t\t\t\t<div class=\"elementor-swiper-button elementor-swiper-button-next\" role=\"button\" tabindex=\"0\">\n\t\t\t\t\t\t<svg aria-hidden=\"true\" class=\"e-font-icon-svg e-eicon-chevron-right\" viewBox=\"0 0 1000 1000\" xmlns=\"http:\/\/www.w3.org\/2000\/svg\"><path d=\"M696 533C708 521 713 504 713 487 713 471 708 454 696 446L400 146C388 133 375 125 354 125 338 125 325 129 313 142 300 154 292 171 292 187 292 204 296 221 308 233L563 492 304 771C292 783 288 800 288 817 288 833 296 850 308 863 321 871 338 875 354 875 371 875 388 867 400 854L696 533Z\"><\/path><\/svg>\t\t\t\t\t<\/div>\n\t\t\t\t\n\t\t\t\t\t\t\t\t\t<div class=\"swiper-pagination\"><\/div>\n\t\t\t\t\t\t\t\t\t<\/div>\n\t\t\t\t\t\t<\/div>\n\t\t\t\t\t<\/div>\n\t\t<\/section>\n\t\t\t\t\t<\/div>\n\t\t<\/section>\n\t\t\t\t<\/div>\n\t\t","protected":false},"excerpt":{"rendered":"<p>Den Alltag sinnvoll gestalten &#8211; Sinnvolles Tun f\u00fcr mehr Selbstwertgef\u00fchl Das Angebot der F\u00f6rderst\u00e4tte richtet sich an erwachsene Menschen mit geistiger Behinderung, die aus individuellen Gr\u00fcnden nicht oder noch nicht \u2026<\/p>\n","protected":false},"author":1,"featured_media":0,"parent":32,"menu_order":80,"comment_status":"closed","ping_status":"closed","template":"","meta":{"_acf_changed":false,"footnotes":""},"class_list":["post-2088","page","type-page","status-publish","hentry"],"acf":[],"publishpress_future_action":{"enabled":false,"date":"2026-05-08 11:19:18","action":"change-status","newStatus":"draft","terms":[],"taxonomy":"","extraData":[]},"publishpress_future_workflow_manual_trigger":{"enabledWorkflows":[]},"_links":{"self":[{"href":"https:\/\/jfb-stiftung.de\/st-paulus-stift-neuoetting\/wp-json\/wp\/v2\/pages\/2088","targetHints":{"allow":["GET"]}}],"collection":[{"href":"https:\/\/jfb-stiftung.de\/st-paulus-stift-neuoetting\/wp-json\/wp\/v2\/pages"}],"about":[{"href":"https:\/\/jfb-stiftung.de\/st-paulus-stift-neuoetting\/wp-json\/wp\/v2\/types\/page"}],"author":[{"embeddable":true,"href":"https:\/\/jfb-stiftung.de\/st-paulus-stift-neuoetting\/wp-json\/wp\/v2\/users\/1"}],"replies":[{"embeddable":true,"href":"https:\/\/jfb-stiftung.de\/st-paulus-stift-neuoetting\/wp-json\/wp\/v2\/comments?post=2088"}],"version-history":[{"count":6,"href":"https:\/\/jfb-stiftung.de\/st-paulus-stift-neuoetting\/wp-json\/wp\/v2\/pages\/2088\/revisions"}],"predecessor-version":[{"id":10459,"href":"https:\/\/jfb-stiftung.de\/st-paulus-stift-neuoetting\/wp-json\/wp\/v2\/pages\/2088\/revisions\/10459"}],"up":[{"embeddable":true,"href":"https:\/\/jfb-stiftung.de\/st-paulus-stift-neuoetting\/wp-json\/wp\/v2\/pages\/32"}],"wp:attachment":[{"href":"https:\/\/jfb-stiftung.de\/st-paulus-stift-neuoetting\/wp-json\/wp\/v2\/media?parent=2088"}],"curies":[{"name":"wp","href":"https:\/\/api.w.org\/{rel}","templated":true}]}}