{"id":1975,"date":"2021-05-14T11:29:26","date_gmt":"2021-05-14T09:29:26","guid":{"rendered":"https:\/\/jfb-stiftung.de\/st-paulus-stift-neuoetting\/?page_id=1975"},"modified":"2023-05-22T08:04:41","modified_gmt":"2023-05-22T06:04:41","slug":"leistungen","status":"publish","type":"page","link":"https:\/\/jfb-stiftung.de\/st-paulus-stift-neuoetting\/leistungen\/","title":{"rendered":"Leistungen"},"content":{"rendered":"\t\t<div data-elementor-type=\"wp-page\" data-elementor-id=\"1975\" class=\"elementor elementor-1975\" data-elementor-post-type=\"page\">\n\t\t\t\t\t\t<section class=\"elementor-section elementor-top-section elementor-element elementor-element-4db89572 elementor-section-full_width elementor-section-stretched elementor-section-height-default elementor-section-height-default\" data-id=\"4db89572\" data-element_type=\"section\" data-e-type=\"section\" data-settings=\"{&quot;stretch_section&quot;:&quot;section-stretched&quot;}\">\n\t\t\t\t\t\t<div class=\"elementor-container elementor-column-gap-no\">\n\t\t\t\t\t<div class=\"elementor-column elementor-col-100 elementor-top-column elementor-element elementor-element-243f6072\" data-id=\"243f6072\" data-element_type=\"column\" data-e-type=\"column\">\n\t\t\t<div class=\"elementor-widget-wrap elementor-element-populated\">\n\t\t\t\t\t\t<div class=\"elementor-element elementor-element-4a74d74b elementor--h-position-left elementor--v-position-bottom elementor-arrows-position-inside elementor-pagination-position-inside elementor-widget elementor-widget-slides\" data-id=\"4a74d74b\" data-element_type=\"widget\" data-e-type=\"widget\" data-settings=\"{&quot;autoplay_speed&quot;:&quot;10000&quot;,&quot;navigation&quot;:&quot;both&quot;,&quot;autoplay&quot;:&quot;yes&quot;,&quot;pause_on_hover&quot;:&quot;yes&quot;,&quot;pause_on_interaction&quot;:&quot;yes&quot;,&quot;infinite&quot;:&quot;yes&quot;,&quot;transition&quot;:&quot;slide&quot;,&quot;transition_speed&quot;:500}\" data-widget_type=\"slides.default\">\n\t\t\t\t\t\t\t\t\t\t<div class=\"elementor-slides-wrapper elementor-main-swiper swiper\" role=\"region\" aria-roledescription=\"carousel\" aria-label=\"Slider\" dir=\"ltr\" data-animation=\"fadeInLeft\">\n\t\t\t\t<div class=\"swiper-wrapper elementor-slides\">\n\t\t\t\t\t\t\t\t\t\t<div class=\"elementor-repeater-item-4c02bf4 swiper-slide\" role=\"group\" aria-roledescription=\"slide\"><div class=\"swiper-slide-bg\" role=\"img\" aria-label=\"Duo Jubel Kickerspiel\"><\/div><div class=\"swiper-slide-inner\" ><div class=\"swiper-slide-contents\"><\/div><\/div><\/div>\t\t\t\t<\/div>\n\t\t\t\t\t\t\t<\/div>\n\t\t\t\t\t\t\t\t<\/div>\n\t\t\t\t\t<\/div>\n\t\t<\/div>\n\t\t\t\t\t<\/div>\n\t\t<\/section>\n\t\t\t\t<section class=\"elementor-section elementor-top-section elementor-element elementor-element-24108495 elementor-section-stretched elementor-section-content-top container-main content-sidebars elementor-section-boxed elementor-section-height-default elementor-section-height-default\" data-id=\"24108495\" data-element_type=\"section\" data-e-type=\"section\" data-settings=\"{&quot;background_background&quot;:&quot;classic&quot;,&quot;stretch_section&quot;:&quot;section-stretched&quot;}\">\n\t\t\t\t\t\t<div class=\"elementor-container elementor-column-gap-default\">\n\t\t\t\t\t<section class=\"elementor-column elementor-col-100 elementor-top-column elementor-element elementor-element-54a1a21b\" data-id=\"54a1a21b\" data-element_type=\"column\" data-e-type=\"column\">\n\t\t\t<div class=\"elementor-widget-wrap elementor-element-populated\">\n\t\t\t\t\t\t<div class=\"elementor-element elementor-element-7da46795 elementor-widget elementor-widget-spacer\" data-id=\"7da46795\" data-element_type=\"widget\" data-e-type=\"widget\" data-widget_type=\"spacer.default\">\n\t\t\t\t\t\t\t<div class=\"elementor-spacer\">\n\t\t\t<div class=\"elementor-spacer-inner\"><\/div>\n\t\t<\/div>\n\t\t\t\t\t\t<\/div>\n\t\t\t\t<div class=\"elementor-element elementor-element-4b123a2b elementor-widget elementor-widget-wp-widget-xyz_insert_php_widget\" data-id=\"4b123a2b\" data-element_type=\"widget\" data-e-type=\"widget\" data-widget_type=\"wp-widget-xyz_insert_php_widget.default\">\n\t\t\t\t<div class=\"elementor-widget-container\">\n\t\t\t\t\t<h5> <\/h5><nav aria-label=\"breadcrumbs\" class=\"rank-math-breadcrumb\"><p><span class=\"last\">Startseite<\/span><\/p><\/nav>\t\t\t\t<\/div>\n\t\t\t\t<\/div>\n\t\t\t\t<div class=\"elementor-element elementor-element-19002d8e hyphenate elementor-widget elementor-widget-theme-post-title elementor-page-title elementor-widget-heading\" data-id=\"19002d8e\" data-element_type=\"widget\" data-e-type=\"widget\" data-widget_type=\"theme-post-title.default\">\n\t\t\t\t\t<h1 class=\"elementor-heading-title elementor-size-default\">Leistungen<\/h1>\t\t\t\t<\/div>\n\t\t\t\t<div class=\"elementor-element elementor-element-7ee75ff elementor-widget elementor-widget-heading\" data-id=\"7ee75ff\" data-element_type=\"widget\" data-e-type=\"widget\" data-widget_type=\"heading.default\">\n\t\t\t\t\t<h3 class=\"elementor-heading-title elementor-size-default\">Sie suchen ein neues Zuhause? <\/h3>\t\t\t\t<\/div>\n\t\t\t\t<section class=\"elementor-section elementor-inner-section elementor-element elementor-element-5d55227 elementor-section-boxed elementor-section-height-default elementor-section-height-default\" data-id=\"5d55227\" data-element_type=\"section\" data-e-type=\"section\">\n\t\t\t\t\t\t<div class=\"elementor-container elementor-column-gap-wide\">\n\t\t\t\t\t<div class=\"elementor-column elementor-col-50 elementor-inner-column elementor-element elementor-element-e67d4a6\" data-id=\"e67d4a6\" data-element_type=\"column\" data-e-type=\"column\">\n\t\t\t<div class=\"elementor-widget-wrap elementor-element-populated\">\n\t\t\t\t\t\t<div class=\"elementor-element elementor-element-baaf458 elementor-widget elementor-widget-heading\" data-id=\"baaf458\" data-element_type=\"widget\" data-e-type=\"widget\" data-widget_type=\"heading.default\">\n\t\t\t\t\t<h5 class=\"elementor-heading-title elementor-size-default\">Hier finden Sie einen Platz zum Leben &amp; Wohlf\u00fchlen<\/h5>\t\t\t\t<\/div>\n\t\t\t\t<div class=\"elementor-element elementor-element-ecb756b elementor-widget elementor-widget-text-editor\" data-id=\"ecb756b\" data-element_type=\"widget\" data-e-type=\"widget\" data-widget_type=\"text-editor.default\">\n\t\t\t\t\t\t\t\t\t<p>Das St. Paulus Stift Neu\u00f6tting bietet Wohn- und F\u00f6rderangebote f\u00fcr Menschen mit geistiger und Mehrfachbehinderung. Die hauseigene F\u00f6rderst\u00e4tte und au\u00dferh\u00e4usliche Tagesstruktureinrichtungen erg\u00e4nzen das Wohnangebot. Des Weiteren bieten wir eine Wohn- und Besch\u00e4ftigungseinrichtung f\u00fcr Menschen mit seelischer Beeintr\u00e4chtigung an.<\/p><p>Zentrale Aufgabe ist die heilp\u00e4dagogische, p\u00e4dagogische und pflegerische Begleitung und Assistenz der Bewohner*innen auf Grundlage ihrer Selbstwirksamkeit in ihrem Wohnumfeld. Weitere Schwerpunkte unserer Arbeit bilden gruppenbezogene und individuelle, an den Ressourcen orientierte, F\u00f6rder-, Besch\u00e4ftigungs- und Freizeitma\u00dfnahmen. Orientiert am christlichen Menschenbild begegnen wir uns auf Augenh\u00f6he, respektvoll und wertsch\u00e4tzend.<\/p><p>Durch die innerst\u00e4dtische Lage ist das St. Paulus Stift Bestandteil des \u00f6ffentlichen, gesellschaftlichen und kulturellen Lebens in Neu\u00f6tting.<br \/>Teilhabe und Integrationen sind bei uns keine Schlagworte sondern gelebte und praktizierte Inklusion.\u00a0\u00a0<\/p>\t\t\t\t\t\t\t\t<\/div>\n\t\t\t\t<div class=\"elementor-element elementor-element-dd88ff9 elementor-widget elementor-widget-spacer\" data-id=\"dd88ff9\" data-element_type=\"widget\" data-e-type=\"widget\" data-widget_type=\"spacer.default\">\n\t\t\t\t\t\t\t<div class=\"elementor-spacer\">\n\t\t\t<div class=\"elementor-spacer-inner\"><\/div>\n\t\t<\/div>\n\t\t\t\t\t\t<\/div>\n\t\t\t\t\t<\/div>\n\t\t<\/div>\n\t\t\t\t<div class=\"elementor-column elementor-col-50 elementor-inner-column elementor-element elementor-element-83ab7c7\" data-id=\"83ab7c7\" data-element_type=\"column\" data-e-type=\"column\">\n\t\t\t<div class=\"elementor-widget-wrap elementor-element-populated\">\n\t\t\t\t\t\t<div class=\"elementor-element elementor-element-a48c600 elementor-widget elementor-widget-heading\" data-id=\"a48c600\" data-element_type=\"widget\" data-e-type=\"widget\" data-widget_type=\"heading.default\">\n\t\t\t\t\t<h5 class=\"elementor-heading-title elementor-size-default\">Unsere Wohnangebote im Einzelnen<\/h5>\t\t\t\t<\/div>\n\t\t\t\t<div class=\"elementor-element elementor-element-345fed7 elementor-widget elementor-widget-text-editor\" data-id=\"345fed7\" data-element_type=\"widget\" data-e-type=\"widget\" data-widget_type=\"text-editor.default\">\n\t\t\t\t\t\t\t\t\t<p>Der Wohnbereich f\u00fcr Menschen mit geistiger und Mehrfachbehinderung gliedert sich in 3 Wohnbereiche. <br \/>Die Wohnbereiche 1 und 2 befinden sich im Pr\u00e4lat Bussereau Haus.<\/p><p>Der Wohnbereich 1 umfasst 8 barrierefrei gestaltete Wohngemeinschaften f\u00fcr jeweils sechs &#8211; neun Bewohner*innen. Der Wohnbereich 2 umfasst 10 barrierefrei gestaltete Wohngemeinschaften f\u00fcr jeweils sieben &#8211; neun Bewohner*innen pro Wohngemeinschaft. F\u00fcr Kurzzeit- bzw. Verhinderungspflege stehen 2 Pl\u00e4tze zur Verf\u00fcgung.<\/p><p>Den Wohnbereich 3 bilden Wohngemeinschaften in den H\u00e4usern in Alt\u00f6tting, Burghausen und Neu\u00f6tting. In Alt\u00f6tting leben 16 Bewohner*innen in zwei Wohngemeinschaften mit jeweils acht Bewohner*innen, in Burghausen in der Wohngemeinschaft am \u201eStiftbergerl\u201c k\u00f6nnen bis zu 18 Bewohner*Innen wohnen. Die Wohngemeinschaft Michaelistra\u00dfe in Neu\u00f6tting gliedert sich in drei Einzelh\u00e4user in denen jeweils acht bzw. neun Bewohner*innen eine Wohngemeinschaft bilden. Die Wohngemeinschaften in Neu\u00f6tting und Alt\u00f6tting sind barrierefrei gebaut.<\/p><p>Der vierte Wohnbereich bietet f\u00fcr Menschen mit seelischer Beeintr\u00e4chtigung Wohnangebote in einer Wohngemeinschaft mit 14 Wohnpl\u00e4tzen, davon vier Appartements\u00a0 (offener Bereich) und 12 Wohnpl\u00e4tzen im geschlossenen Bereich.<\/p>\t\t\t\t\t\t\t\t<\/div>\n\t\t\t\t<div class=\"elementor-element elementor-element-3a99ee3 elementor-widget elementor-widget-spacer\" data-id=\"3a99ee3\" data-element_type=\"widget\" data-e-type=\"widget\" data-widget_type=\"spacer.default\">\n\t\t\t\t\t\t\t<div class=\"elementor-spacer\">\n\t\t\t<div class=\"elementor-spacer-inner\"><\/div>\n\t\t<\/div>\n\t\t\t\t\t\t<\/div>\n\t\t\t\t\t<\/div>\n\t\t<\/div>\n\t\t\t\t\t<\/div>\n\t\t<\/section>\n\t\t\t\t<section class=\"elementor-section elementor-inner-section elementor-element elementor-element-d96dca4 elementor-section-boxed elementor-section-height-default elementor-section-height-default\" data-id=\"d96dca4\" data-element_type=\"section\" data-e-type=\"section\">\n\t\t\t\t\t\t<div class=\"elementor-container elementor-column-gap-wide\">\n\t\t\t\t\t<div class=\"elementor-column elementor-col-50 elementor-inner-column elementor-element elementor-element-dd6d2ca\" data-id=\"dd6d2ca\" data-element_type=\"column\" data-e-type=\"column\">\n\t\t\t<div class=\"elementor-widget-wrap elementor-element-populated\">\n\t\t\t\t\t\t<div class=\"elementor-element elementor-element-6b03abb elementor-widget elementor-widget-heading\" data-id=\"6b03abb\" data-element_type=\"widget\" data-e-type=\"widget\" data-widget_type=\"heading.default\">\n\t\t\t\t\t<h5 class=\"elementor-heading-title elementor-size-default\">Arbeit &amp; Besch\u00e4ftigung<\/h5>\t\t\t\t<\/div>\n\t\t\t\t<div class=\"elementor-element elementor-element-712f19a elementor-widget elementor-widget-text-editor\" data-id=\"712f19a\" data-element_type=\"widget\" data-e-type=\"widget\" data-widget_type=\"text-editor.default\">\n\t\t\t\t\t\t\t\t\t<p>Menschen mit geistiger Beeintr\u00e4chtigung, die nicht, nicht mehr oder noch nicht ein Arbeitsangebot in einer Werkstatt f\u00fcr Menschen mit Beeintr\u00e4chtigung (WfbM)<br \/>nutzen k\u00f6nnen, erhalten in der hauseigenen F\u00f6rderst\u00e4tte des St. Paulus Stifts Neu\u00f6tting bis zur Erreichung des Renteneintrittsalters ein Besch\u00e4ftigung- und F\u00f6rderangebot. Insgesamt stehen 50 F\u00f6rderst\u00e4ttenpl\u00e4tze in 8 Gruppen zur Verf\u00fcgung. Externe Besucher*innen sind herzlich willkommen.<\/p><p>F\u00fcr Bewohner*innen, die die F\u00f6rderst\u00e4tte oder die WfbM nicht besuchen, bieten wir eine Tagestruktur an. In drei Gruppen werden Angebote f\u00fcr den individuellen Bedarf gestaltet.<\/p><p>Das St. Paulus Stift kooperiert mit den Ruperti\u2013Werkst\u00e4tten\u2013Alt\u00f6tting \u2013 in der WfbM werden in neun Abteilungen Arbeitspl\u00e4tze zur Verf\u00fcgung gestellt.\u00a0<\/p><p>Der Wohnbereich vier f\u00fcr Menschen mit seelischer Beeintr\u00e4chtigung bietet Arbeitstraining \u00a0und besch\u00e4ftigungs\u00e4hnliche Angebote in den Bereichen Glaswerkstatt, Schreinerei, Metallwerkstatt, Hauswirtschaft und G\u00e4rtnerei an. Die Angebotsstruktur wird individuell mit den Bewohner*innen gemeinsam erarbeitet.<\/p>\t\t\t\t\t\t\t\t<\/div>\n\t\t\t\t<div class=\"elementor-element elementor-element-459cf0f elementor-widget elementor-widget-spacer\" data-id=\"459cf0f\" data-element_type=\"widget\" data-e-type=\"widget\" data-widget_type=\"spacer.default\">\n\t\t\t\t\t\t\t<div class=\"elementor-spacer\">\n\t\t\t<div class=\"elementor-spacer-inner\"><\/div>\n\t\t<\/div>\n\t\t\t\t\t\t<\/div>\n\t\t\t\t\t<\/div>\n\t\t<\/div>\n\t\t\t\t<div class=\"elementor-column elementor-col-50 elementor-inner-column elementor-element elementor-element-55c1637\" data-id=\"55c1637\" data-element_type=\"column\" data-e-type=\"column\">\n\t\t\t<div class=\"elementor-widget-wrap elementor-element-populated\">\n\t\t\t\t\t\t<div class=\"elementor-element elementor-element-a13cd78 elementor-widget elementor-widget-heading\" data-id=\"a13cd78\" data-element_type=\"widget\" data-e-type=\"widget\" data-widget_type=\"heading.default\">\n\t\t\t\t\t<h5 class=\"elementor-heading-title elementor-size-default\">Ambulant betreute Wohnangebote<\/h5>\t\t\t\t<\/div>\n\t\t\t\t<div class=\"elementor-element elementor-element-3a6c220 elementor-widget elementor-widget-text-editor\" data-id=\"3a6c220\" data-element_type=\"widget\" data-e-type=\"widget\" data-widget_type=\"text-editor.default\">\n\t\t\t\t\t\t\t\t\t<p>Der Bereich Ambulant Betreutes Wohnen bietet Betreuung und Begleitung f\u00fcr Menschen mit geistiger Beeintr\u00e4chtigung im eigenen Wohnumfeld.<\/p><p>Der Bereich Betreutes Einzel Wohnen bietet seine Dienste f\u00fcr Menschen mit seelischer Beeintr\u00e4chtigung im eigenen Wohnumfeld an.<\/p>\t\t\t\t\t\t\t\t<\/div>\n\t\t\t\t<div class=\"elementor-element elementor-element-85f4326 elementor-widget elementor-widget-spacer\" data-id=\"85f4326\" data-element_type=\"widget\" data-e-type=\"widget\" data-widget_type=\"spacer.default\">\n\t\t\t\t\t\t\t<div class=\"elementor-spacer\">\n\t\t\t<div class=\"elementor-spacer-inner\"><\/div>\n\t\t<\/div>\n\t\t\t\t\t\t<\/div>\n\t\t\t\t\t<\/div>\n\t\t<\/div>\n\t\t\t\t\t<\/div>\n\t\t<\/section>\n\t\t\t\t<div class=\"elementor-element elementor-element-8323bde elementor-widget elementor-widget-spacer\" data-id=\"8323bde\" data-element_type=\"widget\" data-e-type=\"widget\" data-widget_type=\"spacer.default\">\n\t\t\t\t\t\t\t<div class=\"elementor-spacer\">\n\t\t\t<div class=\"elementor-spacer-inner\"><\/div>\n\t\t<\/div>\n\t\t\t\t\t\t<\/div>\n\t\t\t\t\t<\/div>\n\t\t<\/section>\n\t\t\t\t\t<\/div>\n\t\t<\/section>\n\t\t\t\t<section class=\"elementor-section elementor-top-section elementor-element elementor-element-460311a5 elementor-section-stretched elementor-section-content-top container-main  elementor-section-boxed elementor-section-height-default elementor-section-height-default\" data-id=\"460311a5\" data-element_type=\"section\" data-e-type=\"section\" data-settings=\"{&quot;background_background&quot;:&quot;classic&quot;,&quot;stretch_section&quot;:&quot;section-stretched&quot;}\">\n\t\t\t\t\t\t<div class=\"elementor-container elementor-column-gap-default\">\n\t\t\t\t\t<section class=\"elementor-column elementor-col-100 elementor-top-column elementor-element elementor-element-61751b1f\" data-id=\"61751b1f\" data-element_type=\"column\" data-e-type=\"column\">\n\t\t\t<div class=\"elementor-widget-wrap elementor-element-populated\">\n\t\t\t\t\t\t<div class=\"elementor-element elementor-element-78856a42 elementor-widget elementor-widget-heading\" data-id=\"78856a42\" data-element_type=\"widget\" data-e-type=\"widget\" data-widget_type=\"heading.default\">\n\t\t\t\t\t<h2 class=\"elementor-heading-title elementor-size-default\">Ein Platz zum Leben &amp; Wohlf\u00fchlen<\/h2>\t\t\t\t<\/div>\n\t\t\t\t<div class=\"elementor-element elementor-element-b2f68fb elementor-arrows-position-inside elementor-pagination-position-outside elementor-widget elementor-widget-image-carousel\" data-id=\"b2f68fb\" data-element_type=\"widget\" data-e-type=\"widget\" data-settings=\"{&quot;autoplay_speed&quot;:10000,&quot;navigation&quot;:&quot;both&quot;,&quot;autoplay&quot;:&quot;yes&quot;,&quot;pause_on_hover&quot;:&quot;yes&quot;,&quot;pause_on_interaction&quot;:&quot;yes&quot;,&quot;infinite&quot;:&quot;yes&quot;,&quot;speed&quot;:500,&quot;image_spacing_custom&quot;:{&quot;unit&quot;:&quot;px&quot;,&quot;size&quot;:20,&quot;sizes&quot;:[]},&quot;image_spacing_custom_tablet&quot;:{&quot;unit&quot;:&quot;px&quot;,&quot;size&quot;:&quot;&quot;,&quot;sizes&quot;:[]},&quot;image_spacing_custom_mobile&quot;:{&quot;unit&quot;:&quot;px&quot;,&quot;size&quot;:&quot;&quot;,&quot;sizes&quot;:[]}}\" data-widget_type=\"image-carousel.default\">\n\t\t\t\t\t\t\t<div class=\"elementor-image-carousel-wrapper swiper\" role=\"region\" aria-roledescription=\"carousel\" aria-label=\"Bild Karussell\" dir=\"ltr\">\n\t\t\t<div class=\"elementor-image-carousel swiper-wrapper swiper-image-stretch\" aria-live=\"off\">\n\t\t\t\t\t\t\t\t<div class=\"swiper-slide\" role=\"group\" aria-roledescription=\"slide\" aria-label=\"1 von 8\"><a data-elementor-open-lightbox=\"yes\" data-elementor-lightbox-slideshow=\"b2f68fb\" data-elementor-lightbox-title=\"fbt\" data-e-action-hash=\"#elementor-action%3Aaction%3Dlightbox%26settings%3DeyJpZCI6MzQzNiwidXJsIjoiaHR0cHM6XC9cL2pmYi1zdGlmdHVuZy5kZVwvc3QtcGF1bHVzLXN0aWZ0LW5ldW9ldHRpbmdcL3dwLWNvbnRlbnRcL3VwbG9hZHNcL3NpdGVzXC85XC8yMDIxXC8wN1wvSEVQQmV3b2huZXJpbl9OT2UtU3RhbmRiaWxkLW1pdC1Mb2dvLmpwZyIsInNsaWRlc2hvdyI6ImIyZjY4ZmIifQ%3D%3D\" href=\"https:\/\/jfb-stiftung.de\/st-paulus-stift-neuoetting\/wp-content\/uploads\/sites\/9\/2021\/07\/HEPBewohnerin_NOe-Standbild-mit-Logo.jpg\"><figure class=\"swiper-slide-inner\"><img decoding=\"async\" class=\"swiper-slide-image\" src=\"https:\/\/jfb-stiftung.de\/st-paulus-stift-neuoetting\/wp-content\/uploads\/sites\/9\/2021\/07\/HEPBewohnerin_NOe-Standbild-mit-Logo-500x500.jpg\" alt=\"fbt\" \/><\/figure><\/a><\/div><div class=\"swiper-slide\" role=\"group\" aria-roledescription=\"slide\" aria-label=\"2 von 8\"><a data-elementor-open-lightbox=\"yes\" data-elementor-lightbox-slideshow=\"b2f68fb\" data-elementor-lightbox-title=\"PHB_2023\" data-e-action-hash=\"#elementor-action%3Aaction%3Dlightbox%26settings%3DeyJpZCI6NjY0MSwidXJsIjoiaHR0cHM6XC9cL2pmYi1zdGlmdHVuZy5kZVwvc3QtcGF1bHVzLXN0aWZ0LW5ldW9ldHRpbmdcL3dwLWNvbnRlbnRcL3VwbG9hZHNcL3NpdGVzXC85XC8yMDIzXC8wNVwvUEhCXzIwMjMuanBnIiwic2xpZGVzaG93IjoiYjJmNjhmYiJ9\" href=\"https:\/\/jfb-stiftung.de\/st-paulus-stift-neuoetting\/wp-content\/uploads\/sites\/9\/2023\/05\/PHB_2023.jpg\"><figure class=\"swiper-slide-inner\"><img decoding=\"async\" class=\"swiper-slide-image\" src=\"https:\/\/jfb-stiftung.de\/st-paulus-stift-neuoetting\/wp-content\/uploads\/sites\/9\/2023\/05\/PHB_2023-500x500.jpg\" alt=\"PHB_2023\" \/><\/figure><\/a><\/div><div class=\"swiper-slide\" role=\"group\" aria-roledescription=\"slide\" aria-label=\"3 von 8\"><a data-elementor-open-lightbox=\"yes\" data-elementor-lightbox-slideshow=\"b2f68fb\" data-elementor-lightbox-title=\"230505 St. Paulus Stift (web 1920px) (7)\" data-e-action-hash=\"#elementor-action%3Aaction%3Dlightbox%26settings%3DeyJpZCI6NjU5NSwidXJsIjoiaHR0cHM6XC9cL2pmYi1zdGlmdHVuZy5kZVwvc3QtcGF1bHVzLXN0aWZ0LW5ldW9ldHRpbmdcL3dwLWNvbnRlbnRcL3VwbG9hZHNcL3NpdGVzXC85XC8yMDIzXC8wNVwvMjMwNTA1LVN0Li1QYXVsdXMtU3RpZnQtd2ViLTE5MjBweC03LWUxNjk4NjQ4NjcxNjQ3LmpwZyIsInNsaWRlc2hvdyI6ImIyZjY4ZmIifQ%3D%3D\" href=\"https:\/\/jfb-stiftung.de\/st-paulus-stift-neuoetting\/wp-content\/uploads\/sites\/9\/2023\/05\/230505-St.-Paulus-Stift-web-1920px-7-e1698648671647.jpg\"><figure class=\"swiper-slide-inner\"><img decoding=\"async\" class=\"swiper-slide-image\" src=\"https:\/\/jfb-stiftung.de\/st-paulus-stift-neuoetting\/wp-content\/uploads\/sites\/9\/2023\/05\/230505-St.-Paulus-Stift-web-1920px-7-e1698648671647-500x500.jpg\" alt=\"230505 St. Paulus Stift (web 1920px) (7)\" \/><\/figure><\/a><\/div><div class=\"swiper-slide\" role=\"group\" aria-roledescription=\"slide\" aria-label=\"4 von 8\"><a data-elementor-open-lightbox=\"yes\" data-elementor-lightbox-slideshow=\"b2f68fb\" data-elementor-lightbox-title=\"230505 St. Paulus Stift (web 1920px) (77)\" data-e-action-hash=\"#elementor-action%3Aaction%3Dlightbox%26settings%3DeyJpZCI6NjYyNCwidXJsIjoiaHR0cHM6XC9cL2pmYi1zdGlmdHVuZy5kZVwvc3QtcGF1bHVzLXN0aWZ0LW5ldW9ldHRpbmdcL3dwLWNvbnRlbnRcL3VwbG9hZHNcL3NpdGVzXC85XC8yMDIzXC8wNVwvMjMwNTA1LVN0Li1QYXVsdXMtU3RpZnQtd2ViLTE5MjBweC03Ny5qcGciLCJzbGlkZXNob3ciOiJiMmY2OGZiIn0%3D\" href=\"https:\/\/jfb-stiftung.de\/st-paulus-stift-neuoetting\/wp-content\/uploads\/sites\/9\/2023\/05\/230505-St.-Paulus-Stift-web-1920px-77.jpg\"><figure class=\"swiper-slide-inner\"><img decoding=\"async\" class=\"swiper-slide-image\" src=\"https:\/\/jfb-stiftung.de\/st-paulus-stift-neuoetting\/wp-content\/uploads\/sites\/9\/2023\/05\/230505-St.-Paulus-Stift-web-1920px-77-500x500.jpg\" alt=\"230505 St. Paulus Stift (web 1920px) (77)\" \/><\/figure><\/a><\/div><div class=\"swiper-slide\" role=\"group\" aria-roledescription=\"slide\" aria-label=\"5 von 8\"><a data-elementor-open-lightbox=\"yes\" data-elementor-lightbox-slideshow=\"b2f68fb\" data-elementor-lightbox-title=\"PHB III\" data-e-action-hash=\"#elementor-action%3Aaction%3Dlightbox%26settings%3DeyJpZCI6NjY0MCwidXJsIjoiaHR0cHM6XC9cL2pmYi1zdGlmdHVuZy5kZVwvc3QtcGF1bHVzLXN0aWZ0LW5ldW9ldHRpbmdcL3dwLWNvbnRlbnRcL3VwbG9hZHNcL3NpdGVzXC85XC8yMDIzXC8wNVwvUEhCLUlJSS5qcGciLCJzbGlkZXNob3ciOiJiMmY2OGZiIn0%3D\" href=\"https:\/\/jfb-stiftung.de\/st-paulus-stift-neuoetting\/wp-content\/uploads\/sites\/9\/2023\/05\/PHB-III.jpg\"><figure class=\"swiper-slide-inner\"><img decoding=\"async\" class=\"swiper-slide-image\" src=\"https:\/\/jfb-stiftung.de\/st-paulus-stift-neuoetting\/wp-content\/uploads\/sites\/9\/2023\/05\/PHB-III-500x500.jpg\" alt=\"PHB III\" \/><\/figure><\/a><\/div><div class=\"swiper-slide\" role=\"group\" aria-roledescription=\"slide\" aria-label=\"6 von 8\"><a data-elementor-open-lightbox=\"yes\" data-elementor-lightbox-slideshow=\"b2f68fb\" data-elementor-lightbox-title=\"charset=Ascii\" data-e-action-hash=\"#elementor-action%3Aaction%3Dlightbox%26settings%3DeyJpZCI6MzczMSwidXJsIjoiaHR0cHM6XC9cL2pmYi1zdGlmdHVuZy5kZVwvc3QtcGF1bHVzLXN0aWZ0LW5ldW9ldHRpbmdcL3dwLWNvbnRlbnRcL3VwbG9hZHNcL3NpdGVzXC85XC8yMDIxXC8wN1wvUEJIX0dhcnRlbl9OT2UtU3RhbmRiaWxkLmpwZyIsInNsaWRlc2hvdyI6ImIyZjY4ZmIifQ%3D%3D\" href=\"https:\/\/jfb-stiftung.de\/st-paulus-stift-neuoetting\/wp-content\/uploads\/sites\/9\/2021\/07\/PBH_Garten_NOe-Standbild.jpg\"><figure class=\"swiper-slide-inner\"><img decoding=\"async\" class=\"swiper-slide-image\" src=\"https:\/\/jfb-stiftung.de\/st-paulus-stift-neuoetting\/wp-content\/uploads\/sites\/9\/2021\/07\/PBH_Garten_NOe-Standbild-500x500.jpg\" alt=\"charset=Ascii\" \/><\/figure><\/a><\/div><div class=\"swiper-slide\" role=\"group\" aria-roledescription=\"slide\" aria-label=\"7 von 8\"><a data-elementor-open-lightbox=\"yes\" data-elementor-lightbox-slideshow=\"b2f68fb\" data-elementor-lightbox-title=\"230505 St. Paulus Stift (web 1920px) (47)\" data-e-action-hash=\"#elementor-action%3Aaction%3Dlightbox%26settings%3DeyJpZCI6NjYxMCwidXJsIjoiaHR0cHM6XC9cL2pmYi1zdGlmdHVuZy5kZVwvc3QtcGF1bHVzLXN0aWZ0LW5ldW9ldHRpbmdcL3dwLWNvbnRlbnRcL3VwbG9hZHNcL3NpdGVzXC85XC8yMDIzXC8wNVwvMjMwNTA1LVN0Li1QYXVsdXMtU3RpZnQtd2ViLTE5MjBweC00Ny5qcGciLCJzbGlkZXNob3ciOiJiMmY2OGZiIn0%3D\" href=\"https:\/\/jfb-stiftung.de\/st-paulus-stift-neuoetting\/wp-content\/uploads\/sites\/9\/2023\/05\/230505-St.-Paulus-Stift-web-1920px-47.jpg\"><figure class=\"swiper-slide-inner\"><img decoding=\"async\" class=\"swiper-slide-image\" src=\"https:\/\/jfb-stiftung.de\/st-paulus-stift-neuoetting\/wp-content\/uploads\/sites\/9\/2023\/05\/230505-St.-Paulus-Stift-web-1920px-47-500x500.jpg\" alt=\"230505 St. Paulus Stift (web 1920px) (47)\" \/><\/figure><\/a><\/div><div class=\"swiper-slide\" role=\"group\" aria-roledescription=\"slide\" aria-label=\"8 von 8\"><a data-elementor-open-lightbox=\"yes\" data-elementor-lightbox-slideshow=\"b2f68fb\" data-elementor-lightbox-title=\"R\u00fcckseite_Geb\u00e4ude_Martin Moser_lowres\" data-e-action-hash=\"#elementor-action%3Aaction%3Dlightbox%26settings%3DeyJpZCI6Mjk2OCwidXJsIjoiaHR0cHM6XC9cL2pmYi1zdGlmdHVuZy5kZVwvc3QtcGF1bHVzLXN0aWZ0LW5ldW9ldHRpbmdcL3dwLWNvbnRlbnRcL3VwbG9hZHNcL3NpdGVzXC85XC8yMDIxXC8wNlwvUnVlY2tzZWl0ZV9HZWJhZXVkZV9NYXJ0aW4tTW9zZXJfbG93cmVzLmpwZyIsInNsaWRlc2hvdyI6ImIyZjY4ZmIifQ%3D%3D\" href=\"https:\/\/jfb-stiftung.de\/st-paulus-stift-neuoetting\/wp-content\/uploads\/sites\/9\/2021\/06\/Rueckseite_Gebaeude_Martin-Moser_lowres.jpg\"><figure class=\"swiper-slide-inner\"><img decoding=\"async\" class=\"swiper-slide-image\" src=\"https:\/\/jfb-stiftung.de\/st-paulus-stift-neuoetting\/wp-content\/uploads\/sites\/9\/2021\/06\/Rueckseite_Gebaeude_Martin-Moser_lowres-500x500.jpg\" alt=\"R\u00fcckseite_Geb\u00e4ude_Martin Moser_lowres\" \/><\/figure><\/a><\/div>\t\t\t<\/div>\n\t\t\t\t\t\t\t\t\t\t\t\t<div class=\"elementor-swiper-button elementor-swiper-button-prev\" role=\"button\" tabindex=\"0\">\n\t\t\t\t\t\t<svg aria-hidden=\"true\" class=\"e-font-icon-svg e-eicon-chevron-left\" viewBox=\"0 0 1000 1000\" xmlns=\"http:\/\/www.w3.org\/2000\/svg\"><path d=\"M646 125C629 125 613 133 604 142L308 442C296 454 292 471 292 487 292 504 296 521 308 533L604 854C617 867 629 875 646 875 663 875 679 871 692 858 704 846 713 829 713 812 713 796 708 779 692 767L438 487 692 225C700 217 708 204 708 187 708 171 704 154 692 142 675 129 663 125 646 125Z\"><\/path><\/svg>\t\t\t\t\t<\/div>\n\t\t\t\t\t<div class=\"elementor-swiper-button elementor-swiper-button-next\" role=\"button\" tabindex=\"0\">\n\t\t\t\t\t\t<svg aria-hidden=\"true\" class=\"e-font-icon-svg e-eicon-chevron-right\" viewBox=\"0 0 1000 1000\" xmlns=\"http:\/\/www.w3.org\/2000\/svg\"><path d=\"M696 533C708 521 713 504 713 487 713 471 708 454 696 446L400 146C388 133 375 125 354 125 338 125 325 129 313 142 300 154 292 171 292 187 292 204 296 221 308 233L563 492 304 771C292 783 288 800 288 817 288 833 296 850 308 863 321 871 338 875 354 875 371 875 388 867 400 854L696 533Z\"><\/path><\/svg>\t\t\t\t\t<\/div>\n\t\t\t\t\n\t\t\t\t\t\t\t\t\t<div class=\"swiper-pagination\"><\/div>\n\t\t\t\t\t\t\t\t\t<\/div>\n\t\t\t\t\t\t<\/div>\n\t\t\t\t\t<\/div>\n\t\t<\/section>\n\t\t\t\t\t<\/div>\n\t\t<\/section>\n\t\t\t\t<\/div>\n\t\t","protected":false},"excerpt":{"rendered":"<p>Sie suchen ein neues Zuhause? Hier finden Sie einen Platz zum Leben &#038; Wohlf\u00fchlen Das St. Paulus Stift Neu\u00f6tting bietet Wohn- und F\u00f6rderangebote f\u00fcr Menschen mit geistiger und Mehrfachbehinderung. Die \u2026<\/p>\n","protected":false},"author":1,"featured_media":0,"parent":0,"menu_order":20,"comment_status":"closed","ping_status":"closed","template":"","meta":{"_acf_changed":false,"footnotes":""},"class_list":["post-1975","page","type-page","status-publish","hentry"],"acf":[],"publishpress_future_action":{"enabled":false,"date":"2026-05-07 11:04:13","action":"change-status","newStatus":"draft","terms":[],"taxonomy":"","extraData":[]},"publishpress_future_workflow_manual_trigger":{"enabledWorkflows":[]},"_links":{"self":[{"href":"https:\/\/jfb-stiftung.de\/st-paulus-stift-neuoetting\/wp-json\/wp\/v2\/pages\/1975","targetHints":{"allow":["GET"]}}],"collection":[{"href":"https:\/\/jfb-stiftung.de\/st-paulus-stift-neuoetting\/wp-json\/wp\/v2\/pages"}],"about":[{"href":"https:\/\/jfb-stiftung.de\/st-paulus-stift-neuoetting\/wp-json\/wp\/v2\/types\/page"}],"author":[{"embeddable":true,"href":"https:\/\/jfb-stiftung.de\/st-paulus-stift-neuoetting\/wp-json\/wp\/v2\/users\/1"}],"replies":[{"embeddable":true,"href":"https:\/\/jfb-stiftung.de\/st-paulus-stift-neuoetting\/wp-json\/wp\/v2\/comments?post=1975"}],"version-history":[{"count":0,"href":"https:\/\/jfb-stiftung.de\/st-paulus-stift-neuoetting\/wp-json\/wp\/v2\/pages\/1975\/revisions"}],"wp:attachment":[{"href":"https:\/\/jfb-stiftung.de\/st-paulus-stift-neuoetting\/wp-json\/wp\/v2\/media?parent=1975"}],"curies":[{"name":"wp","href":"https:\/\/api.w.org\/{rel}","templated":true}]}}