{"id":1963,"date":"2021-05-14T11:27:36","date_gmt":"2021-05-14T09:27:36","guid":{"rendered":"https:\/\/jfb-stiftung.de\/st-paulus-stift-neuoetting\/?page_id=1963"},"modified":"2025-04-30T18:08:38","modified_gmt":"2025-04-30T16:08:38","slug":"wg-michaelistrasse","status":"publish","type":"page","link":"https:\/\/jfb-stiftung.de\/st-paulus-stift-neuoetting\/unsere-einrichtungen\/wg-michaelistrasse\/","title":{"rendered":"WG Michaelistra\u00dfe"},"content":{"rendered":"\t\t<div data-elementor-type=\"wp-page\" data-elementor-id=\"1963\" class=\"elementor elementor-1963\" data-elementor-post-type=\"page\">\n\t\t\t\t\t\t<section class=\"elementor-section elementor-top-section elementor-element elementor-element-1fa86093 elementor-section-full_width elementor-section-stretched elementor-section-height-default elementor-section-height-default\" data-id=\"1fa86093\" data-element_type=\"section\" data-e-type=\"section\" data-settings=\"{&quot;stretch_section&quot;:&quot;section-stretched&quot;}\">\n\t\t\t\t\t\t<div class=\"elementor-container elementor-column-gap-no\">\n\t\t\t\t\t<div class=\"elementor-column elementor-col-100 elementor-top-column elementor-element elementor-element-477aafc8\" data-id=\"477aafc8\" data-element_type=\"column\" data-e-type=\"column\">\n\t\t\t<div class=\"elementor-widget-wrap elementor-element-populated\">\n\t\t\t\t\t\t<div class=\"elementor-element elementor-element-354216a4 elementor--h-position-left elementor--v-position-bottom elementor-arrows-position-inside elementor-pagination-position-inside elementor-widget elementor-widget-slides\" data-id=\"354216a4\" data-element_type=\"widget\" data-e-type=\"widget\" data-settings=\"{&quot;autoplay_speed&quot;:&quot;10000&quot;,&quot;navigation&quot;:&quot;both&quot;,&quot;autoplay&quot;:&quot;yes&quot;,&quot;pause_on_hover&quot;:&quot;yes&quot;,&quot;pause_on_interaction&quot;:&quot;yes&quot;,&quot;infinite&quot;:&quot;yes&quot;,&quot;transition&quot;:&quot;slide&quot;,&quot;transition_speed&quot;:500}\" data-widget_type=\"slides.default\">\n\t\t\t\t\t\t\t\t\t\t<div class=\"elementor-slides-wrapper elementor-main-swiper swiper\" role=\"region\" aria-roledescription=\"carousel\" aria-label=\"Slider\" dir=\"ltr\" data-animation=\"fadeInLeft\">\n\t\t\t\t<div class=\"swiper-wrapper elementor-slides\">\n\t\t\t\t\t\t\t\t\t\t<div class=\"elementor-repeater-item-4c02bf4 swiper-slide\" role=\"group\" aria-roledescription=\"slide\"><div class=\"swiper-slide-bg\" role=\"img\" aria-label=\"Betreuer und Bewohnerin 2024\"><\/div><div class=\"swiper-slide-inner\" ><div class=\"swiper-slide-contents\"><\/div><\/div><\/div>\t\t\t\t<\/div>\n\t\t\t\t\t\t\t<\/div>\n\t\t\t\t\t\t\t\t<\/div>\n\t\t\t\t\t<\/div>\n\t\t<\/div>\n\t\t\t\t\t<\/div>\n\t\t<\/section>\n\t\t\t\t<section class=\"elementor-section elementor-top-section elementor-element elementor-element-6455d928 elementor-section-stretched elementor-section-content-top container-main content-sidebars elementor-section-boxed elementor-section-height-default elementor-section-height-default\" data-id=\"6455d928\" data-element_type=\"section\" data-e-type=\"section\" data-settings=\"{&quot;background_background&quot;:&quot;classic&quot;,&quot;stretch_section&quot;:&quot;section-stretched&quot;}\">\n\t\t\t\t\t\t<div class=\"elementor-container elementor-column-gap-default\">\n\t\t\t\t\t<section class=\"elementor-column elementor-col-50 elementor-top-column elementor-element elementor-element-511032b2\" data-id=\"511032b2\" data-element_type=\"column\" data-e-type=\"column\">\n\t\t\t<div class=\"elementor-widget-wrap elementor-element-populated\">\n\t\t\t\t\t\t<div class=\"elementor-element elementor-element-2bf0d3ac elementor-widget elementor-widget-spacer\" data-id=\"2bf0d3ac\" data-element_type=\"widget\" data-e-type=\"widget\" data-widget_type=\"spacer.default\">\n\t\t\t\t\t\t\t<div class=\"elementor-spacer\">\n\t\t\t<div class=\"elementor-spacer-inner\"><\/div>\n\t\t<\/div>\n\t\t\t\t\t\t<\/div>\n\t\t\t\t<div class=\"elementor-element elementor-element-b9dc2c6 elementor-widget elementor-widget-wp-widget-xyz_insert_php_widget\" data-id=\"b9dc2c6\" data-element_type=\"widget\" data-e-type=\"widget\" data-widget_type=\"wp-widget-xyz_insert_php_widget.default\">\n\t\t\t\t<div class=\"elementor-widget-container\">\n\t\t\t\t\t<h5> <\/h5><nav aria-label=\"breadcrumbs\" class=\"rank-math-breadcrumb\"><p><span class=\"last\">Startseite<\/span><\/p><\/nav>\t\t\t\t<\/div>\n\t\t\t\t<\/div>\n\t\t\t\t<div class=\"elementor-element elementor-element-6d91fab1 hyphenate elementor-widget elementor-widget-theme-post-title elementor-page-title elementor-widget-heading\" data-id=\"6d91fab1\" data-element_type=\"widget\" data-e-type=\"widget\" data-widget_type=\"theme-post-title.default\">\n\t\t\t\t\t<h1 class=\"elementor-heading-title elementor-size-default\">WG Michaelistra\u00dfe<\/h1>\t\t\t\t<\/div>\n\t\t\t\t<div class=\"elementor-element elementor-element-378efa17 elementor-widget elementor-widget-text-editor\" data-id=\"378efa17\" data-element_type=\"widget\" data-e-type=\"widget\" data-widget_type=\"text-editor.default\">\n\t\t\t\t\t\t\t\t\t<h5>Zusammen wohnen &#8211; gemeinsam durchs Leben<\/h5><div>Selbstbestimmung bildet die Basis unseres heilp\u00e4dagogischen Handelns. Auf dieser Grundlage bieten wir\u00a0 in der Wohngemeinschaft in der\u00a0Michaelistra\u00dfe f\u00fcr bis zu 26 jungen Frauen und M\u00e4nnern mit geistiger Behinderung, die gegenw\u00e4rtig auf eine Betreuung und Assistenz angewiesen sind, einen Platz zum Wohnen und\u00a0Leben.\u00a0<\/div><p>Die drei Wohnh\u00e4user definieren sich jeweils als eigenst\u00e4ndige Wohngemeinschaft. Das Raumangebot besteht aus insgesamt 26 Einzelzimmern. Jedes Haus verf\u00fcgt \u00fcber eine gro\u00dfe gemeinsame Wohnk\u00fcche mit integriertem Esszimmer, in der die Bewohner*innen der jeweiligen Wohngemeinschaft mit individueller Unterst\u00fctzung lernen, sich in Eigenregie gemeinschaftlich selbst\u00a0zu versorgen.\u00a0<\/p><p>Zus\u00e4tzlich stehen f\u00fcr alle Bewohner*innen ein Freizeitraum und ein gro\u00dfer Gemeinschaftsraum f\u00fcr gruppen\u00fcbergreifende Aktivit\u00e4ten zur Verf\u00fcgung. Unser gro\u00dfer Garten bietet eine Vielfalt zur Freizeitgestaltung, wie beispielsweise eine Gro\u00dfschaukel, ein kleiner Fu\u00dfballplatz, ein Tipi-Zelt mit abenteuerlicher Lagerfeuerstelle, sowie gem\u00fctliche Pl\u00e4tze, die zum Verweilen und Entspannen einladen. Unser Gem\u00fcse bauen wir selbst an.<\/p><p>Zum festen Bestandteil unseres\u00a0 Betreuungsangebots geh\u00f6ren viele gemeinsame Unternehmungen. Die Bewohner*innen k\u00f6nnen zwischen selbst gestalteten und extern angebotenen Freizeitaktivit\u00e4ten w\u00e4hlen, wie Klettergruppe, Urlaubsfahrten, Fahrradtouren, Tagesausfl\u00fcge, Wanderungen. Die Bewohner*innen nehmen regelm\u00e4\u00dfig an den Special Olympics in den Disziplinen Schwimmen, Ski-Langlauf und Ski-Alpin teil.<\/p>\t\t\t\t\t\t\t\t<\/div>\n\t\t\t\t<section class=\"elementor-section elementor-inner-section elementor-element elementor-element-bb288fe elementor-section-boxed elementor-section-height-default elementor-section-height-default\" data-id=\"bb288fe\" data-element_type=\"section\" data-e-type=\"section\">\n\t\t\t\t\t\t<div class=\"elementor-container elementor-column-gap-default\">\n\t\t\t\t\t<div class=\"elementor-column elementor-col-50 elementor-inner-column elementor-element elementor-element-4224a1b\" data-id=\"4224a1b\" data-element_type=\"column\" data-e-type=\"column\">\n\t\t\t<div class=\"elementor-widget-wrap elementor-element-populated\">\n\t\t\t\t\t\t<div class=\"elementor-element elementor-element-a363e36 elementor-widget elementor-widget-button\" data-id=\"a363e36\" data-element_type=\"widget\" data-e-type=\"widget\" data-widget_type=\"button.default\">\n\t\t\t\t\t\t\t\t\t\t<a class=\"elementor-button elementor-button-link elementor-size-sm\" href=\"https:\/\/jfb-stiftung.de\/st-paulus-stift-neuoetting\/wp-content\/uploads\/sites\/9\/2023\/11\/Flyer-WG-Michaelistrasse-WEB-2023.pdf\" target=\"_blank\">\n\t\t\t\t\t\t<span class=\"elementor-button-content-wrapper\">\n\t\t\t\t\t\t\t\t\t<span class=\"elementor-button-text\">Flyer<\/span>\n\t\t\t\t\t<\/span>\n\t\t\t\t\t<\/a>\n\t\t\t\t\t\t\t\t<\/div>\n\t\t\t\t\t<\/div>\n\t\t<\/div>\n\t\t\t\t<div class=\"elementor-column elementor-col-50 elementor-inner-column elementor-element elementor-element-7975c85\" data-id=\"7975c85\" data-element_type=\"column\" data-e-type=\"column\">\n\t\t\t<div class=\"elementor-widget-wrap\">\n\t\t\t\t\t\t\t<\/div>\n\t\t<\/div>\n\t\t\t\t\t<\/div>\n\t\t<\/section>\n\t\t\t\t<section class=\"elementor-section elementor-inner-section elementor-element elementor-element-5771c1d elementor-section-boxed elementor-section-height-default elementor-section-height-default\" data-id=\"5771c1d\" data-element_type=\"section\" data-e-type=\"section\">\n\t\t\t\t\t\t<div class=\"elementor-container elementor-column-gap-default\">\n\t\t\t\t\t<div class=\"elementor-column elementor-col-50 elementor-inner-column elementor-element elementor-element-1b4d505\" data-id=\"1b4d505\" data-element_type=\"column\" data-e-type=\"column\">\n\t\t\t<div class=\"elementor-widget-wrap elementor-element-populated\">\n\t\t\t\t\t\t<div class=\"elementor-element elementor-element-1f55792 elementor-widget elementor-widget-heading\" data-id=\"1f55792\" data-element_type=\"widget\" data-e-type=\"widget\" data-widget_type=\"heading.default\">\n\t\t\t\t\t<h4 class=\"elementor-heading-title elementor-size-default\">10 Jahre Michaelistra\u00dfe (2023) <\/h4>\t\t\t\t<\/div>\n\t\t\t\t<div class=\"elementor-element elementor-element-13b2f21 elementor-widget elementor-widget-text-editor\" data-id=\"13b2f21\" data-element_type=\"widget\" data-e-type=\"widget\" data-widget_type=\"text-editor.default\">\n\t\t\t\t\t\t\t\t\t<p>Ein gro\u00dfes Fest zum 10-j\u00e4hrigen Jubil\u00e4um der Wohngemeinschaft Michaelistra\u00dfe wurde am 07.06.2023 gefeiert:<\/p>\t\t\t\t\t\t\t\t<\/div>\n\t\t\t\t<div class=\"elementor-element elementor-element-7965d1c elementor-widget elementor-widget-image\" data-id=\"7965d1c\" data-element_type=\"widget\" data-e-type=\"widget\" data-widget_type=\"image.default\">\n\t\t\t\t\t\t\t\t\t\t\t\t\t\t\t\t<a href=\"https:\/\/jfb-stiftung.de\/wp-content\/uploads\/2023\/06\/Jubilaeum-Michaelistrasse_ANA_08-06-2023.png\" target=\"_blank\">\n\t\t\t\t\t\t\t<img fetchpriority=\"high\" decoding=\"async\" width=\"1090\" height=\"1144\" src=\"https:\/\/jfb-stiftung.de\/st-paulus-stift-neuoetting\/wp-content\/uploads\/sites\/9\/2023\/06\/Jubilaeum-Michaelistrasse_ANA_08-06-2023.png\" class=\"attachment-large size-large wp-image-6833\" alt=\"\" srcset=\"https:\/\/jfb-stiftung.de\/st-paulus-stift-neuoetting\/wp-content\/uploads\/sites\/9\/2023\/06\/Jubilaeum-Michaelistrasse_ANA_08-06-2023.png 1090w, https:\/\/jfb-stiftung.de\/st-paulus-stift-neuoetting\/wp-content\/uploads\/sites\/9\/2023\/06\/Jubilaeum-Michaelistrasse_ANA_08-06-2023-953x1000.png 953w, https:\/\/jfb-stiftung.de\/st-paulus-stift-neuoetting\/wp-content\/uploads\/sites\/9\/2023\/06\/Jubilaeum-Michaelistrasse_ANA_08-06-2023-768x806.png 768w\" sizes=\"(max-width: 1090px) 100vw, 1090px\">\t\t\t\t\t\t\t\t<\/a>\n\t\t\t\t\t\t\t\t\t\t\t\t\t\t\t<\/div>\n\t\t\t\t\t<\/div>\n\t\t<\/div>\n\t\t\t\t<div class=\"elementor-column elementor-col-50 elementor-inner-column elementor-element elementor-element-a7c9a7b\" data-id=\"a7c9a7b\" data-element_type=\"column\" data-e-type=\"column\">\n\t\t\t<div class=\"elementor-widget-wrap elementor-element-populated\">\n\t\t\t\t\t\t<div class=\"elementor-element elementor-element-72374b3 elementor-widget elementor-widget-heading\" data-id=\"72374b3\" data-element_type=\"widget\" data-e-type=\"widget\" data-widget_type=\"heading.default\">\n\t\t\t\t\t<h4 class=\"elementor-heading-title elementor-size-default\">Miteinander in die Yoga-Stunde <\/h4>\t\t\t\t<\/div>\n\t\t\t\t<div class=\"elementor-element elementor-element-fdf9905 elementor-widget elementor-widget-text-editor\" data-id=\"fdf9905\" data-element_type=\"widget\" data-e-type=\"widget\" data-widget_type=\"text-editor.default\">\n\t\t\t\t\t\t\t\t\t<p>Yoga ist eine sehr alte, ganzheitliche Methode die urspr\u00fcnglich aus Indien stammt. Yoga hilft K\u00f6rper, Geist und Seele ins Gleichgewicht zu bringen also \u201eEinheit\u201c, \u201eVerbindung\u201c und \u201eHarmonie\u201c herzustellen.<br \/>Wie das funktionieren kann, zeigt seit Januar 2024\u00a0 Fr. Sachs, Mutter von Susanne, die in der WG Michaelistra\u00dfe wohnt. Einmal im Monat trifft sich die Yoga-Gruppe in der Pestalozziturnhalle mit der erfahrenen Yogalehrerin. Bewohner*innen und Mitarbeiter*innen zusammen haben riesigen Spa\u00df und wie gesagt lernen so gemeinsam Einheit, Verbindung und Harmonie f\u00fcr sich und seinem Gegen\u00fcber kennen.<\/p>\t\t\t\t\t\t\t\t<\/div>\n\t\t\t\t<div class=\"elementor-element elementor-element-c79f62c elementor-widget elementor-widget-image\" data-id=\"c79f62c\" data-element_type=\"widget\" data-e-type=\"widget\" data-widget_type=\"image.default\">\n\t\t\t\t\t\t\t\t\t\t\t\t\t\t\t<img decoding=\"async\" width=\"500\" height=\"500\" src=\"https:\/\/jfb-stiftung.de\/st-paulus-stift-neuoetting\/wp-content\/uploads\/sites\/9\/2024\/03\/Yoga-Gruppenbild-500x500.jpg\" class=\"attachment-thumbnail size-thumbnail wp-image-7953\" alt=\"\">\t\t\t\t\t\t\t\t\t\t\t\t\t\t\t<\/div>\n\t\t\t\t\t<\/div>\n\t\t<\/div>\n\t\t\t\t\t<\/div>\n\t\t<\/section>\n\t\t\t\t<div class=\"elementor-element elementor-element-52f2f6c3 elementor-widget elementor-widget-spacer\" data-id=\"52f2f6c3\" data-element_type=\"widget\" data-e-type=\"widget\" data-widget_type=\"spacer.default\">\n\t\t\t\t\t\t\t<div class=\"elementor-spacer\">\n\t\t\t<div class=\"elementor-spacer-inner\"><\/div>\n\t\t<\/div>\n\t\t\t\t\t\t<\/div>\n\t\t\t\t\t<\/div>\n\t\t<\/section>\n\t\t\t\t<aside class=\"elementor-column elementor-col-50 elementor-top-column elementor-element elementor-element-26594dc3 sidebar\" data-id=\"26594dc3\" data-element_type=\"column\" data-e-type=\"column\">\n\t\t\t<div class=\"elementor-widget-wrap elementor-element-populated\">\n\t\t\t\t\t\t<div class=\"elementor-element elementor-element-741e55bd elementor-widget elementor-widget-spacer\" data-id=\"741e55bd\" data-element_type=\"widget\" data-e-type=\"widget\" data-widget_type=\"spacer.default\">\n\t\t\t\t\t\t\t<div class=\"elementor-spacer\">\n\t\t\t<div class=\"elementor-spacer-inner\"><\/div>\n\t\t<\/div>\n\t\t\t\t\t\t<\/div>\n\t\t\t\t<div class=\"elementor-element elementor-element-2b2b5d7a hyphenate elementor-widget elementor-widget-heading\" data-id=\"2b2b5d7a\" data-element_type=\"widget\" data-e-type=\"widget\" data-widget_type=\"heading.default\">\n\t\t\t\t\t<h4 class=\"elementor-heading-title elementor-size-default\">Kontakt<\/h4>\t\t\t\t<\/div>\n\t\t\t\t<div class=\"elementor-element elementor-element-0ba4274 elementor-widget elementor-widget-image\" data-id=\"0ba4274\" data-element_type=\"widget\" data-e-type=\"widget\" data-widget_type=\"image.default\">\n\t\t\t\t\t\t\t\t\t\t\t\t\t\t\t<img decoding=\"async\" width=\"500\" height=\"500\" src=\"https:\/\/jfb-stiftung.de\/st-paulus-stift-neuoetting\/wp-content\/uploads\/sites\/9\/2025\/04\/Birgit_Stadler-500x500.jpg\" class=\"attachment-thumbnail size-thumbnail wp-image-10058\" alt=\"\">\t\t\t\t\t\t\t\t\t\t\t\t\t\t\t<\/div>\n\t\t\t\t<div class=\"elementor-element elementor-element-4f05574 elementor-widget elementor-widget-text-editor\" data-id=\"4f05574\" data-element_type=\"widget\" data-e-type=\"widget\" data-widget_type=\"text-editor.default\">\n\t\t\t\t\t\t\t\t\t<p><strong>F<\/strong><b>rau Birgit Stadler\u00a0<\/b><br \/>Hausleitung\u00a0<\/p>\t\t\t\t\t\t\t\t<\/div>\n\t\t\t\t<div class=\"elementor-element elementor-element-7ef6ba2 elementor-widget elementor-widget-text-editor\" data-id=\"7ef6ba2\" data-element_type=\"widget\" data-e-type=\"widget\" data-widget_type=\"text-editor.default\">\n\t\t\t\t\t\t\t\t\t<p>Michaelistra\u00dfe 33<br \/>D-84524 Neu\u00f6tting<br \/>Telefon: <a href=\"tel: 049867195747180\">+49 (0)8671 95747180<\/a><br \/>E-Mail: <a href=\"mailto:Birgit.Stadler@jfb-stiftung.de\">Birgit.Stadler@jfb-stiftung.de<\/a><\/p>\t\t\t\t\t\t\t\t<\/div>\n\t\t\t\t<div class=\"elementor-element elementor-element-36270874 elementor-widget elementor-widget-spacer\" data-id=\"36270874\" data-element_type=\"widget\" data-e-type=\"widget\" data-widget_type=\"spacer.default\">\n\t\t\t\t\t\t\t<div class=\"elementor-spacer\">\n\t\t\t<div class=\"elementor-spacer-inner\"><\/div>\n\t\t<\/div>\n\t\t\t\t\t\t<\/div>\n\t\t\t\t\t<\/div>\n\t\t<\/aside>\n\t\t\t\t\t<\/div>\n\t\t<\/section>\n\t\t\t\t<section class=\"elementor-section elementor-top-section elementor-element elementor-element-4ca1549d elementor-section-stretched elementor-section-content-top container-main  elementor-section-boxed elementor-section-height-default elementor-section-height-default\" data-id=\"4ca1549d\" data-element_type=\"section\" data-e-type=\"section\" data-settings=\"{&quot;background_background&quot;:&quot;classic&quot;,&quot;stretch_section&quot;:&quot;section-stretched&quot;}\">\n\t\t\t\t\t\t<div class=\"elementor-container elementor-column-gap-default\">\n\t\t\t\t\t<section class=\"elementor-column elementor-col-100 elementor-top-column elementor-element elementor-element-540cf0ee\" data-id=\"540cf0ee\" data-element_type=\"column\" data-e-type=\"column\">\n\t\t\t<div class=\"elementor-widget-wrap elementor-element-populated\">\n\t\t\t\t\t\t<div class=\"elementor-element elementor-element-663b6ae5 elementor-widget elementor-widget-heading\" data-id=\"663b6ae5\" data-element_type=\"widget\" data-e-type=\"widget\" data-widget_type=\"heading.default\">\n\t\t\t\t\t<h2 class=\"elementor-heading-title elementor-size-default\">Wir gemeinsam<\/h2>\t\t\t\t<\/div>\n\t\t\t\t<div class=\"elementor-element elementor-element-437f4215 elementor-arrows-position-inside elementor-pagination-position-outside elementor-widget elementor-widget-image-carousel\" data-id=\"437f4215\" data-element_type=\"widget\" data-e-type=\"widget\" data-settings=\"{&quot;autoplay_speed&quot;:10000,&quot;navigation&quot;:&quot;both&quot;,&quot;autoplay&quot;:&quot;yes&quot;,&quot;pause_on_hover&quot;:&quot;yes&quot;,&quot;pause_on_interaction&quot;:&quot;yes&quot;,&quot;infinite&quot;:&quot;yes&quot;,&quot;speed&quot;:500,&quot;image_spacing_custom&quot;:{&quot;unit&quot;:&quot;px&quot;,&quot;size&quot;:20,&quot;sizes&quot;:[]},&quot;image_spacing_custom_tablet&quot;:{&quot;unit&quot;:&quot;px&quot;,&quot;size&quot;:&quot;&quot;,&quot;sizes&quot;:[]},&quot;image_spacing_custom_mobile&quot;:{&quot;unit&quot;:&quot;px&quot;,&quot;size&quot;:&quot;&quot;,&quot;sizes&quot;:[]}}\" data-widget_type=\"image-carousel.default\">\n\t\t\t\t\t\t\t<div class=\"elementor-image-carousel-wrapper swiper\" role=\"region\" aria-roledescription=\"carousel\" aria-label=\"Bild Karussell\" dir=\"ltr\">\n\t\t\t<div class=\"elementor-image-carousel swiper-wrapper swiper-image-stretch\" aria-live=\"off\">\n\t\t\t\t\t\t\t\t<div class=\"swiper-slide\" role=\"group\" aria-roledescription=\"slide\" aria-label=\"1 von 12\"><a data-elementor-open-lightbox=\"yes\" data-elementor-lightbox-slideshow=\"437f4215\" data-elementor-lightbox-title=\"Michaelistra\u00dfe 2023 (5)\" data-e-action-hash=\"#elementor-action%3Aaction%3Dlightbox%26settings%3DeyJpZCI6NzE0MSwidXJsIjoiaHR0cHM6XC9cL2pmYi1zdGlmdHVuZy5kZVwvc3QtcGF1bHVzLXN0aWZ0LW5ldW9ldHRpbmdcL3dwLWNvbnRlbnRcL3VwbG9hZHNcL3NpdGVzXC85XC8yMDIzXC8wOVwvTWljaGFlbGlzdHJhc3NlLTIwMjMtNS1zY2FsZWQuanBnIiwic2xpZGVzaG93IjoiNDM3ZjQyMTUifQ%3D%3D\" href=\"https:\/\/jfb-stiftung.de\/st-paulus-stift-neuoetting\/wp-content\/uploads\/sites\/9\/2023\/09\/Michaelistrasse-2023-5-scaled.jpg\"><figure class=\"swiper-slide-inner\"><img decoding=\"async\" class=\"swiper-slide-image\" src=\"https:\/\/jfb-stiftung.de\/st-paulus-stift-neuoetting\/wp-content\/uploads\/sites\/9\/2023\/09\/Michaelistrasse-2023-5-500x500.jpg\" alt=\"Michaelistra\u00dfe 2023 (5)\" \/><\/figure><\/a><\/div><div class=\"swiper-slide\" role=\"group\" aria-roledescription=\"slide\" aria-label=\"2 von 12\"><a data-elementor-open-lightbox=\"yes\" data-elementor-lightbox-slideshow=\"437f4215\" data-elementor-lightbox-title=\"Michaelistra\u00dfe 2023 (1)\" data-e-action-hash=\"#elementor-action%3Aaction%3Dlightbox%26settings%3DeyJpZCI6NzEzNywidXJsIjoiaHR0cHM6XC9cL2pmYi1zdGlmdHVuZy5kZVwvc3QtcGF1bHVzLXN0aWZ0LW5ldW9ldHRpbmdcL3dwLWNvbnRlbnRcL3VwbG9hZHNcL3NpdGVzXC85XC8yMDIzXC8wOVwvTWljaGFlbGlzdHJhc3NlLTIwMjMtMS1zY2FsZWQuanBnIiwic2xpZGVzaG93IjoiNDM3ZjQyMTUifQ%3D%3D\" href=\"https:\/\/jfb-stiftung.de\/st-paulus-stift-neuoetting\/wp-content\/uploads\/sites\/9\/2023\/09\/Michaelistrasse-2023-1-scaled.jpg\"><figure class=\"swiper-slide-inner\"><img decoding=\"async\" class=\"swiper-slide-image\" src=\"https:\/\/jfb-stiftung.de\/st-paulus-stift-neuoetting\/wp-content\/uploads\/sites\/9\/2023\/09\/Michaelistrasse-2023-1-500x500.jpg\" alt=\"Michaelistra\u00dfe 2023 (1)\" \/><\/figure><\/a><\/div><div class=\"swiper-slide\" role=\"group\" aria-roledescription=\"slide\" aria-label=\"3 von 12\"><a data-elementor-open-lightbox=\"yes\" data-elementor-lightbox-slideshow=\"437f4215\" data-elementor-lightbox-title=\"Michaelistra\u00dfe 2023 (4)\" data-e-action-hash=\"#elementor-action%3Aaction%3Dlightbox%26settings%3DeyJpZCI6NzE0MCwidXJsIjoiaHR0cHM6XC9cL2pmYi1zdGlmdHVuZy5kZVwvc3QtcGF1bHVzLXN0aWZ0LW5ldW9ldHRpbmdcL3dwLWNvbnRlbnRcL3VwbG9hZHNcL3NpdGVzXC85XC8yMDIzXC8wOVwvTWljaGFlbGlzdHJhc3NlLTIwMjMtNC1zY2FsZWQuanBnIiwic2xpZGVzaG93IjoiNDM3ZjQyMTUifQ%3D%3D\" href=\"https:\/\/jfb-stiftung.de\/st-paulus-stift-neuoetting\/wp-content\/uploads\/sites\/9\/2023\/09\/Michaelistrasse-2023-4-scaled.jpg\"><figure class=\"swiper-slide-inner\"><img decoding=\"async\" class=\"swiper-slide-image\" src=\"https:\/\/jfb-stiftung.de\/st-paulus-stift-neuoetting\/wp-content\/uploads\/sites\/9\/2023\/09\/Michaelistrasse-2023-4-500x500.jpg\" alt=\"Michaelistra\u00dfe 2023 (4)\" \/><\/figure><\/a><\/div><div class=\"swiper-slide\" role=\"group\" aria-roledescription=\"slide\" aria-label=\"4 von 12\"><a data-elementor-open-lightbox=\"yes\" data-elementor-lightbox-slideshow=\"437f4215\" data-elementor-lightbox-title=\"Michaelistra\u00dfe 2023 (3)\" data-e-action-hash=\"#elementor-action%3Aaction%3Dlightbox%26settings%3DeyJpZCI6NzEzOSwidXJsIjoiaHR0cHM6XC9cL2pmYi1zdGlmdHVuZy5kZVwvc3QtcGF1bHVzLXN0aWZ0LW5ldW9ldHRpbmdcL3dwLWNvbnRlbnRcL3VwbG9hZHNcL3NpdGVzXC85XC8yMDIzXC8wOVwvTWljaGFlbGlzdHJhc3NlLTIwMjMtMy1zY2FsZWQuanBnIiwic2xpZGVzaG93IjoiNDM3ZjQyMTUifQ%3D%3D\" href=\"https:\/\/jfb-stiftung.de\/st-paulus-stift-neuoetting\/wp-content\/uploads\/sites\/9\/2023\/09\/Michaelistrasse-2023-3-scaled.jpg\"><figure class=\"swiper-slide-inner\"><img decoding=\"async\" class=\"swiper-slide-image\" src=\"https:\/\/jfb-stiftung.de\/st-paulus-stift-neuoetting\/wp-content\/uploads\/sites\/9\/2023\/09\/Michaelistrasse-2023-3-500x500.jpg\" alt=\"Michaelistra\u00dfe 2023 (3)\" \/><\/figure><\/a><\/div><div class=\"swiper-slide\" role=\"group\" aria-roledescription=\"slide\" aria-label=\"5 von 12\"><a data-elementor-open-lightbox=\"yes\" data-elementor-lightbox-slideshow=\"437f4215\" data-elementor-lightbox-title=\"Yoga Spagat\" data-e-action-hash=\"#elementor-action%3Aaction%3Dlightbox%26settings%3DeyJpZCI6Nzk1MiwidXJsIjoiaHR0cHM6XC9cL2pmYi1zdGlmdHVuZy5kZVwvc3QtcGF1bHVzLXN0aWZ0LW5ldW9ldHRpbmdcL3dwLWNvbnRlbnRcL3VwbG9hZHNcL3NpdGVzXC85XC8yMDI0XC8wM1wvWW9nYS1TcGFnYXQuanBnIiwic2xpZGVzaG93IjoiNDM3ZjQyMTUifQ%3D%3D\" href=\"https:\/\/jfb-stiftung.de\/st-paulus-stift-neuoetting\/wp-content\/uploads\/sites\/9\/2024\/03\/Yoga-Spagat.jpg\"><figure class=\"swiper-slide-inner\"><img decoding=\"async\" class=\"swiper-slide-image\" src=\"https:\/\/jfb-stiftung.de\/st-paulus-stift-neuoetting\/wp-content\/uploads\/sites\/9\/2024\/03\/Yoga-Spagat-500x500.jpg\" alt=\"Yoga Spagat\" \/><\/figure><\/a><\/div><div class=\"swiper-slide\" role=\"group\" aria-roledescription=\"slide\" aria-label=\"6 von 12\"><a data-elementor-open-lightbox=\"yes\" data-elementor-lightbox-slideshow=\"437f4215\" data-elementor-lightbox-title=\"junge Frau_Kerwe N\u00d6_Standbild mit Logo\" data-e-action-hash=\"#elementor-action%3Aaction%3Dlightbox%26settings%3DeyJpZCI6MzU2MCwidXJsIjoiaHR0cHM6XC9cL2pmYi1zdGlmdHVuZy5kZVwvc3QtcGF1bHVzLXN0aWZ0LW5ldW9ldHRpbmdcL3dwLWNvbnRlbnRcL3VwbG9hZHNcL3NpdGVzXC85XC8yMDIxXC8wN1wvanVuZ2UtRnJhdV9LZXJ3ZS1OT2VfU3RhbmRiaWxkLW1pdC1Mb2dvLmpwZyIsInNsaWRlc2hvdyI6IjQzN2Y0MjE1In0%3D\" href=\"https:\/\/jfb-stiftung.de\/st-paulus-stift-neuoetting\/wp-content\/uploads\/sites\/9\/2021\/07\/junge-Frau_Kerwe-NOe_Standbild-mit-Logo.jpg\"><figure class=\"swiper-slide-inner\"><img decoding=\"async\" class=\"swiper-slide-image\" src=\"https:\/\/jfb-stiftung.de\/st-paulus-stift-neuoetting\/wp-content\/uploads\/sites\/9\/2021\/07\/junge-Frau_Kerwe-NOe_Standbild-mit-Logo-500x500.jpg\" alt=\"junge Frau_Kerwe N\u00d6_Standbild mit Logo\" \/><\/figure><\/a><\/div><div class=\"swiper-slide\" role=\"group\" aria-roledescription=\"slide\" aria-label=\"7 von 12\"><a data-elementor-open-lightbox=\"yes\" data-elementor-lightbox-slideshow=\"437f4215\" data-elementor-lightbox-title=\"Michaelistra\u00dfe 2023 (2)\" data-e-action-hash=\"#elementor-action%3Aaction%3Dlightbox%26settings%3DeyJpZCI6NzEzOCwidXJsIjoiaHR0cHM6XC9cL2pmYi1zdGlmdHVuZy5kZVwvc3QtcGF1bHVzLXN0aWZ0LW5ldW9ldHRpbmdcL3dwLWNvbnRlbnRcL3VwbG9hZHNcL3NpdGVzXC85XC8yMDIzXC8wOVwvTWljaGFlbGlzdHJhc3NlLTIwMjMtMi1zY2FsZWQuanBnIiwic2xpZGVzaG93IjoiNDM3ZjQyMTUifQ%3D%3D\" href=\"https:\/\/jfb-stiftung.de\/st-paulus-stift-neuoetting\/wp-content\/uploads\/sites\/9\/2023\/09\/Michaelistrasse-2023-2-scaled.jpg\"><figure class=\"swiper-slide-inner\"><img decoding=\"async\" class=\"swiper-slide-image\" src=\"https:\/\/jfb-stiftung.de\/st-paulus-stift-neuoetting\/wp-content\/uploads\/sites\/9\/2023\/09\/Michaelistrasse-2023-2-500x500.jpg\" alt=\"Michaelistra\u00dfe 2023 (2)\" \/><\/figure><\/a><\/div><div class=\"swiper-slide\" role=\"group\" aria-roledescription=\"slide\" aria-label=\"8 von 12\"><a data-elementor-open-lightbox=\"yes\" data-elementor-lightbox-slideshow=\"437f4215\" data-elementor-lightbox-title=\"Yoga Beitragsbild\" data-e-action-hash=\"#elementor-action%3Aaction%3Dlightbox%26settings%3DeyJpZCI6Nzk0OSwidXJsIjoiaHR0cHM6XC9cL2pmYi1zdGlmdHVuZy5kZVwvc3QtcGF1bHVzLXN0aWZ0LW5ldW9ldHRpbmdcL3dwLWNvbnRlbnRcL3VwbG9hZHNcL3NpdGVzXC85XC8yMDI0XC8wM1wvWW9nYS1CZWl0cmFnc2JpbGQuanBnIiwic2xpZGVzaG93IjoiNDM3ZjQyMTUifQ%3D%3D\" href=\"https:\/\/jfb-stiftung.de\/st-paulus-stift-neuoetting\/wp-content\/uploads\/sites\/9\/2024\/03\/Yoga-Beitragsbild.jpg\"><figure class=\"swiper-slide-inner\"><img decoding=\"async\" class=\"swiper-slide-image\" src=\"https:\/\/jfb-stiftung.de\/st-paulus-stift-neuoetting\/wp-content\/uploads\/sites\/9\/2024\/03\/Yoga-Beitragsbild-500x500.jpg\" alt=\"Yoga Beitragsbild\" \/><\/figure><\/a><\/div><div class=\"swiper-slide\" role=\"group\" aria-roledescription=\"slide\" aria-label=\"9 von 12\"><a data-elementor-open-lightbox=\"yes\" data-elementor-lightbox-slideshow=\"437f4215\" data-elementor-lightbox-title=\"Au\u00dfenbereich_Michaelistra\u00dfe_lowres\" data-e-action-hash=\"#elementor-action%3Aaction%3Dlightbox%26settings%3DeyJpZCI6Mjg5MywidXJsIjoiaHR0cHM6XC9cL2pmYi1zdGlmdHVuZy5kZVwvc3QtcGF1bHVzLXN0aWZ0LW5ldW9ldHRpbmdcL3dwLWNvbnRlbnRcL3VwbG9hZHNcL3NpdGVzXC85XC8yMDIxXC8wNlwvQXVzc2VuYmVyZWljaF9NaWNoYWVsaXN0cmFzc2VfbG93cmVzLmpwZyIsInNsaWRlc2hvdyI6IjQzN2Y0MjE1In0%3D\" href=\"https:\/\/jfb-stiftung.de\/st-paulus-stift-neuoetting\/wp-content\/uploads\/sites\/9\/2021\/06\/Aussenbereich_Michaelistrasse_lowres.jpg\"><figure class=\"swiper-slide-inner\"><img decoding=\"async\" class=\"swiper-slide-image\" src=\"https:\/\/jfb-stiftung.de\/st-paulus-stift-neuoetting\/wp-content\/uploads\/sites\/9\/2021\/06\/Aussenbereich_Michaelistrasse_lowres-500x500.jpg\" alt=\"Au\u00dfenbereich_Michaelistra\u00dfe_lowres\" \/><\/figure><\/a><\/div><div class=\"swiper-slide\" role=\"group\" aria-roledescription=\"slide\" aria-label=\"10 von 12\"><a data-elementor-open-lightbox=\"yes\" data-elementor-lightbox-slideshow=\"437f4215\" data-elementor-lightbox-title=\"Garten_Pavillion_Michaeli_lowres\" data-e-action-hash=\"#elementor-action%3Aaction%3Dlightbox%26settings%3DeyJpZCI6Mjg5NywidXJsIjoiaHR0cHM6XC9cL2pmYi1zdGlmdHVuZy5kZVwvc3QtcGF1bHVzLXN0aWZ0LW5ldW9ldHRpbmdcL3dwLWNvbnRlbnRcL3VwbG9hZHNcL3NpdGVzXC85XC8yMDIxXC8wNlwvR2FydGVuX1BhdmlsbGlvbl9NaWNoYWVsaV9sb3dyZXMtMS5qcGciLCJzbGlkZXNob3ciOiI0MzdmNDIxNSJ9\" href=\"https:\/\/jfb-stiftung.de\/st-paulus-stift-neuoetting\/wp-content\/uploads\/sites\/9\/2021\/06\/Garten_Pavillion_Michaeli_lowres-1.jpg\"><figure class=\"swiper-slide-inner\"><img decoding=\"async\" class=\"swiper-slide-image\" src=\"https:\/\/jfb-stiftung.de\/st-paulus-stift-neuoetting\/wp-content\/uploads\/sites\/9\/2021\/06\/Garten_Pavillion_Michaeli_lowres-1-500x500.jpg\" alt=\"Garten_Pavillion_Michaeli_lowres\" \/><\/figure><\/a><\/div><div class=\"swiper-slide\" role=\"group\" aria-roledescription=\"slide\" aria-label=\"11 von 12\"><a data-elementor-open-lightbox=\"yes\" data-elementor-lightbox-slideshow=\"437f4215\" data-elementor-lightbox-title=\"Geb\u00e4ude_Michaelistra\u00dfe_lowres\" data-e-action-hash=\"#elementor-action%3Aaction%3Dlightbox%26settings%3DeyJpZCI6MjkwMSwidXJsIjoiaHR0cHM6XC9cL2pmYi1zdGlmdHVuZy5kZVwvc3QtcGF1bHVzLXN0aWZ0LW5ldW9ldHRpbmdcL3dwLWNvbnRlbnRcL3VwbG9hZHNcL3NpdGVzXC85XC8yMDIxXC8wNlwvR2ViYWV1ZGVfTWljaGFlbGlzdHJhc3NlX2xvd3Jlcy5qcGciLCJzbGlkZXNob3ciOiI0MzdmNDIxNSJ9\" href=\"https:\/\/jfb-stiftung.de\/st-paulus-stift-neuoetting\/wp-content\/uploads\/sites\/9\/2021\/06\/Gebaeude_Michaelistrasse_lowres.jpg\"><figure class=\"swiper-slide-inner\"><img decoding=\"async\" class=\"swiper-slide-image\" src=\"https:\/\/jfb-stiftung.de\/st-paulus-stift-neuoetting\/wp-content\/uploads\/sites\/9\/2021\/06\/Gebaeude_Michaelistrasse_lowres-500x500.jpg\" alt=\"Geb\u00e4ude_Michaelistra\u00dfe_lowres\" \/><\/figure><\/a><\/div><div class=\"swiper-slide\" role=\"group\" aria-roledescription=\"slide\" aria-label=\"12 von 12\"><a data-elementor-open-lightbox=\"yes\" data-elementor-lightbox-slideshow=\"437f4215\" data-elementor-lightbox-title=\"Geb\u00e4ude mit Garten_Michaeli_lowres\" data-e-action-hash=\"#elementor-action%3Aaction%3Dlightbox%26settings%3DeyJpZCI6Mjg5OCwidXJsIjoiaHR0cHM6XC9cL2pmYi1zdGlmdHVuZy5kZVwvc3QtcGF1bHVzLXN0aWZ0LW5ldW9ldHRpbmdcL3dwLWNvbnRlbnRcL3VwbG9hZHNcL3NpdGVzXC85XC8yMDIxXC8wNlwvR2ViYWV1ZGUtbWl0LUdhcnRlbl9NaWNoYWVsaV9sb3dyZXMuanBnIiwic2xpZGVzaG93IjoiNDM3ZjQyMTUifQ%3D%3D\" href=\"https:\/\/jfb-stiftung.de\/st-paulus-stift-neuoetting\/wp-content\/uploads\/sites\/9\/2021\/06\/Gebaeude-mit-Garten_Michaeli_lowres.jpg\"><figure class=\"swiper-slide-inner\"><img decoding=\"async\" class=\"swiper-slide-image\" src=\"https:\/\/jfb-stiftung.de\/st-paulus-stift-neuoetting\/wp-content\/uploads\/sites\/9\/2021\/06\/Gebaeude-mit-Garten_Michaeli_lowres-500x500.jpg\" alt=\"Geb\u00e4ude mit Garten_Michaeli_lowres\" \/><\/figure><\/a><\/div>\t\t\t<\/div>\n\t\t\t\t\t\t\t\t\t\t\t\t<div class=\"elementor-swiper-button elementor-swiper-button-prev\" role=\"button\" tabindex=\"0\">\n\t\t\t\t\t\t<svg aria-hidden=\"true\" class=\"e-font-icon-svg e-eicon-chevron-left\" viewBox=\"0 0 1000 1000\" xmlns=\"http:\/\/www.w3.org\/2000\/svg\"><path d=\"M646 125C629 125 613 133 604 142L308 442C296 454 292 471 292 487 292 504 296 521 308 533L604 854C617 867 629 875 646 875 663 875 679 871 692 858 704 846 713 829 713 812 713 796 708 779 692 767L438 487 692 225C700 217 708 204 708 187 708 171 704 154 692 142 675 129 663 125 646 125Z\"><\/path><\/svg>\t\t\t\t\t<\/div>\n\t\t\t\t\t<div class=\"elementor-swiper-button elementor-swiper-button-next\" role=\"button\" tabindex=\"0\">\n\t\t\t\t\t\t<svg aria-hidden=\"true\" class=\"e-font-icon-svg e-eicon-chevron-right\" viewBox=\"0 0 1000 1000\" xmlns=\"http:\/\/www.w3.org\/2000\/svg\"><path d=\"M696 533C708 521 713 504 713 487 713 471 708 454 696 446L400 146C388 133 375 125 354 125 338 125 325 129 313 142 300 154 292 171 292 187 292 204 296 221 308 233L563 492 304 771C292 783 288 800 288 817 288 833 296 850 308 863 321 871 338 875 354 875 371 875 388 867 400 854L696 533Z\"><\/path><\/svg>\t\t\t\t\t<\/div>\n\t\t\t\t\n\t\t\t\t\t\t\t\t\t<div class=\"swiper-pagination\"><\/div>\n\t\t\t\t\t\t\t\t\t<\/div>\n\t\t\t\t\t\t<\/div>\n\t\t\t\t\t<\/div>\n\t\t<\/section>\n\t\t\t\t\t<\/div>\n\t\t<\/section>\n\t\t\t\t<\/div>\n\t\t","protected":false},"excerpt":{"rendered":"<p>Zusammen wohnen &#8211; gemeinsam durchs Leben Selbstbestimmung bildet die Basis unseres heilp\u00e4dagogischen Handelns. Auf dieser Grundlage bieten wir\u00a0 in der Wohngemeinschaft in der\u00a0Michaelistra\u00dfe f\u00fcr bis zu 26 jungen Frauen und \u2026<\/p>\n","protected":false},"author":1,"featured_media":0,"parent":32,"menu_order":20,"comment_status":"closed","ping_status":"closed","template":"","meta":{"_acf_changed":false,"footnotes":""},"class_list":["post-1963","page","type-page","status-publish","hentry"],"acf":[],"publishpress_future_action":{"enabled":false,"date":"2026-05-07 11:03:29","action":"change-status","newStatus":"draft","terms":[],"taxonomy":"","extraData":[]},"publishpress_future_workflow_manual_trigger":{"enabledWorkflows":[]},"_links":{"self":[{"href":"https:\/\/jfb-stiftung.de\/st-paulus-stift-neuoetting\/wp-json\/wp\/v2\/pages\/1963","targetHints":{"allow":["GET"]}}],"collection":[{"href":"https:\/\/jfb-stiftung.de\/st-paulus-stift-neuoetting\/wp-json\/wp\/v2\/pages"}],"about":[{"href":"https:\/\/jfb-stiftung.de\/st-paulus-stift-neuoetting\/wp-json\/wp\/v2\/types\/page"}],"author":[{"embeddable":true,"href":"https:\/\/jfb-stiftung.de\/st-paulus-stift-neuoetting\/wp-json\/wp\/v2\/users\/1"}],"replies":[{"embeddable":true,"href":"https:\/\/jfb-stiftung.de\/st-paulus-stift-neuoetting\/wp-json\/wp\/v2\/comments?post=1963"}],"version-history":[{"count":3,"href":"https:\/\/jfb-stiftung.de\/st-paulus-stift-neuoetting\/wp-json\/wp\/v2\/pages\/1963\/revisions"}],"predecessor-version":[{"id":10061,"href":"https:\/\/jfb-stiftung.de\/st-paulus-stift-neuoetting\/wp-json\/wp\/v2\/pages\/1963\/revisions\/10061"}],"up":[{"embeddable":true,"href":"https:\/\/jfb-stiftung.de\/st-paulus-stift-neuoetting\/wp-json\/wp\/v2\/pages\/32"}],"wp:attachment":[{"href":"https:\/\/jfb-stiftung.de\/st-paulus-stift-neuoetting\/wp-json\/wp\/v2\/media?parent=1963"}],"curies":[{"name":"wp","href":"https:\/\/api.w.org\/{rel}","templated":true}]}}