{"id":1950,"date":"2021-05-14T11:24:25","date_gmt":"2021-05-14T09:24:25","guid":{"rendered":"https:\/\/jfb-stiftung.de\/st-paulus-stift-neuoetting\/?page_id=1950"},"modified":"2025-05-26T17:17:16","modified_gmt":"2025-05-26T15:17:16","slug":"mav","status":"publish","type":"page","link":"https:\/\/jfb-stiftung.de\/st-paulus-stift-neuoetting\/wir-ueber-uns\/mav\/","title":{"rendered":"MAV"},"content":{"rendered":"\t\t<div data-elementor-type=\"wp-page\" data-elementor-id=\"1950\" class=\"elementor elementor-1950\" data-elementor-post-type=\"page\">\n\t\t\t\t\t\t<section class=\"elementor-section elementor-top-section elementor-element elementor-element-7b0d2fd3 elementor-section-full_width elementor-section-stretched elementor-section-height-default elementor-section-height-default\" data-id=\"7b0d2fd3\" data-element_type=\"section\" data-e-type=\"section\" data-settings=\"{&quot;stretch_section&quot;:&quot;section-stretched&quot;}\">\n\t\t\t\t\t\t<div class=\"elementor-container elementor-column-gap-no\">\n\t\t\t\t\t<div class=\"elementor-column elementor-col-100 elementor-top-column elementor-element elementor-element-21330c23\" data-id=\"21330c23\" data-element_type=\"column\" data-e-type=\"column\">\n\t\t\t<div class=\"elementor-widget-wrap elementor-element-populated\">\n\t\t\t\t\t\t<div class=\"elementor-element elementor-element-7f02b1c8 elementor--h-position-left elementor--v-position-bottom elementor-arrows-position-inside elementor-pagination-position-inside elementor-widget elementor-widget-slides\" data-id=\"7f02b1c8\" data-element_type=\"widget\" data-e-type=\"widget\" data-settings=\"{&quot;autoplay_speed&quot;:&quot;10000&quot;,&quot;navigation&quot;:&quot;both&quot;,&quot;autoplay&quot;:&quot;yes&quot;,&quot;pause_on_hover&quot;:&quot;yes&quot;,&quot;pause_on_interaction&quot;:&quot;yes&quot;,&quot;infinite&quot;:&quot;yes&quot;,&quot;transition&quot;:&quot;slide&quot;,&quot;transition_speed&quot;:500}\" data-widget_type=\"slides.default\">\n\t\t\t\t\t\t\t\t\t\t<div class=\"elementor-slides-wrapper elementor-main-swiper swiper\" role=\"region\" aria-roledescription=\"carousel\" aria-label=\"Slider\" dir=\"ltr\" data-animation=\"fadeInLeft\">\n\t\t\t\t<div class=\"swiper-wrapper elementor-slides\">\n\t\t\t\t\t\t\t\t\t\t<div class=\"elementor-repeater-item-4c02bf4 swiper-slide\" role=\"group\" aria-roledescription=\"slide\"><div class=\"swiper-slide-bg\" role=\"img\" aria-label=\"MAV_Team_Header\"><\/div><div class=\"swiper-slide-inner\" ><div class=\"swiper-slide-contents\"><\/div><\/div><\/div>\t\t\t\t<\/div>\n\t\t\t\t\t\t\t<\/div>\n\t\t\t\t\t\t\t\t<\/div>\n\t\t\t\t\t<\/div>\n\t\t<\/div>\n\t\t\t\t\t<\/div>\n\t\t<\/section>\n\t\t\t\t<section class=\"elementor-section elementor-top-section elementor-element elementor-element-6be2c4b8 elementor-section-stretched elementor-section-content-top container-main content-sidebars elementor-section-boxed elementor-section-height-default elementor-section-height-default\" data-id=\"6be2c4b8\" data-element_type=\"section\" data-e-type=\"section\" data-settings=\"{&quot;background_background&quot;:&quot;classic&quot;,&quot;stretch_section&quot;:&quot;section-stretched&quot;}\">\n\t\t\t\t\t\t<div class=\"elementor-container elementor-column-gap-default\">\n\t\t\t\t\t<section class=\"elementor-column elementor-col-50 elementor-top-column elementor-element elementor-element-737cee02\" data-id=\"737cee02\" data-element_type=\"column\" data-e-type=\"column\">\n\t\t\t<div class=\"elementor-widget-wrap elementor-element-populated\">\n\t\t\t\t\t\t<div class=\"elementor-element elementor-element-32e9c329 elementor-widget elementor-widget-spacer\" data-id=\"32e9c329\" data-element_type=\"widget\" data-e-type=\"widget\" data-widget_type=\"spacer.default\">\n\t\t\t\t\t\t\t<div class=\"elementor-spacer\">\n\t\t\t<div class=\"elementor-spacer-inner\"><\/div>\n\t\t<\/div>\n\t\t\t\t\t\t<\/div>\n\t\t\t\t<div class=\"elementor-element elementor-element-1fb4d8fd elementor-widget elementor-widget-wp-widget-xyz_insert_php_widget\" data-id=\"1fb4d8fd\" data-element_type=\"widget\" data-e-type=\"widget\" data-widget_type=\"wp-widget-xyz_insert_php_widget.default\">\n\t\t\t\t<div class=\"elementor-widget-container\">\n\t\t\t\t\t<h5> <\/h5><nav aria-label=\"breadcrumbs\" class=\"rank-math-breadcrumb\"><p><span class=\"last\">Startseite<\/span><\/p><\/nav>\t\t\t\t<\/div>\n\t\t\t\t<\/div>\n\t\t\t\t<div class=\"elementor-element elementor-element-b8eea7e hyphenate elementor-widget elementor-widget-theme-post-title elementor-page-title elementor-widget-heading\" data-id=\"b8eea7e\" data-element_type=\"widget\" data-e-type=\"widget\" data-widget_type=\"theme-post-title.default\">\n\t\t\t\t\t<h1 class=\"elementor-heading-title elementor-size-default\">MAV<\/h1>\t\t\t\t<\/div>\n\t\t\t\t<div class=\"elementor-element elementor-element-9ea837f elementor-widget elementor-widget-heading\" data-id=\"9ea837f\" data-element_type=\"widget\" data-e-type=\"widget\" data-widget_type=\"heading.default\">\n\t\t\t\t\t<h4 class=\"elementor-heading-title elementor-size-default\">Die MAV St. Paulus Stift Neu\u00f6tting (gew\u00e4hlt am 07.05.2025):<\/h4>\t\t\t\t<\/div>\n\t\t\t\t<div class=\"elementor-element elementor-element-854326b elementor-widget elementor-widget-text-editor\" data-id=\"854326b\" data-element_type=\"widget\" data-e-type=\"widget\" data-widget_type=\"text-editor.default\">\n\t\t\t\t\t\t\t\t\t<p><strong>Allgemeine Aufgaben der Mitarbeiter*innenvertretung:<\/strong><\/p><p>Die Mitarbeiter*innenvertretung (MAV) ist der Personal- oder Betriebsrat in kirchlichen Einrichtungen. Jede\/r Arbeitnehmer*in hat das Recht, sich vertreten zu lassen. Die MAV befasst sich mit allen Angelegenheiten, die das Arbeitsverh\u00e4ltnis betreffen und sorgt daf\u00fcr, dass jede\/r Mitarbeiter*in zu ihrem\/seinem Recht kommt. Sie<\/p><ul><li>informiert und ber\u00e4t Mitarbeiter*innen \u00fcber Themen des Arbeits- und Tarifrechtes \u00a0<\/li><li>vertritt die Anliegen der Mitarbeiter*innen gegen\u00fcber dem Dienstgeber<\/li><li>hat gegen\u00fcber dem Dienstgeber vielf\u00e4ltige Informations-, Beratungs- und Zustimmungsrechte<\/li><li>Zur Mitarbeiter*innenversammlung wird mindestens einmal im Jahr von der MAV eingeladen. Dieser Termin &#8211; meist im Herbst &#8211; ist f\u00fcr alle Mitarbeiterinnen und Mitarbeiter von besonderem Interesse, da hier die MAV \u00fcber ihre Aktivit\u00e4ten Bericht gibt und aktuelle Probleme noch einmal in einem gr\u00f6\u00dferen Kreis zur Sprache gebracht werden k\u00f6nnen<\/li><li>MAV und Dienstgeber sind aufgrund der religi\u00f6sen Dimension des kirchlichen Dienstes dazu verpflichtet, vertrauensvoll und partnerschaftlich zusammenzuarbeiten (\u00a7 26).<\/li><li>MAV und Dienstgeber informieren sich gegenseitig \u00fcber alle Angelegenheiten der Dienstgemeinschaft (\u00a7 27).<\/li><li>MAV und Dienstgeber treffen sich mindestens einmal im Jahr zu einer gemeinsamen Sitzung (\u00a7 39).<\/li><\/ul><p>Gesetzliche Grundlage der Mitarbeiter*innenvertretung im St. Paulus Stift Neu\u00f6tting ist die Mitarbeitervertretungsordnung (MAVO) f\u00fcr die Di\u00f6zese Speyer.\u00a0<\/p>\t\t\t\t\t\t\t\t<\/div>\n\t\t\t\t<div class=\"elementor-element elementor-element-952696c elementor-widget elementor-widget-text-editor\" data-id=\"952696c\" data-element_type=\"widget\" data-e-type=\"widget\" data-widget_type=\"text-editor.default\">\n\t\t\t\t\t\t\t\t\t<p><strong>Die MAV hat u. a. folgende Aufgaben:<\/strong><\/p><p>Zustimmung bei:<\/p><ul><li>Einstellungen<\/li><li>Fragen der H\u00f6hergruppierung,\u00a0Bew\u00e4hrungsaufstiegen<\/li><li>Versetzung und Abordnung<\/li><li>\u00dcbertragung einer h\u00f6herwertigen T\u00e4tigkeit<\/li><li>Zustimmung und Antragsrecht (mit dem Ziel einer Dienstvereinbarung)<\/li><li>\u00c4nderung von Beginn und Ende der w\u00f6chentlichen Arbeitszeit<\/li><li>Richtlinien zum Urlaubsplan und Urlaubsregelungen<\/li><li>Einf\u00fchrung von technischen Anlagen, die das Verhalten und die Leistung von Mitarbeitern \u00fcberwachen k\u00f6nnten, wie:<\/li><li>Arbeitszeiterfassung<\/li><li>Anh\u00f6rungen und Mitberatung bei allen K\u00fcndigungen<\/li><\/ul><p>Anh\u00f6rung, Mitberatung und Vorschlagsrecht bei:<\/p><ul><li>\u00c4nderung von Beginn und Ende der t\u00e4glichen Arbeitszeit<\/li><li>\u00c4nderung und Erg\u00e4nzung des Stellenplans<\/li><li>Durchf\u00fchrung, Teilnahme von Fortbildungsma\u00dfnahmen<\/li><li>Ma\u00dfnahmen im Bereich Arbeitsschutz, Unfallverh\u00fctung<\/li><\/ul><p><strong>MAV des St. Paulus Stifts &#8211; konkret:<\/strong><\/p><p>Der Vorsitz ist wie folgt gew\u00e4hlt:<\/p><p>Vorsitzender: Michael Kirschenheuter<br \/>Stellv. <!-- [if gte mso 9]><xml><br \/> <o:OfficeDocumentSettings><br \/>  <o:AllowPNG\/><br \/> <\/o:OfficeDocumentSettings><br \/><\/xml><![endif]--><!-- [if gte mso 9]><xml><br \/> <w:WordDocument><br \/>  <w:View>Normal<\/w:View><br \/>  <w:Zoom>0<\/w:Zoom><br \/>  <w:TrackMoves\/><br \/>  <w:TrackFormatting\/><br \/>  <w:HyphenationZone>21<\/w:HyphenationZone><br \/>  <w:PunctuationKerning\/><br \/>  <w:ValidateAgainstSchemas\/><br \/>  <w:SaveIfXMLInvalid>false<\/w:SaveIfXMLInvalid><br \/>  <w:IgnoreMixedContent>false<\/w:IgnoreMixedContent><br \/>  <w:AlwaysShowPlaceholderText>false<\/w:AlwaysShowPlaceholderText><br \/>  <w:DoNotPromoteQF\/><br \/>  <w:LidThemeOther>DE<\/w:LidThemeOther><br \/>  <w:LidThemeAsian>X-NONE<\/w:LidThemeAsian><br \/>  <w:LidThemeComplexScript>X-NONE<\/w:LidThemeComplexScript><br \/>  <w:Compatibility><br \/>   <w:BreakWrappedTables\/><br \/>   <w:SnapToGridInCell\/><br \/>   <w:WrapTextWithPunct\/><br \/>   <w:UseAsianBreakRules\/><br \/>   <w:DontGrowAutofit\/><br \/>   <w:SplitPgBreakAndParaMark\/><br \/>   <w:EnableOpenTypeKerning\/><br \/>   <w:DontFlipMirrorIndents\/><br \/>   <w:OverrideTableStyleHps\/><br \/>  <\/w:Compatibility><br \/>  <m:mathPr><br \/>   <m:mathFont m:val=\"Cambria Math\"\/><br \/>   <m:brkBin m:val=\"before\"\/><br \/>   <m:brkBinSub m:val=\"&#45;-\"\/><br \/>   <m:smallFrac m:val=\"off\"\/><br \/>   <m:dispDef\/><br \/>   <m:lMargin m:val=\"0\"\/><br \/>   <m:rMargin m:val=\"0\"\/><br \/>   <m:defJc m:val=\"centerGroup\"\/><br \/>   <m:wrapIndent m:val=\"1440\"\/><br \/>   <m:intLim m:val=\"subSup\"\/><br \/>   <m:naryLim m:val=\"undOvr\"\/><br \/>  <\/m:mathPr><\/w:WordDocument><br \/><\/xml><![endif]-->Vorsitzende\/Schriftf\u00fchrerin: Sabine Beier<br \/>Stellv. Vorsitzender\/Schriftf\u00fchrer: Klaus Denk<\/p><p>Die MAV des St. Paulus Stiftes ber\u00e4t Mitarbeiterinnen und Mitarbeiter individuell. Alle MAV-Mitglieder stehen als Ansprechpartner*in zur Verf\u00fcgung. Sie haben eine Schweigepflicht gegen\u00fcber Dritten.<\/p>\t\t\t\t\t\t\t\t<\/div>\n\t\t\t\t\t<\/div>\n\t\t<\/section>\n\t\t\t\t<aside class=\"elementor-column elementor-col-50 elementor-top-column elementor-element elementor-element-23368903 sidebar\" data-id=\"23368903\" data-element_type=\"column\" data-e-type=\"column\">\n\t\t\t<div class=\"elementor-widget-wrap elementor-element-populated\">\n\t\t\t\t\t\t<div class=\"elementor-element elementor-element-12f1c013 elementor-widget elementor-widget-spacer\" data-id=\"12f1c013\" data-element_type=\"widget\" data-e-type=\"widget\" data-widget_type=\"spacer.default\">\n\t\t\t\t\t\t\t<div class=\"elementor-spacer\">\n\t\t\t<div class=\"elementor-spacer-inner\"><\/div>\n\t\t<\/div>\n\t\t\t\t\t\t<\/div>\n\t\t\t\t<div class=\"elementor-element elementor-element-4cc4d6d1 hyphenate elementor-widget elementor-widget-heading\" data-id=\"4cc4d6d1\" data-element_type=\"widget\" data-e-type=\"widget\" data-widget_type=\"heading.default\">\n\t\t\t\t\t<h4 class=\"elementor-heading-title elementor-size-default\">Kontakt<\/h4>\t\t\t\t<\/div>\n\t\t\t\t<div class=\"elementor-element elementor-element-e6f3782 elementor-widget elementor-widget-image\" data-id=\"e6f3782\" data-element_type=\"widget\" data-e-type=\"widget\" data-widget_type=\"image.default\">\n\t\t\t\t\t\t\t\t\t\t\t\t\t\t\t<img fetchpriority=\"high\" decoding=\"async\" width=\"895\" height=\"1200\" src=\"https:\/\/jfb-stiftung.de\/st-paulus-stift-neuoetting\/wp-content\/uploads\/sites\/9\/2025\/05\/Michael-Kirschenheuter-895x1200.png\" class=\"attachment-large size-large wp-image-10319\" alt=\"\" srcset=\"https:\/\/jfb-stiftung.de\/st-paulus-stift-neuoetting\/wp-content\/uploads\/sites\/9\/2025\/05\/Michael-Kirschenheuter-895x1200.png 895w, https:\/\/jfb-stiftung.de\/st-paulus-stift-neuoetting\/wp-content\/uploads\/sites\/9\/2025\/05\/Michael-Kirschenheuter-746x1000.png 746w, https:\/\/jfb-stiftung.de\/st-paulus-stift-neuoetting\/wp-content\/uploads\/sites\/9\/2025\/05\/Michael-Kirschenheuter-768x1030.png 768w, https:\/\/jfb-stiftung.de\/st-paulus-stift-neuoetting\/wp-content\/uploads\/sites\/9\/2025\/05\/Michael-Kirschenheuter-1145x1536.png 1145w, https:\/\/jfb-stiftung.de\/st-paulus-stift-neuoetting\/wp-content\/uploads\/sites\/9\/2025\/05\/Michael-Kirschenheuter.png 1454w\" sizes=\"(max-width: 895px) 100vw, 895px\">\t\t\t\t\t\t\t\t\t\t\t\t\t\t\t<\/div>\n\t\t\t\t<div class=\"elementor-element elementor-element-267744d7 elementor-widget elementor-widget-text-editor\" data-id=\"267744d7\" data-element_type=\"widget\" data-e-type=\"widget\" data-widget_type=\"text-editor.default\">\n\t\t\t\t\t\t\t\t\t<p><strong>Vorsitzender:<\/strong> <br \/><strong>Herr Michael Kirschenheuter<\/strong><\/p>\t\t\t\t\t\t\t\t<\/div>\n\t\t\t\t<div class=\"elementor-element elementor-element-5f73945 elementor-widget elementor-widget-text-editor\" data-id=\"5f73945\" data-element_type=\"widget\" data-e-type=\"widget\" data-widget_type=\"text-editor.default\">\n\t\t\t\t\t\t\t\t\t<p>Burghauser Stra\u00dfe 10<br \/>D-84524 Neu\u00f6tting<br \/>Telefon: <a href=\"tel:+4986717006240\">+49 (0) 8671 7006-221<\/a><br \/>E-Mail: <a href=\"mailto: michael.kirschenheuter@jfb-stiftung.de\" target=\"_blank\" rel=\"noopener\">Michael.Kirschenheuter@jfb-stiftung.de<\/a><\/p>\t\t\t\t\t\t\t\t<\/div>\n\t\t\t\t<div class=\"elementor-element elementor-element-38542600 elementor-widget elementor-widget-spacer\" data-id=\"38542600\" data-element_type=\"widget\" data-e-type=\"widget\" data-widget_type=\"spacer.default\">\n\t\t\t\t\t\t\t<div class=\"elementor-spacer\">\n\t\t\t<div class=\"elementor-spacer-inner\"><\/div>\n\t\t<\/div>\n\t\t\t\t\t\t<\/div>\n\t\t\t\t<div class=\"elementor-element elementor-element-d6e8424 elementor-align-center elementor-widget elementor-widget-button\" data-id=\"d6e8424\" data-element_type=\"widget\" data-e-type=\"widget\" data-widget_type=\"button.default\">\n\t\t\t\t\t\t\t\t\t\t<a class=\"elementor-button elementor-button-link elementor-size-sm\" href=\"https:\/\/jfb-stiftung.de\/st-paulus-stift-neuoetting\/wp-content\/uploads\/sites\/9\/2023\/06\/Flyer-MAV-NOe-2023.pdf\" target=\"_blank\">\n\t\t\t\t\t\t<span class=\"elementor-button-content-wrapper\">\n\t\t\t\t\t\t\t\t\t<span class=\"elementor-button-text\">Flyer MAV<\/span>\n\t\t\t\t\t<\/span>\n\t\t\t\t\t<\/a>\n\t\t\t\t\t\t\t\t<\/div>\n\t\t\t\t\t<\/div>\n\t\t<\/aside>\n\t\t\t\t\t<\/div>\n\t\t<\/section>\n\t\t\t\t<\/div>\n\t\t","protected":false},"excerpt":{"rendered":"<p>Die MAV St. Paulus Stift Neu\u00f6tting (gew\u00e4hlt am 07.05.2025): Allgemeine Aufgaben der Mitarbeiter*innenvertretung: Die Mitarbeiter*innenvertretung (MAV) ist der Personal- oder Betriebsrat in kirchlichen Einrichtungen. Jede\/r Arbeitnehmer*in hat das Recht, sich \u2026<\/p>\n","protected":false},"author":1,"featured_media":0,"parent":13,"menu_order":20,"comment_status":"closed","ping_status":"closed","template":"","meta":{"_acf_changed":false,"footnotes":""},"class_list":["post-1950","page","type-page","status-publish","hentry"],"acf":[],"publishpress_future_action":{"enabled":false,"date":"2026-05-07 10:58:36","action":"change-status","newStatus":"draft","terms":[],"taxonomy":"","extraData":[]},"publishpress_future_workflow_manual_trigger":{"enabledWorkflows":[]},"_links":{"self":[{"href":"https:\/\/jfb-stiftung.de\/st-paulus-stift-neuoetting\/wp-json\/wp\/v2\/pages\/1950","targetHints":{"allow":["GET"]}}],"collection":[{"href":"https:\/\/jfb-stiftung.de\/st-paulus-stift-neuoetting\/wp-json\/wp\/v2\/pages"}],"about":[{"href":"https:\/\/jfb-stiftung.de\/st-paulus-stift-neuoetting\/wp-json\/wp\/v2\/types\/page"}],"author":[{"embeddable":true,"href":"https:\/\/jfb-stiftung.de\/st-paulus-stift-neuoetting\/wp-json\/wp\/v2\/users\/1"}],"replies":[{"embeddable":true,"href":"https:\/\/jfb-stiftung.de\/st-paulus-stift-neuoetting\/wp-json\/wp\/v2\/comments?post=1950"}],"version-history":[{"count":9,"href":"https:\/\/jfb-stiftung.de\/st-paulus-stift-neuoetting\/wp-json\/wp\/v2\/pages\/1950\/revisions"}],"predecessor-version":[{"id":10336,"href":"https:\/\/jfb-stiftung.de\/st-paulus-stift-neuoetting\/wp-json\/wp\/v2\/pages\/1950\/revisions\/10336"}],"up":[{"embeddable":true,"href":"https:\/\/jfb-stiftung.de\/st-paulus-stift-neuoetting\/wp-json\/wp\/v2\/pages\/13"}],"wp:attachment":[{"href":"https:\/\/jfb-stiftung.de\/st-paulus-stift-neuoetting\/wp-json\/wp\/v2\/media?parent=1950"}],"curies":[{"name":"wp","href":"https:\/\/api.w.org\/{rel}","templated":true}]}}