{"id":13,"date":"2021-04-28T09:41:56","date_gmt":"2021-04-28T07:41:56","guid":{"rendered":"https:\/\/jfb-stiftung.de\/st-paulus-stift-neuoetting\/?page_id=13"},"modified":"2023-05-16T11:57:12","modified_gmt":"2023-05-16T09:57:12","slug":"wir-ueber-uns","status":"publish","type":"page","link":"https:\/\/jfb-stiftung.de\/st-paulus-stift-neuoetting\/wir-ueber-uns\/","title":{"rendered":"Wir \u00fcber uns"},"content":{"rendered":"\t\t<div data-elementor-type=\"wp-page\" data-elementor-id=\"13\" class=\"elementor elementor-13\" data-elementor-post-type=\"page\">\n\t\t\t\t\t\t<section class=\"elementor-section elementor-top-section elementor-element elementor-element-2ae0d150 elementor-section-full_width elementor-section-stretched elementor-section-height-default elementor-section-height-default\" data-id=\"2ae0d150\" data-element_type=\"section\" data-e-type=\"section\" data-settings=\"{&quot;stretch_section&quot;:&quot;section-stretched&quot;}\">\n\t\t\t\t\t\t<div class=\"elementor-container elementor-column-gap-no\">\n\t\t\t\t\t<div class=\"elementor-column elementor-col-100 elementor-top-column elementor-element elementor-element-5e611807\" data-id=\"5e611807\" data-element_type=\"column\" data-e-type=\"column\">\n\t\t\t<div class=\"elementor-widget-wrap elementor-element-populated\">\n\t\t\t\t\t\t<div class=\"elementor-element elementor-element-76722d78 elementor--h-position-left elementor--v-position-bottom elementor-arrows-position-inside elementor-pagination-position-inside elementor-widget elementor-widget-slides\" data-id=\"76722d78\" data-element_type=\"widget\" data-e-type=\"widget\" data-settings=\"{&quot;autoplay_speed&quot;:&quot;10000&quot;,&quot;navigation&quot;:&quot;both&quot;,&quot;autoplay&quot;:&quot;yes&quot;,&quot;pause_on_hover&quot;:&quot;yes&quot;,&quot;pause_on_interaction&quot;:&quot;yes&quot;,&quot;infinite&quot;:&quot;yes&quot;,&quot;transition&quot;:&quot;slide&quot;,&quot;transition_speed&quot;:500}\" data-widget_type=\"slides.default\">\n\t\t\t\t\t\t\t\t\t\t<div class=\"elementor-slides-wrapper elementor-main-swiper swiper\" role=\"region\" aria-roledescription=\"carousel\" aria-label=\"Slider\" dir=\"ltr\" data-animation=\"fadeInLeft\">\n\t\t\t\t<div class=\"swiper-wrapper elementor-slides\">\n\t\t\t\t\t\t\t\t\t\t<div class=\"elementor-repeater-item-4c02bf4 swiper-slide\" role=\"group\" aria-roledescription=\"slide\"><div class=\"swiper-slide-bg\" role=\"img\" aria-label=\"junge Frau_Garten an Baum gelehnt\"><\/div><div class=\"swiper-slide-inner\" ><div class=\"swiper-slide-contents\"><\/div><\/div><\/div>\t\t\t\t<\/div>\n\t\t\t\t\t\t\t<\/div>\n\t\t\t\t\t\t\t\t<\/div>\n\t\t\t\t\t<\/div>\n\t\t<\/div>\n\t\t\t\t\t<\/div>\n\t\t<\/section>\n\t\t\t\t<section class=\"elementor-section elementor-top-section elementor-element elementor-element-76ede2b3 elementor-section-stretched elementor-section-content-top container-main content-sidebars elementor-section-boxed elementor-section-height-default elementor-section-height-default\" data-id=\"76ede2b3\" data-element_type=\"section\" data-e-type=\"section\" data-settings=\"{&quot;background_background&quot;:&quot;classic&quot;,&quot;stretch_section&quot;:&quot;section-stretched&quot;}\">\n\t\t\t\t\t\t<div class=\"elementor-container elementor-column-gap-default\">\n\t\t\t\t\t<section class=\"elementor-column elementor-col-100 elementor-top-column elementor-element elementor-element-72f45373\" data-id=\"72f45373\" data-element_type=\"column\" data-e-type=\"column\">\n\t\t\t<div class=\"elementor-widget-wrap elementor-element-populated\">\n\t\t\t\t\t\t<div class=\"elementor-element elementor-element-ca88389 elementor-widget elementor-widget-spacer\" data-id=\"ca88389\" data-element_type=\"widget\" data-e-type=\"widget\" data-widget_type=\"spacer.default\">\n\t\t\t\t\t\t\t<div class=\"elementor-spacer\">\n\t\t\t<div class=\"elementor-spacer-inner\"><\/div>\n\t\t<\/div>\n\t\t\t\t\t\t<\/div>\n\t\t\t\t<div class=\"elementor-element elementor-element-7622f12a elementor-widget elementor-widget-wp-widget-xyz_insert_php_widget\" data-id=\"7622f12a\" data-element_type=\"widget\" data-e-type=\"widget\" data-widget_type=\"wp-widget-xyz_insert_php_widget.default\">\n\t\t\t\t<div class=\"elementor-widget-container\">\n\t\t\t\t\t<h5> <\/h5><nav aria-label=\"breadcrumbs\" class=\"rank-math-breadcrumb\"><p><span class=\"last\">Startseite<\/span><\/p><\/nav>\t\t\t\t<\/div>\n\t\t\t\t<\/div>\n\t\t\t\t<div class=\"elementor-element elementor-element-174709d hyphenate elementor-widget elementor-widget-theme-post-title elementor-page-title elementor-widget-heading\" data-id=\"174709d\" data-element_type=\"widget\" data-e-type=\"widget\" data-widget_type=\"theme-post-title.default\">\n\t\t\t\t\t<h1 class=\"elementor-heading-title elementor-size-default\">Wir \u00fcber uns<\/h1>\t\t\t\t<\/div>\n\t\t\t\t<div class=\"elementor-element elementor-element-613c545 elementor-widget elementor-widget-text-editor\" data-id=\"613c545\" data-element_type=\"widget\" data-e-type=\"widget\" data-widget_type=\"text-editor.default\">\n\t\t\t\t\t\t\t\t\t<p>Die Geschichte unserers Stifts ist lang und bewegt. Im Zentrum unseres Tuns standen und stehen immer noch die Menschen, die wir sch\u00e4tzen und achten und denen wir mit Respekt und Freundlichkeit gegen\u00fcbertreten. Wir f\u00f6rdern deren Selbstst\u00e4ndigkeit und nehmen mit ihnen gemeinsam am Leben teil.<\/p><p>Nach dem Leitbild unseres Gr\u00fcnders Jacob Friedrich Bussereau sind alle Menschen von Gott geschaffen und gewollt. Genau deshalb haben auch alle, ungeachtet aller geistigen und k\u00f6rperlichen Unterschiede, den gleichen Wert.<\/p>\t\t\t\t\t\t\t\t<\/div>\n\t\t\t\t<section class=\"elementor-section elementor-inner-section elementor-element elementor-element-1331121 elementor-section-boxed elementor-section-height-default elementor-section-height-default\" data-id=\"1331121\" data-element_type=\"section\" data-e-type=\"section\">\n\t\t\t\t\t\t<div class=\"elementor-container elementor-column-gap-default\">\n\t\t\t\t\t<div class=\"elementor-column elementor-col-100 elementor-inner-column elementor-element elementor-element-89735eb\" data-id=\"89735eb\" data-element_type=\"column\" data-e-type=\"column\">\n\t\t\t<div class=\"elementor-widget-wrap elementor-element-populated\">\n\t\t\t\t\t\t<div class=\"elementor-element elementor-element-4446d09 elementor-widget elementor-widget-heading\" data-id=\"4446d09\" data-element_type=\"widget\" data-e-type=\"widget\" data-widget_type=\"heading.default\">\n\t\t\t\t\t<h2 class=\"elementor-heading-title elementor-size-default\">Geschichte unseres Hauses:<\/h2>\t\t\t\t<\/div>\n\t\t\t\t<div class=\"elementor-element elementor-element-cbbd90a elementor-widget elementor-widget-text-editor\" data-id=\"cbbd90a\" data-element_type=\"widget\" data-e-type=\"widget\" data-widget_type=\"text-editor.default\">\n\t\t\t\t\t\t\t\t\t<div id=\"wrapper\"><div id=\"content\"><div id=\"maintext\"><h2>1896<\/h2><p>Gr\u00fcndung des St. Paulus Stifts in Herxheim bei Landau \/Pfalz durch Pfarrer Jacob Friedrich Bussereau. Es wurde das Mutterhaus der Schwestern vom Hl. Paulus.<\/p><h2>1897<\/h2><p>Kauf des Riedl\u00b4schen Anwesens. Gr\u00fcndung des St. Paulus Stifts in Neu\u00f6tting durch J.F.Bussereau und den Schwestern vom hl. Paulus. Die Schwestern betreuten (geistig) behinderte M\u00e4dchen und Frauen und bildeten von Anfang an mit den Heimbewohnerinnen eine Lebensgemeinschaft.<\/p><h2>1928<\/h2><p>Ankauf des Stigler`ischen Anwesens.<\/p><h2>1934<\/h2><p>Die neue Hauskapelle wird eingeweiht.<\/p><h2>1937<\/h2><p>Neubau Haus Anna.<\/p><h2>1939<\/h2><p>Auf Anordnung des Landesf\u00fcrsorgeverbandes Oberbayern Verlegung der Heimbewohnerinnen in die Heil- und Pflegeanstalt Eglfing &#8211; Haar. <br \/>340 HeimbewohnerInnen fielen dem Euthanasieprogramm des Nationalsozialismus zum Opfer. Es erfolgte die Beschlagnahmung des Hauses f\u00fcr die Kinderlandverschickung, sp\u00e4ter f\u00fcr die Einrichtung eines Lazaretts.<\/p><h2>1945<\/h2><p>Unterbringung ostvertriebener Letten.<\/p><h2>1948<\/h2><p>Wiederverwendung als Pflegeheim f\u00fcr behinderte M\u00e4dchen und Frauen in der Obhut der Paulusschwestern.<\/p><h2>1959<\/h2><p>Erweiterungsbau Haus Maria.<\/p><h2>1966<\/h2><p>Neubau Haus Wendelin.<\/p><h2>1972<\/h2><p>Ersatzbau Haus Josef.<\/p><h2>1989<\/h2><p>Beginn der konzeptionellen Neustrukturierung der Einrichtung.<\/p><h2>2000<\/h2><p>Beginn der Neubauma\u00dfnahmen.<\/p><h2>2002<\/h2><p>Die Jacob Friedrich Bussereau Stiftung \u00fcbernimmt die Tr\u00e4gerschaft unseres Hauses.<\/p><h2>2003<\/h2><p>Fertigstellung des Neubaus mit Wohnheim, F\u00f6rderst\u00e4tte und Zentralgeb\u00e4ude. <br \/>Beginn der Umbau &#8211; und Sanierungsma\u00dfnahmen im Haus Josef.<\/p><h2>2004<\/h2><p>Er\u00f6ffnung des Wohnprojekts f\u00fcr Menschen mit psychischer Behinderung<br \/>WIN \u2013 Wohnen in Neu\u00f6tting<\/p><h2>2005<\/h2><p>Er\u00f6ffnung des Wohntrainingszentrums Burghausen \u2013 WTZ mit 18 Wohnpl\u00e4tzen<\/p><h2>2006<\/h2><p>Als bundesweit erstmaliges Projekt die Errichtung einer Glaswerkstatt im Rahmen der Arbeits \u2013 und Besch\u00e4ftigungstherapie WIN<\/p><h2>2007<\/h2><p>Ambulant \u2013 Betreutes &#8211; Wohnen auf Landkreisebene als Erweiterung des Angebotsspektrum des St. Paulus Stift\u00b4s<\/p><h2>2010<\/h2><p>Beginn der Generalsanierung der Katharinenburg und der \u201ealten Landwirtschaft\u201c.<\/p><h2>2011<\/h2><p>Fertigstellung der Landwirtschaft \u2013 neue R\u00e4ume: Schreinerei, Schlosserei, Fitnessraum, Gemeinschaftsraum.<\/p><h2>2012<\/h2><p>Au\u00dfensanierung der Katharinenburg abgeschlossen.<\/p><h2>2013<\/h2><p>Fertigstellung und Bezug der 3 Wohnh\u00e4user Michaelifeld 33 f\u00fcr 26 junge Menschen mit Behinderung.<br \/>Einweihung Wohngemeinschaften Michaelistra\u00dfe. Es stehen in drei Wohnh\u00e4usern 26 Wohnpl\u00e4tze zur Verf\u00fcgung<\/p><h2>2014<\/h2><p>Gr\u00fcndung des F\u00f6rdervereins St. Paulus Stift Neu\u00f6tting e.V.\u00a0<\/p><h2>2016<\/h2><p>Einweihung \/ Er\u00f6ffnung des Wohnhauses in\u00a0 Martin Moser Stra\u00dfe, Alt\u00f6tting mit zwei Wohngemeinschaften mit jeweils acht\u00a0 Wohnpl\u00e4tzen. Mit der Er\u00f6ffnung in Alt\u00f6tting wird der Standort Reischach aufgel\u00f6st.<\/p><p>Abschluss der Innensanierung der Katharinenburg, Wiederer\u00f6ffnung\u00a0 als F\u00f6rderst\u00e4tte und Tagesst\u00e4tte<\/p><h2>2018<\/h2><p>St. Paulus Stift Neu\u00f6tting erh\u00e4lt vom Staatministerium f\u00fcr Arbeit und Soziales, Familie und Integration das Signet \u201eBayern barrierefrei\u201c verliehen.<\/p><h2>2021<\/h2><p>Das St. Paulus Stift beteiligt sich an der Aktion \u201eDeutschland bl\u00fcht auf\u201c. Unter dem Motto &#8222;das St. Paulus Stift bl\u00fcht auf&#8220; entsteht in Kooperation mit dem F\u00f6rderverein St. Paulus Stift auf 1000 qm eine Bl\u00fchwiese mit Wildblumen, ein Lehrbienenstand, sowie auf einer weiteren Wiese ein Meer mit Fr\u00fchlingsbl\u00fchern wie Tulpen, Narzissen Schneegl\u00f6ckchen und Hyazinthen.<\/p><\/div><\/div><\/div>\t\t\t\t\t\t\t\t<\/div>\n\t\t\t\t\t<\/div>\n\t\t<\/div>\n\t\t\t\t\t<\/div>\n\t\t<\/section>\n\t\t\t\t<div class=\"elementor-element elementor-element-b48fb4d elementor-widget elementor-widget-spacer\" data-id=\"b48fb4d\" data-element_type=\"widget\" data-e-type=\"widget\" data-widget_type=\"spacer.default\">\n\t\t\t\t\t\t\t<div class=\"elementor-spacer\">\n\t\t\t<div class=\"elementor-spacer-inner\"><\/div>\n\t\t<\/div>\n\t\t\t\t\t\t<\/div>\n\t\t\t\t\t<\/div>\n\t\t<\/section>\n\t\t\t\t\t<\/div>\n\t\t<\/section>\n\t\t\t\t<section class=\"elementor-section elementor-top-section elementor-element elementor-element-4652829c elementor-section-stretched elementor-section-content-top container-main  elementor-section-boxed elementor-section-height-default elementor-section-height-default\" data-id=\"4652829c\" data-element_type=\"section\" data-e-type=\"section\" data-settings=\"{&quot;background_background&quot;:&quot;classic&quot;,&quot;stretch_section&quot;:&quot;section-stretched&quot;}\">\n\t\t\t\t\t\t<div class=\"elementor-container elementor-column-gap-default\">\n\t\t\t\t\t<section class=\"elementor-column elementor-col-100 elementor-top-column elementor-element elementor-element-d3ec7ad\" data-id=\"d3ec7ad\" data-element_type=\"column\" data-e-type=\"column\">\n\t\t\t<div class=\"elementor-widget-wrap elementor-element-populated\">\n\t\t\t\t\t\t<div class=\"elementor-element elementor-element-700ddc8c elementor-widget elementor-widget-heading\" data-id=\"700ddc8c\" data-element_type=\"widget\" data-e-type=\"widget\" data-widget_type=\"heading.default\">\n\t\t\t\t\t<h2 class=\"elementor-heading-title elementor-size-default\">Impressionen<\/h2>\t\t\t\t<\/div>\n\t\t\t\t<div class=\"elementor-element elementor-element-1e3ec23f elementor-arrows-position-inside elementor-pagination-position-outside elementor-widget elementor-widget-image-carousel\" data-id=\"1e3ec23f\" data-element_type=\"widget\" data-e-type=\"widget\" data-settings=\"{&quot;autoplay_speed&quot;:10000,&quot;navigation&quot;:&quot;both&quot;,&quot;autoplay&quot;:&quot;yes&quot;,&quot;pause_on_hover&quot;:&quot;yes&quot;,&quot;pause_on_interaction&quot;:&quot;yes&quot;,&quot;infinite&quot;:&quot;yes&quot;,&quot;speed&quot;:500,&quot;image_spacing_custom&quot;:{&quot;unit&quot;:&quot;px&quot;,&quot;size&quot;:20,&quot;sizes&quot;:[]},&quot;image_spacing_custom_tablet&quot;:{&quot;unit&quot;:&quot;px&quot;,&quot;size&quot;:&quot;&quot;,&quot;sizes&quot;:[]},&quot;image_spacing_custom_mobile&quot;:{&quot;unit&quot;:&quot;px&quot;,&quot;size&quot;:&quot;&quot;,&quot;sizes&quot;:[]}}\" data-widget_type=\"image-carousel.default\">\n\t\t\t\t\t\t\t<div class=\"elementor-image-carousel-wrapper swiper\" role=\"region\" aria-roledescription=\"carousel\" aria-label=\"Bild Karussell\" dir=\"ltr\">\n\t\t\t<div class=\"elementor-image-carousel swiper-wrapper swiper-image-stretch\" aria-live=\"off\">\n\t\t\t\t\t\t\t\t<div class=\"swiper-slide\" role=\"group\" aria-roledescription=\"slide\" aria-label=\"1 von 5\"><a data-elementor-open-lightbox=\"yes\" data-elementor-lightbox-slideshow=\"1e3ec23f\" data-elementor-lightbox-title=\"Leporello_N\u00d6_Speisesaal_Standbild\" data-e-action-hash=\"#elementor-action%3Aaction%3Dlightbox%26settings%3DeyJpZCI6MzI5OCwidXJsIjoiaHR0cHM6XC9cL2pmYi1zdGlmdHVuZy5kZVwvc3QtcGF1bHVzLXN0aWZ0LW5ldW9ldHRpbmdcL3dwLWNvbnRlbnRcL3VwbG9hZHNcL3NpdGVzXC85XC8yMDIxXC8wNlwvTGVwb3JlbGxvX05PZV9TcGVpc2VzYWFsX1N0YW5kYmlsZC5qcGciLCJzbGlkZXNob3ciOiIxZTNlYzIzZiJ9\" href=\"https:\/\/jfb-stiftung.de\/st-paulus-stift-neuoetting\/wp-content\/uploads\/sites\/9\/2021\/06\/Leporello_NOe_Speisesaal_Standbild.jpg\"><figure class=\"swiper-slide-inner\"><img decoding=\"async\" class=\"swiper-slide-image\" src=\"https:\/\/jfb-stiftung.de\/st-paulus-stift-neuoetting\/wp-content\/uploads\/sites\/9\/2021\/06\/Leporello_NOe_Speisesaal_Standbild-500x500.jpg\" alt=\"Leporello_N\u00d6_Speisesaal_Standbild\" \/><\/figure><\/a><\/div><div class=\"swiper-slide\" role=\"group\" aria-roledescription=\"slide\" aria-label=\"2 von 5\"><a data-elementor-open-lightbox=\"yes\" data-elementor-lightbox-slideshow=\"1e3ec23f\" data-elementor-lightbox-title=\"Lepoprello_Paulusstift Neu\u00f6tting_Ostansicht_Standbild\" data-e-action-hash=\"#elementor-action%3Aaction%3Dlightbox%26settings%3DeyJpZCI6MzI5NSwidXJsIjoiaHR0cHM6XC9cL2pmYi1zdGlmdHVuZy5kZVwvc3QtcGF1bHVzLXN0aWZ0LW5ldW9ldHRpbmdcL3dwLWNvbnRlbnRcL3VwbG9hZHNcL3NpdGVzXC85XC8yMDIxXC8wNlwvTGVwb3ByZWxsb19QYXVsdXNzdGlmdC1OZXVvZXR0aW5nX09zdGFuc2ljaHRfU3RhbmRiaWxkLmpwZyIsInNsaWRlc2hvdyI6IjFlM2VjMjNmIn0%3D\" href=\"https:\/\/jfb-stiftung.de\/st-paulus-stift-neuoetting\/wp-content\/uploads\/sites\/9\/2021\/06\/Lepoprello_Paulusstift-Neuoetting_Ostansicht_Standbild.jpg\"><figure class=\"swiper-slide-inner\"><img decoding=\"async\" class=\"swiper-slide-image\" src=\"https:\/\/jfb-stiftung.de\/st-paulus-stift-neuoetting\/wp-content\/uploads\/sites\/9\/2021\/06\/Lepoprello_Paulusstift-Neuoetting_Ostansicht_Standbild-500x500.jpg\" alt=\"Lepoprello_Paulusstift Neu\u00f6tting_Ostansicht_Standbild\" \/><\/figure><\/a><\/div><div class=\"swiper-slide\" role=\"group\" aria-roledescription=\"slide\" aria-label=\"3 von 5\"><a data-elementor-open-lightbox=\"yes\" data-elementor-lightbox-slideshow=\"1e3ec23f\" data-elementor-lightbox-title=\"Leporello_N\u00d6_Mittagstisch_Standbild\" data-e-action-hash=\"#elementor-action%3Aaction%3Dlightbox%26settings%3DeyJpZCI6MzI5NywidXJsIjoiaHR0cHM6XC9cL2pmYi1zdGlmdHVuZy5kZVwvc3QtcGF1bHVzLXN0aWZ0LW5ldW9ldHRpbmdcL3dwLWNvbnRlbnRcL3VwbG9hZHNcL3NpdGVzXC85XC8yMDIxXC8wNlwvTGVwb3JlbGxvX05PZV9NaXR0YWdzdGlzY2hfU3RhbmRiaWxkLmpwZyIsInNsaWRlc2hvdyI6IjFlM2VjMjNmIn0%3D\" href=\"https:\/\/jfb-stiftung.de\/st-paulus-stift-neuoetting\/wp-content\/uploads\/sites\/9\/2021\/06\/Leporello_NOe_Mittagstisch_Standbild.jpg\"><figure class=\"swiper-slide-inner\"><img decoding=\"async\" class=\"swiper-slide-image\" src=\"https:\/\/jfb-stiftung.de\/st-paulus-stift-neuoetting\/wp-content\/uploads\/sites\/9\/2021\/06\/Leporello_NOe_Mittagstisch_Standbild-500x500.jpg\" alt=\"Leporello_N\u00d6_Mittagstisch_Standbild\" \/><\/figure><\/a><\/div><div class=\"swiper-slide\" role=\"group\" aria-roledescription=\"slide\" aria-label=\"4 von 5\"><a data-elementor-open-lightbox=\"yes\" data-elementor-lightbox-slideshow=\"1e3ec23f\" data-elementor-lightbox-title=\"Leporello_K\u00fcche_N\u00f6_Standbild\" data-e-action-hash=\"#elementor-action%3Aaction%3Dlightbox%26settings%3DeyJpZCI6MzI5NiwidXJsIjoiaHR0cHM6XC9cL2pmYi1zdGlmdHVuZy5kZVwvc3QtcGF1bHVzLXN0aWZ0LW5ldW9ldHRpbmdcL3dwLWNvbnRlbnRcL3VwbG9hZHNcL3NpdGVzXC85XC8yMDIxXC8wNlwvTGVwb3JlbGxvX0t1ZWNoZV9Ob2VfU3RhbmRiaWxkLmpwZyIsInNsaWRlc2hvdyI6IjFlM2VjMjNmIn0%3D\" href=\"https:\/\/jfb-stiftung.de\/st-paulus-stift-neuoetting\/wp-content\/uploads\/sites\/9\/2021\/06\/Leporello_Kueche_Noe_Standbild.jpg\"><figure class=\"swiper-slide-inner\"><img decoding=\"async\" class=\"swiper-slide-image\" src=\"https:\/\/jfb-stiftung.de\/st-paulus-stift-neuoetting\/wp-content\/uploads\/sites\/9\/2021\/06\/Leporello_Kueche_Noe_Standbild-500x500.jpg\" alt=\"Leporello_K\u00fcche_N\u00f6_Standbild\" \/><\/figure><\/a><\/div><div class=\"swiper-slide\" role=\"group\" aria-roledescription=\"slide\" aria-label=\"5 von 5\"><a data-elementor-open-lightbox=\"yes\" data-elementor-lightbox-slideshow=\"1e3ec23f\" data-elementor-lightbox-title=\"Leporello_Zimmer_N\u00d6_Standbild\" data-e-action-hash=\"#elementor-action%3Aaction%3Dlightbox%26settings%3DeyJpZCI6MzMwMiwidXJsIjoiaHR0cHM6XC9cL2pmYi1zdGlmdHVuZy5kZVwvc3QtcGF1bHVzLXN0aWZ0LW5ldW9ldHRpbmdcL3dwLWNvbnRlbnRcL3VwbG9hZHNcL3NpdGVzXC85XC8yMDIxXC8wNlwvTGVwb3JlbGxvX1ppbW1lcl9OT2VfU3RhbmRiaWxkLmpwZyIsInNsaWRlc2hvdyI6IjFlM2VjMjNmIn0%3D\" href=\"https:\/\/jfb-stiftung.de\/st-paulus-stift-neuoetting\/wp-content\/uploads\/sites\/9\/2021\/06\/Leporello_Zimmer_NOe_Standbild.jpg\"><figure class=\"swiper-slide-inner\"><img decoding=\"async\" class=\"swiper-slide-image\" src=\"https:\/\/jfb-stiftung.de\/st-paulus-stift-neuoetting\/wp-content\/uploads\/sites\/9\/2021\/06\/Leporello_Zimmer_NOe_Standbild-500x500.jpg\" alt=\"Leporello_Zimmer_N\u00d6_Standbild\" \/><\/figure><\/a><\/div>\t\t\t<\/div>\n\t\t\t\t\t\t\t\t\t\t\t\t<div class=\"elementor-swiper-button elementor-swiper-button-prev\" role=\"button\" tabindex=\"0\">\n\t\t\t\t\t\t<svg aria-hidden=\"true\" class=\"e-font-icon-svg e-eicon-chevron-left\" viewBox=\"0 0 1000 1000\" xmlns=\"http:\/\/www.w3.org\/2000\/svg\"><path d=\"M646 125C629 125 613 133 604 142L308 442C296 454 292 471 292 487 292 504 296 521 308 533L604 854C617 867 629 875 646 875 663 875 679 871 692 858 704 846 713 829 713 812 713 796 708 779 692 767L438 487 692 225C700 217 708 204 708 187 708 171 704 154 692 142 675 129 663 125 646 125Z\"><\/path><\/svg>\t\t\t\t\t<\/div>\n\t\t\t\t\t<div class=\"elementor-swiper-button elementor-swiper-button-next\" role=\"button\" tabindex=\"0\">\n\t\t\t\t\t\t<svg aria-hidden=\"true\" class=\"e-font-icon-svg e-eicon-chevron-right\" viewBox=\"0 0 1000 1000\" xmlns=\"http:\/\/www.w3.org\/2000\/svg\"><path d=\"M696 533C708 521 713 504 713 487 713 471 708 454 696 446L400 146C388 133 375 125 354 125 338 125 325 129 313 142 300 154 292 171 292 187 292 204 296 221 308 233L563 492 304 771C292 783 288 800 288 817 288 833 296 850 308 863 321 871 338 875 354 875 371 875 388 867 400 854L696 533Z\"><\/path><\/svg>\t\t\t\t\t<\/div>\n\t\t\t\t\n\t\t\t\t\t\t\t\t\t<div class=\"swiper-pagination\"><\/div>\n\t\t\t\t\t\t\t\t\t<\/div>\n\t\t\t\t\t\t<\/div>\n\t\t\t\t\t<\/div>\n\t\t<\/section>\n\t\t\t\t\t<\/div>\n\t\t<\/section>\n\t\t\t\t<\/div>\n\t\t","protected":false},"excerpt":{"rendered":"<p>Die Geschichte unserers Stifts ist lang und bewegt. Im Zentrum unseres Tuns standen und stehen immer noch die Menschen, die wir sch\u00e4tzen und achten und denen wir mit Respekt und \u2026<\/p>\n","protected":false},"author":1,"featured_media":0,"parent":0,"menu_order":30,"comment_status":"closed","ping_status":"closed","template":"","meta":{"_acf_changed":false,"footnotes":""},"class_list":["post-13","page","type-page","status-publish","hentry"],"acf":[],"publishpress_future_action":{"enabled":false,"date":"2026-05-07 10:58:32","action":"change-status","newStatus":"draft","terms":[],"taxonomy":"","extraData":[]},"publishpress_future_workflow_manual_trigger":{"enabledWorkflows":[]},"_links":{"self":[{"href":"https:\/\/jfb-stiftung.de\/st-paulus-stift-neuoetting\/wp-json\/wp\/v2\/pages\/13","targetHints":{"allow":["GET"]}}],"collection":[{"href":"https:\/\/jfb-stiftung.de\/st-paulus-stift-neuoetting\/wp-json\/wp\/v2\/pages"}],"about":[{"href":"https:\/\/jfb-stiftung.de\/st-paulus-stift-neuoetting\/wp-json\/wp\/v2\/types\/page"}],"author":[{"embeddable":true,"href":"https:\/\/jfb-stiftung.de\/st-paulus-stift-neuoetting\/wp-json\/wp\/v2\/users\/1"}],"replies":[{"embeddable":true,"href":"https:\/\/jfb-stiftung.de\/st-paulus-stift-neuoetting\/wp-json\/wp\/v2\/comments?post=13"}],"version-history":[{"count":0,"href":"https:\/\/jfb-stiftung.de\/st-paulus-stift-neuoetting\/wp-json\/wp\/v2\/pages\/13\/revisions"}],"wp:attachment":[{"href":"https:\/\/jfb-stiftung.de\/st-paulus-stift-neuoetting\/wp-json\/wp\/v2\/media?parent=13"}],"curies":[{"name":"wp","href":"https:\/\/api.w.org\/{rel}","templated":true}]}}