{"id":13,"date":"2021-04-28T09:41:56","date_gmt":"2021-04-28T07:41:56","guid":{"rendered":"https:\/\/jfb-stiftung.de\/st-paulus-stift-herxheim\/?page_id=13"},"modified":"2026-01-14T12:08:46","modified_gmt":"2026-01-14T11:08:46","slug":"wir-ueber-uns","status":"publish","type":"page","link":"https:\/\/jfb-stiftung.de\/st-paulus-stift-herxheim\/wir-ueber-uns\/","title":{"rendered":"Wir \u00fcber uns"},"content":{"rendered":"\t\t<div data-elementor-type=\"wp-page\" data-elementor-id=\"13\" class=\"elementor elementor-13\" data-elementor-post-type=\"page\">\n\t\t\t\t\t\t<section class=\"elementor-section elementor-top-section elementor-element elementor-element-46fd6ea0 elementor-section-full_width elementor-section-stretched elementor-section-height-default elementor-section-height-default\" data-id=\"46fd6ea0\" data-element_type=\"section\" data-e-type=\"section\" data-settings=\"{&quot;stretch_section&quot;:&quot;section-stretched&quot;}\">\n\t\t\t\t\t\t<div class=\"elementor-container elementor-column-gap-no\">\n\t\t\t\t\t<div class=\"elementor-column elementor-col-100 elementor-top-column elementor-element elementor-element-459adf52\" data-id=\"459adf52\" data-element_type=\"column\" data-e-type=\"column\">\n\t\t\t<div class=\"elementor-widget-wrap elementor-element-populated\">\n\t\t\t\t\t\t<div class=\"elementor-element elementor-element-2b04e308 elementor--h-position-left elementor--v-position-bottom elementor-arrows-position-inside elementor-pagination-position-inside elementor-widget elementor-widget-slides\" data-id=\"2b04e308\" data-element_type=\"widget\" data-e-type=\"widget\" data-settings=\"{&quot;autoplay_speed&quot;:&quot;10000&quot;,&quot;navigation&quot;:&quot;both&quot;,&quot;autoplay&quot;:&quot;yes&quot;,&quot;pause_on_hover&quot;:&quot;yes&quot;,&quot;pause_on_interaction&quot;:&quot;yes&quot;,&quot;infinite&quot;:&quot;yes&quot;,&quot;transition&quot;:&quot;slide&quot;,&quot;transition_speed&quot;:500}\" data-widget_type=\"slides.default\">\n\t\t\t\t<div class=\"elementor-widget-container\">\n\t\t\t\t\t\t\t\t\t<div class=\"elementor-swiper\">\n\t\t\t\t\t<div class=\"elementor-slides-wrapper elementor-main-swiper swiper\" role=\"region\" aria-roledescription=\"carousel\" aria-label=\"Slider\" dir=\"ltr\" data-animation=\"fadeInLeft\">\n\t\t\t\t<div class=\"swiper-wrapper elementor-slides\">\n\t\t\t\t\t\t\t\t\t\t<div class=\"elementor-repeater-item-4c02bf4 swiper-slide\" role=\"group\" aria-roledescription=\"slide\"><div class=\"swiper-slide-bg\" role=\"img\" aria-label=\"Slider_TOH_Josha_HX_DH_\"><\/div><div class=\"swiper-slide-inner\" ><div class=\"swiper-slide-contents\"><\/div><\/div><\/div>\t\t\t\t<\/div>\n\t\t\t\t\t\t\t<\/div>\n\t\t\t\t<\/div>\n\t\t\t\t\t\t\t\t<\/div>\n\t\t\t\t<\/div>\n\t\t\t\t\t<\/div>\n\t\t<\/div>\n\t\t\t\t\t<\/div>\n\t\t<\/section>\n\t\t\t\t<section class=\"elementor-section elementor-top-section elementor-element elementor-element-b60c3a8 elementor-section-stretched elementor-section-content-top container-main content-sidebars elementor-section-boxed elementor-section-height-default elementor-section-height-default\" data-id=\"b60c3a8\" data-element_type=\"section\" data-e-type=\"section\" data-settings=\"{&quot;background_background&quot;:&quot;classic&quot;,&quot;stretch_section&quot;:&quot;section-stretched&quot;}\">\n\t\t\t\t\t\t<div class=\"elementor-container elementor-column-gap-default\">\n\t\t\t\t\t<section class=\"elementor-column elementor-col-100 elementor-top-column elementor-element elementor-element-54653a8\" data-id=\"54653a8\" data-element_type=\"column\" data-e-type=\"column\">\n\t\t\t<div class=\"elementor-widget-wrap elementor-element-populated\">\n\t\t\t\t\t\t<div class=\"elementor-element elementor-element-4fd0f35 elementor-widget elementor-widget-spacer\" data-id=\"4fd0f35\" data-element_type=\"widget\" data-e-type=\"widget\" data-widget_type=\"spacer.default\">\n\t\t\t\t<div class=\"elementor-widget-container\">\n\t\t\t\t\t\t\t<div class=\"elementor-spacer\">\n\t\t\t<div class=\"elementor-spacer-inner\"><\/div>\n\t\t<\/div>\n\t\t\t\t\t\t<\/div>\n\t\t\t\t<\/div>\n\t\t\t\t<div class=\"elementor-element elementor-element-57f9b29 elementor-widget elementor-widget-wp-widget-xyz_insert_php_widget\" data-id=\"57f9b29\" data-element_type=\"widget\" data-e-type=\"widget\" data-widget_type=\"wp-widget-xyz_insert_php_widget.default\">\n\t\t\t\t<div class=\"elementor-widget-container\">\n\t\t\t\t\t<h5> <\/h5><nav aria-label=\"breadcrumbs\" class=\"rank-math-breadcrumb\"><p><span class=\"last\">Startseite<\/span><\/p><\/nav>\t\t\t\t<\/div>\n\t\t\t\t<\/div>\n\t\t\t\t<div class=\"elementor-element elementor-element-fc357fc hyphenate elementor-widget elementor-widget-theme-post-title elementor-page-title elementor-widget-heading\" data-id=\"fc357fc\" data-element_type=\"widget\" data-e-type=\"widget\" data-widget_type=\"theme-post-title.default\">\n\t\t\t\t<div class=\"elementor-widget-container\">\n\t\t\t\t\t<h1 class=\"elementor-heading-title elementor-size-default\">Wir \u00fcber uns<\/h1>\t\t\t\t<\/div>\n\t\t\t\t<\/div>\n\t\t\t\t<div class=\"elementor-element elementor-element-92455b4 elementor-widget elementor-widget-heading\" data-id=\"92455b4\" data-element_type=\"widget\" data-e-type=\"widget\" data-widget_type=\"heading.default\">\n\t\t\t\t<div class=\"elementor-widget-container\">\n\t\t\t\t\t<h4 class=\"elementor-heading-title elementor-size-default\">Das Gr\u00fcnderhaus Bussereaus<\/h4>\t\t\t\t<\/div>\n\t\t\t\t<\/div>\n\t\t\t\t<div class=\"elementor-element elementor-element-aafc44d elementor-widget elementor-widget-text-editor\" data-id=\"aafc44d\" data-element_type=\"widget\" data-e-type=\"widget\" data-widget_type=\"text-editor.default\">\n\t\t\t\t<div class=\"elementor-widget-container\">\n\t\t\t\t\t\t\t\t\t<p>Untrennbar mit dem Leitgedanken des Gr\u00fcnders Jacob Friedrich Bussereau (1863 \u2013 1919) verbunden blickt das Paulus Stift in Herxheim auf eine traditionsreiche Geschichte zur\u00fcck. Pr\u00e4lat Bussereau, auch \u201eder Priester der Armen\u201c genannt, hatte eine Vision: Er wollte Einrichtungen schaffen, in denen \u201edie \u00c4rmsten und Leidendsten\u201c weit mehr als nur Schutz und k\u00f6rperliche Versorgung erfuhren. Ihm ging es darum, dass sie ihre Begabungen entfalten und in W\u00fcrde ein christlich gepr\u00e4gtes Leben in einer famili\u00e4ren Gemeinschaft f\u00fchren k\u00f6nnen. 1896 gr\u00fcndet er das Paulus Stift in Herxheim. Tatkr\u00e4ftig unterst\u00fctzt wurde er zur damaligen Zeit von 13 Ordensschwestern der Kongregation des Heiligen Paulus. Gelebt wird Bussereaus Leitmotiv \u201eOmnibus omnia\u201c \u2013 \u201eAllen alles\u201c damals wie heute. Getreu des christlichen Menschenbildes haben alle, ungeachtet ihrer k\u00f6rperlichen und geistigen Unterschiede, vollen und gleichen Wert. Ein zentrales Anliegen ist es, damals wie heute, die Besonderheit jedes Einzelnen zu achten und auf die speziellen Bed\u00fcrfnisse und W\u00fcnsche einzugehen.<\/p><p>Wir passen uns den Bedarfen der Menschen an, die wir begleiten, nicht umgekehrt.<\/p><p>\u201eAllen alles\u201c ist bei uns m\u00f6glich: Das Gemeindeleben und der Ortskern von Herxheim sind durch die zentrumsnahe Lage in wenigen Minuten zu erreichen. Auch f\u00fcr Freizeitangebote, die auf dem Gel\u00e4nde stattfinden k\u00f6nnen, ist durch das gro\u00df\u00adz\u00fcgige Au\u00dfengel\u00e4nde und die R\u00e4umlichkeiten gesorgt. Unsere T\u00fcren stehen allen offen, die bei uns vorbeischauen wollen.<\/p>\t\t\t\t\t\t\t\t<\/div>\n\t\t\t\t<\/div>\n\t\t\t\t<section class=\"elementor-section elementor-inner-section elementor-element elementor-element-da2569b elementor-section-boxed elementor-section-height-default elementor-section-height-default\" data-id=\"da2569b\" data-element_type=\"section\" data-e-type=\"section\">\n\t\t\t\t\t\t<div class=\"elementor-container elementor-column-gap-default\">\n\t\t\t\t\t<div class=\"elementor-column elementor-col-100 elementor-inner-column elementor-element elementor-element-d885e32\" data-id=\"d885e32\" data-element_type=\"column\" data-e-type=\"column\">\n\t\t\t<div class=\"elementor-widget-wrap elementor-element-populated\">\n\t\t\t\t\t\t<div class=\"elementor-element elementor-element-82b7f65 elementor-widget elementor-widget-heading\" data-id=\"82b7f65\" data-element_type=\"widget\" data-e-type=\"widget\" data-widget_type=\"heading.default\">\n\t\t\t\t<div class=\"elementor-widget-container\">\n\t\t\t\t\t<h2 class=\"elementor-heading-title elementor-size-default\">Geschichte unseres Hauses:<\/h2>\t\t\t\t<\/div>\n\t\t\t\t<\/div>\n\t\t\t\t<div class=\"elementor-element elementor-element-c49acd7 elementor-widget elementor-widget-text-editor\" data-id=\"c49acd7\" data-element_type=\"widget\" data-e-type=\"widget\" data-widget_type=\"text-editor.default\">\n\t\t\t\t<div class=\"elementor-widget-container\">\n\t\t\t\t\t\t\t\t\t<div id=\"wrapper\"><div id=\"content\"><div id=\"maintext\"><h2>1896<\/h2><p>Bussereau er\u00f6ffnet am 1. April das &#8222;Antoniushaus&#8220; mit 13 Pflegeschwestern und 46 Menschen mit Behinderungen. Das alte Bauernhaus stand mitten in Herxheim.<\/p><h2>1896<\/h2><p>Gr\u00fcndung des St. Paulus Stift in Herxheim\/Pfalz durch Pfarrer Jacob Friedrich Bussereau. Durch die beengten Platzverh\u00e4ltnisse im Antoniushaus wurden eine Neugr\u00fcndung und ein Neubau notwendig. Es wurde der westliche Fl\u00fcgel des St. Paulus Stiftes erbaut. Am 16. November erfolgt der Einzug in den ersten fertig gestellten Fl\u00fcgel.<\/p><h2>1897<\/h2><p>Erweiterung und Anbau des St. Paulus Stifts um den \u00f6stlichen Fl\u00fcgel.<\/p><h2>1898<\/h2><p>mit der Erbauung der im neugotischen Stil ausgef\u00fchrten Kirche zwischen westlichem und \u00f6stlichem Fl\u00fcgel hatte das St. Paulus Stift seine endg\u00fcltige Gestalt gefunden.<\/p><h2>1905\/1906<\/h2><p>Die zu betreuenden M\u00e4nner sind mit den Pflegebr\u00fcdern nach Landau\/Queichheim umgezogen.<\/p><h2>1914<\/h2><p>Parallel zur weiterlaufenden Betreuung der Menschen mit Behinderung wurde das St. Paulus Stift f\u00fcr die Dauer des 1. Weltkrieges auch als Lazarett genutzt.<\/p><h2>1939<\/h2><p>Am 10. September musste auf Anordnung des Herxheimer B\u00fcrgermeisters Knecht das St. Paulus Stift ger\u00e4umt werden. Die Frauen mit Behinderung wurden mit den Schwestern nach Hamburg in die Alsterdorfer Anstalten und nach Zinnovitz auf die Insel Usedom in das St. Ottoheim gebracht.<\/p><h2>1942<\/h2><p>Das St. Paulus Stift fand wiederum Verwendung als Lazarett. Die Bewohnerinnen und die Schwestern konnten wieder nach Herxheim zur\u00fcckkehren.<\/p><h2>1943<\/h2><p>Im September wurde das St. Paulus Stift in Herxheim zur Unterbringung von alten und gebrechlichen Personen aus den Umquartierungsgebieten der grauen Westmark in Anspruch genommen.<\/p><h2>1945<\/h2><p>Im Mai konnten die Schwestern wieder in das St.Paulus Stift zur\u00fcckkehren, um anschlie\u00dfend mit dem Neuaufbau zu beginnen.<\/p><h2>1978<\/h2><p>Beginn der baulichen Neustrukturierung der Einrichtung.<\/p><h2>1985<\/h2><p>Im November konnte mit dem Neubau begonnen werden. Es entstand ein Geb\u00e4ude f\u00fcr 127 Menschen mit Behinderungen.<\/p><h2>1996<\/h2><p>Beginn der Umbauma\u00dfnahmen f\u00fcr eine heimintegrierte Tagesf\u00f6rderst\u00e4tte.<\/p><h2>1998<\/h2><p>Fertigstellung des Umbaus und Inbetriebnahme der Tagesf\u00f6rderst\u00e4tte mit 6 TAF Gruppen f\u00fcr 38 Ganztagspl\u00e4tze bzw. 76 Halbtagspl\u00e4tze.<\/p><h2>2002<\/h2><p>Die Jacob Friedrich Bussereau Stiftung \u00fcbernimmt die Tr\u00e4gerschaft unseres Hauses.<\/p><h2>2004<\/h2><p>Wiederaufnahme von m\u00e4nnlichen Bewohnern nach fast 100 Jahren! Dar\u00fcber hinaus wird die erste intensivp\u00e4dagogische Wohngruppe er\u00f6ffnet.<\/p><h2>2006<\/h2><p>Die Tagesf\u00f6rderst\u00e4tte-Seniorengruppe wird er\u00f6ffnet.<\/p><h2>2007<\/h2><p>Bezug der ersten Au\u00dfenwohngemeinschaft und der ersten beiden Wohnungen f\u00fcr \u201eambulant begleitetes Wohnen\u201c.<\/p><h2>2008<\/h2><p>Zwei weitere Tagesf\u00f6rderst\u00e4tten-Gruppen werden er\u00f6ffnet.<\/p><h2>2009<\/h2><p>Die neugebauten H\u00e4user in R\u00fclzheim und Edenkoben werden bezogen.<\/p><h2>2012<\/h2><p>10-j\u00e4hriges Jubil\u00e4um der Jacob Friedrich Bussereau Stiftung<\/p><\/div><div>\u00a0<\/div><\/div><h2>2021<\/h2><p>125-j\u00e4hriges Jubil\u00e4um des St. Paulus Stifts Herxheim<\/p><h2>2026<\/h2><p>130-j\u00e4hriges Jubil\u00e4um des St. Paulus Stifts Herxheim<\/p><\/div>\t\t\t\t\t\t\t\t<\/div>\n\t\t\t\t<\/div>\n\t\t\t\t\t<\/div>\n\t\t<\/div>\n\t\t\t\t\t<\/div>\n\t\t<\/section>\n\t\t\t\t<div class=\"elementor-element elementor-element-f4f5c5a elementor-widget elementor-widget-spacer\" data-id=\"f4f5c5a\" data-element_type=\"widget\" data-e-type=\"widget\" data-widget_type=\"spacer.default\">\n\t\t\t\t<div class=\"elementor-widget-container\">\n\t\t\t\t\t\t\t<div class=\"elementor-spacer\">\n\t\t\t<div class=\"elementor-spacer-inner\"><\/div>\n\t\t<\/div>\n\t\t\t\t\t\t<\/div>\n\t\t\t\t<\/div>\n\t\t\t\t\t<\/div>\n\t\t<\/section>\n\t\t\t\t\t<\/div>\n\t\t<\/section>\n\t\t\t\t<section class=\"elementor-section elementor-top-section elementor-element elementor-element-5113f38 elementor-section-stretched elementor-section-content-top container-main  elementor-section-boxed elementor-section-height-default elementor-section-height-default\" data-id=\"5113f38\" data-element_type=\"section\" data-e-type=\"section\" data-settings=\"{&quot;background_background&quot;:&quot;classic&quot;,&quot;stretch_section&quot;:&quot;section-stretched&quot;}\">\n\t\t\t\t\t\t<div class=\"elementor-container elementor-column-gap-default\">\n\t\t\t\t\t<section class=\"elementor-column elementor-col-100 elementor-top-column elementor-element elementor-element-9a492cb\" data-id=\"9a492cb\" data-element_type=\"column\" data-e-type=\"column\">\n\t\t\t<div class=\"elementor-widget-wrap elementor-element-populated\">\n\t\t\t\t\t\t<div class=\"elementor-element elementor-element-a859c4f elementor-widget elementor-widget-heading\" data-id=\"a859c4f\" data-element_type=\"widget\" data-e-type=\"widget\" data-widget_type=\"heading.default\">\n\t\t\t\t<div class=\"elementor-widget-container\">\n\t\t\t\t\t<h2 class=\"elementor-heading-title elementor-size-default\">Fotos aus vergangener Zeit<\/h2>\t\t\t\t<\/div>\n\t\t\t\t<\/div>\n\t\t\t\t<div class=\"elementor-element elementor-element-5e27660 elementor-widget elementor-widget-spacer\" data-id=\"5e27660\" data-element_type=\"widget\" data-e-type=\"widget\" data-widget_type=\"spacer.default\">\n\t\t\t\t<div class=\"elementor-widget-container\">\n\t\t\t\t\t\t\t<div class=\"elementor-spacer\">\n\t\t\t<div class=\"elementor-spacer-inner\"><\/div>\n\t\t<\/div>\n\t\t\t\t\t\t<\/div>\n\t\t\t\t<\/div>\n\t\t\t\t<div class=\"elementor-element elementor-element-05b0370 elementor-arrows-position-inside elementor-pagination-position-outside elementor-widget elementor-widget-image-carousel\" data-id=\"05b0370\" data-element_type=\"widget\" data-e-type=\"widget\" data-settings=\"{&quot;autoplay_speed&quot;:10000,&quot;navigation&quot;:&quot;both&quot;,&quot;autoplay&quot;:&quot;yes&quot;,&quot;pause_on_hover&quot;:&quot;yes&quot;,&quot;pause_on_interaction&quot;:&quot;yes&quot;,&quot;infinite&quot;:&quot;yes&quot;,&quot;speed&quot;:500,&quot;image_spacing_custom&quot;:{&quot;unit&quot;:&quot;px&quot;,&quot;size&quot;:20,&quot;sizes&quot;:[]},&quot;image_spacing_custom_tablet&quot;:{&quot;unit&quot;:&quot;px&quot;,&quot;size&quot;:&quot;&quot;,&quot;sizes&quot;:[]},&quot;image_spacing_custom_mobile&quot;:{&quot;unit&quot;:&quot;px&quot;,&quot;size&quot;:&quot;&quot;,&quot;sizes&quot;:[]}}\" data-widget_type=\"image-carousel.default\">\n\t\t\t\t<div class=\"elementor-widget-container\">\n\t\t\t\t\t\t\t<div class=\"elementor-image-carousel-wrapper swiper\" role=\"region\" aria-roledescription=\"carousel\" aria-label=\"Bild Karussell\" dir=\"ltr\">\n\t\t\t<div class=\"elementor-image-carousel swiper-wrapper swiper-image-stretch\" aria-live=\"off\">\n\t\t\t\t\t\t\t\t<div class=\"swiper-slide\" role=\"group\" aria-roledescription=\"slide\" aria-label=\"1 von 7\"><a data-elementor-open-lightbox=\"yes\" data-elementor-lightbox-slideshow=\"05b0370\" data-elementor-lightbox-title=\"Spaziergang_HX\" data-e-action-hash=\"#elementor-action%3Aaction%3Dlightbox%26settings%3DeyJpZCI6MjU2NSwidXJsIjoiaHR0cHM6XC9cL2pmYi1zdGlmdHVuZy5kZVwvc3QtcGF1bHVzLXN0aWZ0LWhlcnhoZWltXC93cC1jb250ZW50XC91cGxvYWRzXC9zaXRlc1wvM1wvMjAyMVwvMDhcL1NwYXppZXJnYW5nX0hYLWUxNjI4MDYyNzQyNDI4LmpwZyIsInNsaWRlc2hvdyI6IjA1YjAzNzAifQ%3D%3D\" href=\"https:\/\/jfb-stiftung.de\/st-paulus-stift-herxheim\/wp-content\/uploads\/sites\/3\/2021\/08\/Spaziergang_HX-e1628062742428.jpg\"><figure class=\"swiper-slide-inner\"><img decoding=\"async\" class=\"swiper-slide-image\" src=\"https:\/\/jfb-stiftung.de\/st-paulus-stift-herxheim\/wp-content\/uploads\/sites\/3\/2021\/08\/Spaziergang_HX-e1628062742428-500x500.jpg\" alt=\"Spaziergang_HX\" \/><\/figure><\/a><\/div><div class=\"swiper-slide\" role=\"group\" aria-roledescription=\"slide\" aria-label=\"2 von 7\"><a data-elementor-open-lightbox=\"yes\" data-elementor-lightbox-slideshow=\"05b0370\" data-elementor-lightbox-title=\"Antoniushaus_Herxheim\" data-e-action-hash=\"#elementor-action%3Aaction%3Dlightbox%26settings%3DeyJpZCI6MjU1OSwidXJsIjoiaHR0cHM6XC9cL2pmYi1zdGlmdHVuZy5kZVwvc3QtcGF1bHVzLXN0aWZ0LWhlcnhoZWltXC93cC1jb250ZW50XC91cGxvYWRzXC9zaXRlc1wvM1wvMjAyMVwvMDhcL0FudG9uaXVzaGF1c19IZXJ4aGVpbS1lMTYyODA2MjgxNjYzMC5qcGciLCJzbGlkZXNob3ciOiIwNWIwMzcwIn0%3D\" href=\"https:\/\/jfb-stiftung.de\/st-paulus-stift-herxheim\/wp-content\/uploads\/sites\/3\/2021\/08\/Antoniushaus_Herxheim-e1628062816630.jpg\"><figure class=\"swiper-slide-inner\"><img decoding=\"async\" class=\"swiper-slide-image\" src=\"https:\/\/jfb-stiftung.de\/st-paulus-stift-herxheim\/wp-content\/uploads\/sites\/3\/2021\/08\/Antoniushaus_Herxheim-e1628062816630-500x500.jpg\" alt=\"Antoniushaus_Herxheim\" \/><\/figure><\/a><\/div><div class=\"swiper-slide\" role=\"group\" aria-roledescription=\"slide\" aria-label=\"3 von 7\"><a data-elementor-open-lightbox=\"yes\" data-elementor-lightbox-slideshow=\"05b0370\" data-elementor-lightbox-title=\"Erste Bewohner_Paulus Stift HX\" data-e-action-hash=\"#elementor-action%3Aaction%3Dlightbox%26settings%3DeyJpZCI6MjU2MCwidXJsIjoiaHR0cHM6XC9cL2pmYi1zdGlmdHVuZy5kZVwvc3QtcGF1bHVzLXN0aWZ0LWhlcnhoZWltXC93cC1jb250ZW50XC91cGxvYWRzXC9zaXRlc1wvM1wvMjAyMVwvMDhcL0Vyc3RlLUJld29obmVyX1BhdWx1cy1TdGlmdC1IWC5qcGciLCJzbGlkZXNob3ciOiIwNWIwMzcwIn0%3D\" href=\"https:\/\/jfb-stiftung.de\/st-paulus-stift-herxheim\/wp-content\/uploads\/sites\/3\/2021\/08\/Erste-Bewohner_Paulus-Stift-HX.jpg\"><figure class=\"swiper-slide-inner\"><img decoding=\"async\" class=\"swiper-slide-image\" src=\"https:\/\/jfb-stiftung.de\/st-paulus-stift-herxheim\/wp-content\/uploads\/sites\/3\/2021\/08\/Erste-Bewohner_Paulus-Stift-HX-500x500.jpg\" alt=\"Erste Bewohner_Paulus Stift HX\" \/><\/figure><\/a><\/div><div class=\"swiper-slide\" role=\"group\" aria-roledescription=\"slide\" aria-label=\"4 von 7\"><a data-elementor-open-lightbox=\"yes\" data-elementor-lightbox-slideshow=\"05b0370\" data-elementor-lightbox-title=\"Schlafsaal_HX\" data-e-action-hash=\"#elementor-action%3Aaction%3Dlightbox%26settings%3DeyJpZCI6MjU2NCwidXJsIjoiaHR0cHM6XC9cL2pmYi1zdGlmdHVuZy5kZVwvc3QtcGF1bHVzLXN0aWZ0LWhlcnhoZWltXC93cC1jb250ZW50XC91cGxvYWRzXC9zaXRlc1wvM1wvMjAyMVwvMDhcL1NjaGxhZnNhYWxfSFgtZTE2MjgwNjI3NzYyMzIuanBnIiwic2xpZGVzaG93IjoiMDViMDM3MCJ9\" href=\"https:\/\/jfb-stiftung.de\/st-paulus-stift-herxheim\/wp-content\/uploads\/sites\/3\/2021\/08\/Schlafsaal_HX-e1628062776232.jpg\"><figure class=\"swiper-slide-inner\"><img decoding=\"async\" class=\"swiper-slide-image\" src=\"https:\/\/jfb-stiftung.de\/st-paulus-stift-herxheim\/wp-content\/uploads\/sites\/3\/2021\/08\/Schlafsaal_HX-e1628062776232-500x500.jpg\" alt=\"Schlafsaal_HX\" \/><\/figure><\/a><\/div><div class=\"swiper-slide\" role=\"group\" aria-roledescription=\"slide\" aria-label=\"5 von 7\"><a data-elementor-open-lightbox=\"yes\" data-elementor-lightbox-slideshow=\"05b0370\" data-elementor-lightbox-title=\"K\u00fcrbisernte_Paulus Stift\" data-e-action-hash=\"#elementor-action%3Aaction%3Dlightbox%26settings%3DeyJpZCI6MjU2MiwidXJsIjoiaHR0cHM6XC9cL2pmYi1zdGlmdHVuZy5kZVwvc3QtcGF1bHVzLXN0aWZ0LWhlcnhoZWltXC93cC1jb250ZW50XC91cGxvYWRzXC9zaXRlc1wvM1wvMjAyMVwvMDhcL0t1ZXJiaXNlcm50ZV9QYXVsdXMtU3RpZnQtZTE2MjgwNjI3OTE4NTcuanBnIiwic2xpZGVzaG93IjoiMDViMDM3MCJ9\" href=\"https:\/\/jfb-stiftung.de\/st-paulus-stift-herxheim\/wp-content\/uploads\/sites\/3\/2021\/08\/Kuerbisernte_Paulus-Stift-e1628062791857.jpg\"><figure class=\"swiper-slide-inner\"><img decoding=\"async\" class=\"swiper-slide-image\" src=\"https:\/\/jfb-stiftung.de\/st-paulus-stift-herxheim\/wp-content\/uploads\/sites\/3\/2021\/08\/Kuerbisernte_Paulus-Stift-e1628062791857-500x500.jpg\" alt=\"K\u00fcrbisernte_Paulus Stift\" \/><\/figure><\/a><\/div><div class=\"swiper-slide\" role=\"group\" aria-roledescription=\"slide\" aria-label=\"6 von 7\"><a data-elementor-open-lightbox=\"yes\" data-elementor-lightbox-slideshow=\"05b0370\" data-elementor-lightbox-title=\"Ostansicht_Paulus Stift_HX\" data-e-action-hash=\"#elementor-action%3Aaction%3Dlightbox%26settings%3DeyJpZCI6MjU2MywidXJsIjoiaHR0cHM6XC9cL2pmYi1zdGlmdHVuZy5kZVwvc3QtcGF1bHVzLXN0aWZ0LWhlcnhoZWltXC93cC1jb250ZW50XC91cGxvYWRzXC9zaXRlc1wvM1wvMjAyMVwvMDhcL09zdGFuc2ljaHRfUGF1bHVzLVN0aWZ0X0hYLmpwZyIsInNsaWRlc2hvdyI6IjA1YjAzNzAifQ%3D%3D\" href=\"https:\/\/jfb-stiftung.de\/st-paulus-stift-herxheim\/wp-content\/uploads\/sites\/3\/2021\/08\/Ostansicht_Paulus-Stift_HX.jpg\"><figure class=\"swiper-slide-inner\"><img decoding=\"async\" class=\"swiper-slide-image\" src=\"https:\/\/jfb-stiftung.de\/st-paulus-stift-herxheim\/wp-content\/uploads\/sites\/3\/2021\/08\/Ostansicht_Paulus-Stift_HX-500x500.jpg\" alt=\"Ostansicht_Paulus Stift_HX\" \/><\/figure><\/a><\/div><div class=\"swiper-slide\" role=\"group\" aria-roledescription=\"slide\" aria-label=\"7 von 7\"><a data-elementor-open-lightbox=\"yes\" data-elementor-lightbox-slideshow=\"05b0370\" data-elementor-lightbox-title=\"Front_Paulus Stift\" data-e-action-hash=\"#elementor-action%3Aaction%3Dlightbox%26settings%3DeyJpZCI6MjU2MSwidXJsIjoiaHR0cHM6XC9cL2pmYi1zdGlmdHVuZy5kZVwvc3QtcGF1bHVzLXN0aWZ0LWhlcnhoZWltXC93cC1jb250ZW50XC91cGxvYWRzXC9zaXRlc1wvM1wvMjAyMVwvMDhcL0Zyb250X1BhdWx1cy1TdGlmdC5qcGciLCJzbGlkZXNob3ciOiIwNWIwMzcwIn0%3D\" href=\"https:\/\/jfb-stiftung.de\/st-paulus-stift-herxheim\/wp-content\/uploads\/sites\/3\/2021\/08\/Front_Paulus-Stift.jpg\"><figure class=\"swiper-slide-inner\"><img decoding=\"async\" class=\"swiper-slide-image\" src=\"https:\/\/jfb-stiftung.de\/st-paulus-stift-herxheim\/wp-content\/uploads\/sites\/3\/2021\/08\/Front_Paulus-Stift-500x500.jpg\" alt=\"Front_Paulus Stift\" \/><\/figure><\/a><\/div>\t\t\t<\/div>\n\t\t\t\t\t\t\t\t\t\t\t\t<div class=\"elementor-swiper-button elementor-swiper-button-prev\" role=\"button\" tabindex=\"0\">\n\t\t\t\t\t\t<svg aria-hidden=\"true\" class=\"e-font-icon-svg e-eicon-chevron-left\" viewBox=\"0 0 1000 1000\" xmlns=\"http:\/\/www.w3.org\/2000\/svg\"><path d=\"M646 125C629 125 613 133 604 142L308 442C296 454 292 471 292 487 292 504 296 521 308 533L604 854C617 867 629 875 646 875 663 875 679 871 692 858 704 846 713 829 713 812 713 796 708 779 692 767L438 487 692 225C700 217 708 204 708 187 708 171 704 154 692 142 675 129 663 125 646 125Z\"><\/path><\/svg>\t\t\t\t\t<\/div>\n\t\t\t\t\t<div class=\"elementor-swiper-button elementor-swiper-button-next\" role=\"button\" tabindex=\"0\">\n\t\t\t\t\t\t<svg aria-hidden=\"true\" class=\"e-font-icon-svg e-eicon-chevron-right\" viewBox=\"0 0 1000 1000\" xmlns=\"http:\/\/www.w3.org\/2000\/svg\"><path d=\"M696 533C708 521 713 504 713 487 713 471 708 454 696 446L400 146C388 133 375 125 354 125 338 125 325 129 313 142 300 154 292 171 292 187 292 204 296 221 308 233L563 492 304 771C292 783 288 800 288 817 288 833 296 850 308 863 321 871 338 875 354 875 371 875 388 867 400 854L696 533Z\"><\/path><\/svg>\t\t\t\t\t<\/div>\n\t\t\t\t\n\t\t\t\t\t\t\t\t\t<div class=\"swiper-pagination\"><\/div>\n\t\t\t\t\t\t\t\t\t<\/div>\n\t\t\t\t\t\t<\/div>\n\t\t\t\t<\/div>\n\t\t\t\t\t<\/div>\n\t\t<\/section>\n\t\t\t\t\t<\/div>\n\t\t<\/section>\n\t\t\t\t<\/div>\n\t\t","protected":false},"excerpt":{"rendered":"<p>Das Gr\u00fcnderhaus Bussereaus Untrennbar mit dem Leitgedanken des Gr\u00fcnders Jacob Friedrich Bussereau (1863 \u2013 1919) verbunden blickt das Paulus Stift in Herxheim auf eine traditionsreiche Geschichte zur\u00fcck. Pr\u00e4lat Bussereau, auch \u2026<\/p>\n","protected":false},"author":1,"featured_media":0,"parent":0,"menu_order":30,"comment_status":"closed","ping_status":"closed","template":"","meta":{"_acf_changed":false,"footnotes":""},"class_list":["post-13","page","type-page","status-publish","hentry"],"acf":[],"publishpress_future_action":{"enabled":false,"date":"2026-05-03 16:14:02","action":"change-status","newStatus":"draft","terms":[],"taxonomy":"","extraData":[]},"publishpress_future_workflow_manual_trigger":{"enabledWorkflows":[]},"_links":{"self":[{"href":"https:\/\/jfb-stiftung.de\/st-paulus-stift-herxheim\/wp-json\/wp\/v2\/pages\/13","targetHints":{"allow":["GET"]}}],"collection":[{"href":"https:\/\/jfb-stiftung.de\/st-paulus-stift-herxheim\/wp-json\/wp\/v2\/pages"}],"about":[{"href":"https:\/\/jfb-stiftung.de\/st-paulus-stift-herxheim\/wp-json\/wp\/v2\/types\/page"}],"author":[{"embeddable":true,"href":"https:\/\/jfb-stiftung.de\/st-paulus-stift-herxheim\/wp-json\/wp\/v2\/users\/1"}],"replies":[{"embeddable":true,"href":"https:\/\/jfb-stiftung.de\/st-paulus-stift-herxheim\/wp-json\/wp\/v2\/comments?post=13"}],"version-history":[{"count":6,"href":"https:\/\/jfb-stiftung.de\/st-paulus-stift-herxheim\/wp-json\/wp\/v2\/pages\/13\/revisions"}],"predecessor-version":[{"id":8983,"href":"https:\/\/jfb-stiftung.de\/st-paulus-stift-herxheim\/wp-json\/wp\/v2\/pages\/13\/revisions\/8983"}],"wp:attachment":[{"href":"https:\/\/jfb-stiftung.de\/st-paulus-stift-herxheim\/wp-json\/wp\/v2\/media?parent=13"}],"curies":[{"name":"wp","href":"https:\/\/api.w.org\/{rel}","templated":true}]}}