{"id":1965,"date":"2021-05-14T11:27:48","date_gmt":"2021-05-14T09:27:48","guid":{"rendered":"https:\/\/jfb-stiftung.de\/st-klara-altoetting\/?page_id=1965"},"modified":"2025-05-21T10:39:03","modified_gmt":"2025-05-21T08:39:03","slug":"tagespflegen-altoetting-reischach","status":"publish","type":"page","link":"https:\/\/jfb-stiftung.de\/st-klara-altoetting\/unsere-einrichtungen\/tagespflegen-altoetting-reischach\/","title":{"rendered":"Tagespflegen Alt\u00f6tting &#038; Reischach"},"content":{"rendered":"\t\t<div data-elementor-type=\"wp-page\" data-elementor-id=\"1965\" class=\"elementor elementor-1965\" data-elementor-post-type=\"page\">\n\t\t\t\t\t\t<section class=\"elementor-section elementor-top-section elementor-element elementor-element-4ad9e4ad elementor-section-full_width elementor-section-stretched elementor-section-height-default elementor-section-height-default\" data-id=\"4ad9e4ad\" data-element_type=\"section\" data-e-type=\"section\" data-settings=\"{&quot;stretch_section&quot;:&quot;section-stretched&quot;}\">\n\t\t\t\t\t\t<div class=\"elementor-container elementor-column-gap-no\">\n\t\t\t\t\t<div class=\"elementor-column elementor-col-100 elementor-top-column elementor-element elementor-element-4bfa593a\" data-id=\"4bfa593a\" data-element_type=\"column\" data-e-type=\"column\">\n\t\t\t<div class=\"elementor-widget-wrap elementor-element-populated\">\n\t\t\t\t\t\t<div class=\"elementor-element elementor-element-3413287b elementor--h-position-left elementor--v-position-bottom elementor-arrows-position-inside elementor-pagination-position-inside elementor-widget elementor-widget-slides\" data-id=\"3413287b\" data-element_type=\"widget\" data-e-type=\"widget\" data-settings=\"{&quot;autoplay_speed&quot;:&quot;10000&quot;,&quot;navigation&quot;:&quot;both&quot;,&quot;autoplay&quot;:&quot;yes&quot;,&quot;pause_on_hover&quot;:&quot;yes&quot;,&quot;pause_on_interaction&quot;:&quot;yes&quot;,&quot;infinite&quot;:&quot;yes&quot;,&quot;transition&quot;:&quot;slide&quot;,&quot;transition_speed&quot;:500}\" data-widget_type=\"slides.default\">\n\t\t\t\t<div class=\"elementor-widget-container\">\n\t\t\t\t\t\t\t\t\t<div class=\"elementor-swiper\">\n\t\t\t\t\t<div class=\"elementor-slides-wrapper elementor-main-swiper swiper\" role=\"region\" aria-roledescription=\"carousel\" aria-label=\"Slider\" dir=\"ltr\" data-animation=\"fadeInLeft\">\n\t\t\t\t<div class=\"swiper-wrapper elementor-slides\">\n\t\t\t\t\t\t\t\t\t\t<div class=\"elementor-repeater-item-4c02bf4 swiper-slide\" role=\"group\" aria-roledescription=\"slide\"><div class=\"swiper-slide-bg\" role=\"img\" aria-label=\"charset=Ascii\"><\/div><div class=\"swiper-slide-inner\" ><div class=\"swiper-slide-contents\"><\/div><\/div><\/div>\t\t\t\t<\/div>\n\t\t\t\t\t\t\t<\/div>\n\t\t\t\t<\/div>\n\t\t\t\t\t\t\t\t<\/div>\n\t\t\t\t<\/div>\n\t\t\t\t\t<\/div>\n\t\t<\/div>\n\t\t\t\t\t<\/div>\n\t\t<\/section>\n\t\t\t\t<section class=\"elementor-section elementor-top-section elementor-element elementor-element-50a50244 elementor-section-stretched elementor-section-content-top container-main content-sidebars elementor-section-boxed elementor-section-height-default elementor-section-height-default\" data-id=\"50a50244\" data-element_type=\"section\" data-e-type=\"section\" data-settings=\"{&quot;background_background&quot;:&quot;classic&quot;,&quot;stretch_section&quot;:&quot;section-stretched&quot;}\">\n\t\t\t\t\t\t<div class=\"elementor-container elementor-column-gap-default\">\n\t\t\t\t\t<section class=\"elementor-column elementor-col-50 elementor-top-column elementor-element elementor-element-1143d939\" data-id=\"1143d939\" data-element_type=\"column\" data-e-type=\"column\">\n\t\t\t<div class=\"elementor-widget-wrap elementor-element-populated\">\n\t\t\t\t\t\t<div class=\"elementor-element elementor-element-5344132 elementor-widget elementor-widget-spacer\" data-id=\"5344132\" data-element_type=\"widget\" data-e-type=\"widget\" data-widget_type=\"spacer.default\">\n\t\t\t\t<div class=\"elementor-widget-container\">\n\t\t\t\t\t\t\t<div class=\"elementor-spacer\">\n\t\t\t<div class=\"elementor-spacer-inner\"><\/div>\n\t\t<\/div>\n\t\t\t\t\t\t<\/div>\n\t\t\t\t<\/div>\n\t\t\t\t<div class=\"elementor-element elementor-element-66f281fd elementor-widget elementor-widget-wp-widget-xyz_insert_php_widget\" data-id=\"66f281fd\" data-element_type=\"widget\" data-e-type=\"widget\" data-widget_type=\"wp-widget-xyz_insert_php_widget.default\">\n\t\t\t\t<div class=\"elementor-widget-container\">\n\t\t\t\t\t<h5> <\/h5><nav aria-label=\"breadcrumbs\" class=\"rank-math-breadcrumb\"><p><span class=\"last\">Startseite<\/span><\/p><\/nav>\t\t\t\t<\/div>\n\t\t\t\t<\/div>\n\t\t\t\t<div class=\"elementor-element elementor-element-69d41b3b hyphenate elementor-widget elementor-widget-theme-post-title elementor-page-title elementor-widget-heading\" data-id=\"69d41b3b\" data-element_type=\"widget\" data-e-type=\"widget\" data-widget_type=\"theme-post-title.default\">\n\t\t\t\t<div class=\"elementor-widget-container\">\n\t\t\t\t\t<h1 class=\"elementor-heading-title elementor-size-default\">Tagespflegen Alt\u00f6tting &#038; Reischach<\/h1>\t\t\t\t<\/div>\n\t\t\t\t<\/div>\n\t\t\t\t<div class=\"elementor-element elementor-element-4ed87ea elementor-widget elementor-widget-text-editor\" data-id=\"4ed87ea\" data-element_type=\"widget\" data-e-type=\"widget\" data-widget_type=\"text-editor.default\">\n\t\t\t\t<div class=\"elementor-widget-container\">\n\t\t\t\t\t\t\t\t\t<p>Gemeinschaft erleben, dabei gut pflegerisch versorgt und trotzdem Zuhause wohnen. <br \/>Mit unseren Tagespflegen wird dies f\u00fcr viele zuhause versorgte Menschen mit Pflegebedarf wieder m\u00f6glich. In einem sehr ansprechenden Ambiente bieten unsere beiden Tagespflegen an den Standorten Reischach und Alt\u00f6tting diese M\u00f6glichkeit.<\/p><p>F\u00fcr die Tagesg\u00e4ste bedeutet dies Teilhabe am gesellschaftlichen Leben und f\u00fcr deren Angeh\u00f6rige eine deutliche Entlastung. Neben der professionellen pflegerischen Versorgung erleben unsere G\u00e4ste Besch\u00e4ftigung, Mobilisierung und Aktivierung. Im engen Austausch mit Angeh\u00f6rigen, ambulanten Diensten und den zust\u00e4ndigen \u00c4rztinnen und \u00c4rzten wird hierbei aktiv zusamme- gearbeitet, um die bestm\u00f6gliche Versorgung sicherzustellen. Durch gezielte Beobachtung werden oftmals gesundheitliche und pflegerische Probleme fr\u00fchzeitig erkannt und auch behandelt.<\/p>\t\t\t\t\t\t\t\t<\/div>\n\t\t\t\t<\/div>\n\t\t\t\t<div class=\"elementor-element elementor-element-8a29739 elementor-widget elementor-widget-spacer\" data-id=\"8a29739\" data-element_type=\"widget\" data-e-type=\"widget\" data-widget_type=\"spacer.default\">\n\t\t\t\t<div class=\"elementor-widget-container\">\n\t\t\t\t\t\t\t<div class=\"elementor-spacer\">\n\t\t\t<div class=\"elementor-spacer-inner\"><\/div>\n\t\t<\/div>\n\t\t\t\t\t\t<\/div>\n\t\t\t\t<\/div>\n\t\t\t\t<div class=\"elementor-element elementor-element-24e3f20 elementor-widget elementor-widget-heading\" data-id=\"24e3f20\" data-element_type=\"widget\" data-e-type=\"widget\" data-widget_type=\"heading.default\">\n\t\t\t\t<div class=\"elementor-widget-container\">\n\t\t\t\t\t<h4 class=\"elementor-heading-title elementor-size-default\"> \u201eZuhause Wohnen, tags\u00fcber ganz individuell betreut\u201c <\/h4>\t\t\t\t<\/div>\n\t\t\t\t<\/div>\n\t\t\t\t<section class=\"elementor-section elementor-inner-section elementor-element elementor-element-98917fe elementor-section-boxed elementor-section-height-default elementor-section-height-default\" data-id=\"98917fe\" data-element_type=\"section\" data-e-type=\"section\">\n\t\t\t\t\t\t<div class=\"elementor-container elementor-column-gap-wide\">\n\t\t\t\t\t<div class=\"elementor-column elementor-col-50 elementor-inner-column elementor-element elementor-element-c5af680\" data-id=\"c5af680\" data-element_type=\"column\" data-e-type=\"column\">\n\t\t\t<div class=\"elementor-widget-wrap elementor-element-populated\">\n\t\t\t\t\t\t<div class=\"elementor-element elementor-element-23a7d17 elementor-view-default elementor-position-block-start elementor-mobile-position-block-start elementor-widget elementor-widget-icon-box\" data-id=\"23a7d17\" data-element_type=\"widget\" data-e-type=\"widget\" data-widget_type=\"icon-box.default\">\n\t\t\t\t<div class=\"elementor-widget-container\">\n\t\t\t\t\t\t\t<div class=\"elementor-icon-box-wrapper\">\n\n\t\t\t\t\t\t<div class=\"elementor-icon-box-icon\">\n\t\t\t\t<span  class=\"elementor-icon\">\n\t\t\t\t<svg xmlns=\"http:\/\/www.w3.org\/2000\/svg\" xmlns:xlink=\"http:\/\/www.w3.org\/1999\/xlink\" id=\"Ebene_1\" x=\"0px\" y=\"0px\" viewBox=\"0 0 315.6 227.8\" style=\"enable-background:new 0 0 315.6 227.8;\" xml:space=\"preserve\"><style type=\"text\/css\">\t.st0{fill:#FBB728;}\t.st1{fill:#455459;}\t.st2{fill:none;}<\/style><g id=\"Ebene_2_1_\">\t<g id=\"Ebene_1-2\">\t\t<path class=\"st0\" d=\"M254,113.9c0,53.1-43.1,96.2-96.2,96.2S61.6,167,61.6,113.9c0-53.1,43.1-96.2,96.2-96.2    C210.9,17.7,254,60.8,254,113.9C254,113.9,254,113.9,254,113.9\"><\/path>\t\t<path class=\"st1\" d=\"M221.4,216.6H87.6v-10h133.8V216.6z M87.6,188.1h133.5v9.7H87.6V188.1z M107,170.1c11.2,0,18.8,4.4,19.4,7.6    c-1.1,0.2-2.3,0.3-3.5,0.3c-1.8,0-3.9-0.1-6.2-0.3c-2.9-0.2-6.2-0.4-9.7-0.4s-6.8,0.2-9.7,0.4c-2.3,0.1-4.4,0.3-6.2,0.3    c-1.2,0-2.4-0.1-3.5-0.3C88,174.6,95.6,170.1,107,170.1 M162.4,170.1c2.9,0,35.7,0,37.1,0.1c19.8,0.5,21.7,4,21.9,6.9    c-1.1,0.4-3.9,1-11.2,1c-3.7,0-8-0.1-12.7-0.3c-5.6-0.2-12-0.4-18.7-0.4s-13.1,0.2-18.7,0.4c-4.7,0.1-9,0.3-12.7,0.3    c-7.2,0-10.1-0.6-11.2-1C136.5,174.6,139.2,170.1,162.4,170.1 M53.6,215.8H36.5l-4.5-30.6h26.2L53.6,215.8z M26.4,174.9    c-2,0.3-2.5-0.5-2.7-0.9c-0.9-1.6-0.7-5,1-7.3s6-4,11-5c-0.9,1.5-1.6,3-2.4,4.4C31.1,170.4,29,174.4,26.4,174.9 M19.1,120.7    c-0.5-0.9-0.5-2-0.1-3c1.1-0.7,4.3,0.2,6.2,0.7l0.3,0.1c4.8,1.1,8.9,4.2,11.4,8.5c-0.2,0.7-0.3,1.4-0.4,2.1h-0.3    C27.2,127.1,20.6,123.9,19.1,120.7 M37.2,143.6c0.2,1.4,0.5,3.9,0.1,4.7c-1.3,1.7-3.3,3-4.7,3c-0.2,0-0.4,0-0.6-0.1    c-1.8-0.7-1.7-1.3-1.6-1.9c0.5-2.4,3.5-5.5,6.7-6.4L37.2,143.6 M42.9,174.6c0.6,0.3,1.2,0.5,1.8,0.7c0.8,0.2,1.7,0.3,2.5,0.3v0.8    l-4.3-0.1V174.6z M46.2,152.5c1.9,4.4,3.6,10.1,3.2,12.8c0,0.9-0.7,1.6-1.5,1.6c-0.1,0-0.2,0-0.2,0c-0.3,0-0.6,0-0.7,0    c-0.3-0.2-1.4-1.9-1.5-6.2C45.2,158,45.5,155.3,46.2,152.5 M51.2,116.4c6.5-9.2,9.5-9.4,9.4-9.4c0.2,0,0.2,0,0.3,0.2    c0.5,1,0.6,2.1,0.3,3.1c-1.2,3.8-2.4,5-9.7,9.6c-0.7,0.4-1.7,1-3,1.6l-0.6,0.3C48.8,119.9,49.9,118.1,51.2,116.4 M57.4,135.8    c0.5-0.1,1,0,1.4,0.3c0.5,0.5,0.7,1.2,0.6,1.9c0,0.3,0,0.9-1.6,1.5c-2,0.5-4,0.5-6-0.1C53.4,137.6,55.3,136,57.4,135.8 M64,160.4    c0.8,1.7,1.1,3.5,1,5.4c-2.8-0.6-5-2.5-7.3-5c-0.2-1.3-0.5-2.6-0.8-3.9l0,0c4.3,1,6.5,2.6,7,3.6 M258.5,216.6h-28.4v-54.7    c0.1-2.4-1.7-4.4-4.1-4.6c-2.4-0.1-4.4,1.7-4.6,4.1c0,0.1,0,0.3,0,0.4v2.9c-4.8-2-11.9-3-21.7-3.3c-1.6,0-37-0.1-37.3-0.1    c-12.8,0-25.7,1.1-31.6,7.5c-4.9-4.6-13.5-7.5-23.8-7.5c-7.7,0-14.4,1.6-19.4,4.4v-24.9c0.1-2.4-1.7-4.4-4.1-4.6    c-2.4-0.1-4.4,1.7-4.6,4.1c0,0.1,0,0.3,0,0.4v75.7H62.3l5.2-35.1c0.4-2.4-1.3-4.6-3.7-5c-0.2,0-0.4,0-0.6,0h-7.2v-4.9    c0.1-0.1,0.2-0.3,0.3-0.5c2.3,1.7,5,2.9,7.9,3.4c0.5,0.1,1,0.1,1.5,0.1c2.5,0.1,4.9-1.2,6.4-3.2c3-4.4,1.6-11.5-0.5-15.2    c-2.7-4.6-8.3-6.7-12.6-7.7l-0.6-0.1c0.8-0.1,1.5-0.3,2.3-0.5c4.8-1.6,7.6-5.2,7.6-9.7c0.1-3.1-1.2-6.2-3.5-8.3    c-2.2-1.9-5-2.9-7.9-2.6c-0.2,0-0.5,0.1-0.7,0.1l0.2-0.1c7.9-5,11.1-7.6,13.3-14.3c1.1-3.6,0.6-7.4-1.3-10.6    c-1.5-2.3-4.1-3.8-6.9-4c-5.1-0.4-10.6,3.8-17.2,13c-1.2,1.7-2.3,3.4-3.2,5.3c-0.3,0.1-0.5,0.3-0.7,0.5c-3.5-3.4-7.8-5.9-12.6-7    c-3.8-1.1-10.1-2.8-14.7,1.4c-0.1,0.1-0.2,0.2-0.2,0.3c-3.4,3.7-3.2,9-1.4,12.7c3.1,6.4,11.4,10,19,12.1    c-4.2,2.6-7.5,6.7-8.3,11.1c-0.7,3.1,0.3,6.4,2.5,8.7c-2.6,1.2-4.8,2.9-6.5,5.2c-3.8,4.7-4.5,12-1.7,16.9c1.4,2.6,3.9,4.4,6.7,5    l4.9,33.2H5c-2.4,0.1-4.3,2.2-4.1,4.6c0.1,2.2,1.9,4,4.1,4.1h253.5c2.4-0.1,4.3-2.2,4.1-4.6C262.6,218.4,260.8,216.6,258.5,216.6\"><\/path>\t\t<path class=\"st1\" d=\"M166.9,72.5c-0.2,4.5-1.8,8.8-4.7,12.3c-3.6,4.1-9.1,6.4-16.5,7.1V72.5H166.9z M145.6,100.3    c1.8-0.1,3.6-0.4,5.4-0.7l4.4,24.3h-9.9L145.6,100.3z M174.1,90.3c2.6,2.9,5.8,5.3,9.4,6.9l-4.1,22.2h-16.2l-4.1-22.2    c3.6-1.6,6.8-3.9,9.4-6.9c1-1.2,2-2.5,2.8-3.8C172.1,87.9,173.1,89.1,174.1,90.3 M197.1,83.2v8.7c-7.4-0.6-13-3-16.5-7.1    c-2.9-3.5-4.5-7.8-4.7-12.3h21.2V83.2z M187.2,124l4.4-24.3c1.8,0.3,3.6,0.6,5.4,0.7V124L187.2,124z M141.7,132.4h18.7    c2.4,0,4.4-1.9,4.4-4.4c0-0.1,0-0.1,0-0.2H178c-0.1,2.4,1.8,4.5,4.3,4.5c0,0,0.1,0,0.1,0h18.7c2.4,0,4.4-2,4.4-4.4V68.5    c0-2.4-2-4.4-4.4-4.4h-59.5c-2.4,0-4.4,2-4.4,4.4V128C137.2,130.4,139.2,132.4,141.7,132.4\"><\/path>\t\t<path class=\"st2\" d=\"M315.1,113.9c0,62.6-70.4,113.4-157.3,113.4S0.5,176.5,0.5,113.9S70.9,0.5,157.8,0.5S315.1,51.3,315.1,113.9z    \"><\/path>\t<\/g><\/g><\/svg>\t\t\t\t<\/span>\n\t\t\t<\/div>\n\t\t\t\n\t\t\t\t\t\t<div class=\"elementor-icon-box-content\">\n\n\t\t\t\t\t\t\t\t\t<h5 class=\"elementor-icon-box-title\">\n\t\t\t\t\t\t<span  >\n\t\t\t\t\t\t\tBetreuung zuhause\t\t\t\t\t\t<\/span>\n\t\t\t\t\t<\/h5>\n\t\t\t\t\n\t\t\t\t\n\t\t\t<\/div>\n\t\t\t\n\t\t<\/div>\n\t\t\t\t\t\t<\/div>\n\t\t\t\t<\/div>\n\t\t\t\t<div class=\"elementor-element elementor-element-d32d8d7 elementor-align-start elementor-icon-list--layout-traditional elementor-list-item-link-full_width elementor-widget elementor-widget-icon-list\" data-id=\"d32d8d7\" data-element_type=\"widget\" data-e-type=\"widget\" data-widget_type=\"icon-list.default\">\n\t\t\t\t<div class=\"elementor-widget-container\">\n\t\t\t\t\t\t\t<ul class=\"elementor-icon-list-items\">\n\t\t\t\t\t\t\t<li class=\"elementor-icon-list-item\">\n\t\t\t\t\t\t\t\t\t\t\t<span class=\"elementor-icon-list-icon\">\n\t\t\t\t\t\t\t<svg aria-hidden=\"true\" class=\"e-font-icon-svg e-fas-check\" viewBox=\"0 0 512 512\" xmlns=\"http:\/\/www.w3.org\/2000\/svg\"><path d=\"M173.898 439.404l-166.4-166.4c-9.997-9.997-9.997-26.206 0-36.204l36.203-36.204c9.997-9.998 26.207-9.998 36.204 0L192 312.69 432.095 72.596c9.997-9.997 26.207-9.997 36.204 0l36.203 36.204c9.997 9.997 9.997 26.206 0 36.204l-294.4 294.401c-9.998 9.997-26.207 9.997-36.204-.001z\"><\/path><\/svg>\t\t\t\t\t\t<\/span>\n\t\t\t\t\t\t\t\t\t\t<span class=\"elementor-icon-list-text\">12 Tagespflegepl\u00e4tze an zwei Standorten<\/span>\n\t\t\t\t\t\t\t\t\t<\/li>\n\t\t\t\t\t\t\t\t<li class=\"elementor-icon-list-item\">\n\t\t\t\t\t\t\t\t\t\t\t<span class=\"elementor-icon-list-icon\">\n\t\t\t\t\t\t\t<svg aria-hidden=\"true\" class=\"e-font-icon-svg e-fas-check\" viewBox=\"0 0 512 512\" xmlns=\"http:\/\/www.w3.org\/2000\/svg\"><path d=\"M173.898 439.404l-166.4-166.4c-9.997-9.997-9.997-26.206 0-36.204l36.203-36.204c9.997-9.998 26.207-9.998 36.204 0L192 312.69 432.095 72.596c9.997-9.997 26.207-9.997 36.204 0l36.203 36.204c9.997 9.997 9.997 26.206 0 36.204l-294.4 294.401c-9.998 9.997-26.207 9.997-36.204-.001z\"><\/path><\/svg>\t\t\t\t\t\t<\/span>\n\t\t\t\t\t\t\t\t\t\t<span class=\"elementor-icon-list-text\">gem\u00fctliche Wohnzimmer <\/span>\n\t\t\t\t\t\t\t\t\t<\/li>\n\t\t\t\t\t\t\t\t<li class=\"elementor-icon-list-item\">\n\t\t\t\t\t\t\t\t\t\t\t<span class=\"elementor-icon-list-icon\">\n\t\t\t\t\t\t\t<svg aria-hidden=\"true\" class=\"e-font-icon-svg e-fas-check\" viewBox=\"0 0 512 512\" xmlns=\"http:\/\/www.w3.org\/2000\/svg\"><path d=\"M173.898 439.404l-166.4-166.4c-9.997-9.997-9.997-26.206 0-36.204l36.203-36.204c9.997-9.998 26.207-9.998 36.204 0L192 312.69 432.095 72.596c9.997-9.997 26.207-9.997 36.204 0l36.203 36.204c9.997 9.997 9.997 26.206 0 36.204l-294.4 294.401c-9.998 9.997-26.207 9.997-36.204-.001z\"><\/path><\/svg>\t\t\t\t\t\t<\/span>\n\t\t\t\t\t\t\t\t\t\t<span class=\"elementor-icon-list-text\">entspannende Ruher\u00e4ume<\/span>\n\t\t\t\t\t\t\t\t\t<\/li>\n\t\t\t\t\t\t\t\t<li class=\"elementor-icon-list-item\">\n\t\t\t\t\t\t\t\t\t\t\t<span class=\"elementor-icon-list-icon\">\n\t\t\t\t\t\t\t<svg aria-hidden=\"true\" class=\"e-font-icon-svg e-fas-check\" viewBox=\"0 0 512 512\" xmlns=\"http:\/\/www.w3.org\/2000\/svg\"><path d=\"M173.898 439.404l-166.4-166.4c-9.997-9.997-9.997-26.206 0-36.204l36.203-36.204c9.997-9.998 26.207-9.998 36.204 0L192 312.69 432.095 72.596c9.997-9.997 26.207-9.997 36.204 0l36.203 36.204c9.997 9.997 9.997 26.206 0 36.204l-294.4 294.401c-9.998 9.997-26.207 9.997-36.204-.001z\"><\/path><\/svg>\t\t\t\t\t\t<\/span>\n\t\t\t\t\t\t\t\t\t\t<span class=\"elementor-icon-list-text\">einladende Esszimmer<\/span>\n\t\t\t\t\t\t\t\t\t<\/li>\n\t\t\t\t\t\t\t\t<li class=\"elementor-icon-list-item\">\n\t\t\t\t\t\t\t\t\t\t\t<span class=\"elementor-icon-list-icon\">\n\t\t\t\t\t\t\t<svg aria-hidden=\"true\" class=\"e-font-icon-svg e-fas-check\" viewBox=\"0 0 512 512\" xmlns=\"http:\/\/www.w3.org\/2000\/svg\"><path d=\"M173.898 439.404l-166.4-166.4c-9.997-9.997-9.997-26.206 0-36.204l36.203-36.204c9.997-9.998 26.207-9.998 36.204 0L192 312.69 432.095 72.596c9.997-9.997 26.207-9.997 36.204 0l36.203 36.204c9.997 9.997 9.997 26.206 0 36.204l-294.4 294.401c-9.998 9.997-26.207 9.997-36.204-.001z\"><\/path><\/svg>\t\t\t\t\t\t<\/span>\n\t\t\t\t\t\t\t\t\t\t<span class=\"elementor-icon-list-text\">gro\u00dfz\u00fcgige Au\u00dfenbereiche <\/span>\n\t\t\t\t\t\t\t\t\t<\/li>\n\t\t\t\t\t\t<\/ul>\n\t\t\t\t\t\t<\/div>\n\t\t\t\t<\/div>\n\t\t\t\t<div class=\"elementor-element elementor-element-380b80c elementor-widget elementor-widget-spacer\" data-id=\"380b80c\" data-element_type=\"widget\" data-e-type=\"widget\" data-widget_type=\"spacer.default\">\n\t\t\t\t<div class=\"elementor-widget-container\">\n\t\t\t\t\t\t\t<div class=\"elementor-spacer\">\n\t\t\t<div class=\"elementor-spacer-inner\"><\/div>\n\t\t<\/div>\n\t\t\t\t\t\t<\/div>\n\t\t\t\t<\/div>\n\t\t\t\t\t<\/div>\n\t\t<\/div>\n\t\t\t\t<div class=\"elementor-column elementor-col-50 elementor-inner-column elementor-element elementor-element-24a74cf\" data-id=\"24a74cf\" data-element_type=\"column\" data-e-type=\"column\">\n\t\t\t<div class=\"elementor-widget-wrap elementor-element-populated\">\n\t\t\t\t\t\t<div class=\"elementor-element elementor-element-75cd479 elementor-view-default elementor-position-block-start elementor-mobile-position-block-start elementor-widget elementor-widget-icon-box\" data-id=\"75cd479\" data-element_type=\"widget\" data-e-type=\"widget\" data-widget_type=\"icon-box.default\">\n\t\t\t\t<div class=\"elementor-widget-container\">\n\t\t\t\t\t\t\t<div class=\"elementor-icon-box-wrapper\">\n\n\t\t\t\t\t\t<div class=\"elementor-icon-box-icon\">\n\t\t\t\t<span  class=\"elementor-icon\">\n\t\t\t\t<svg xmlns=\"http:\/\/www.w3.org\/2000\/svg\" xmlns:xlink=\"http:\/\/www.w3.org\/1999\/xlink\" id=\"Ebene_1\" x=\"0px\" y=\"0px\" viewBox=\"0 0 315.6 227.8\" style=\"enable-background:new 0 0 315.6 227.8;\" xml:space=\"preserve\"><style type=\"text\/css\">\t.st0{fill:#FBB728;}\t.st1{fill:#455459;}\t.st2{fill:none;}<\/style><g id=\"Ebene_2_1_\">\t<g id=\"Ebene_1-2\">\t\t<path class=\"st0\" d=\"M254,113.9c0,53.1-43.1,96.2-96.2,96.2S61.6,167,61.6,113.9c0-53.1,43.1-96.2,96.2-96.2    C210.9,17.7,254,60.8,254,113.9C254,113.9,254,113.9,254,113.9\"><\/path>\t\t<path class=\"st1\" d=\"M142.8,216.9l1.9-3.4l33.1-37.9c17.5,7.2,26.3,20.7,27.3,41.3H142.8z M96.6,175.5l36.1,41.3H69.3    C70.3,196.2,79,182.7,96.6,175.5 M126.2,196.6l-23.5-26.9l13-7.2L126.2,196.6z M138.2,156.4c4,0,8-0.8,11.8-2.3v7.8l-12.9,41.8    l-12.9-41.8v-8.8C128.6,155.3,133.4,156.4,138.2,156.4 M106.5,109.5c10.3-2,16.8-8.7,21.4-15.9c6.3,7.4,16.7,11.8,29.9,12.6    c4.2,0.3,8.3,1,12.3,2.3c-1.2,19.1-14.4,39.4-31.8,39.4C121.1,148,108.1,128.4,106.5,109.5 M171.6,169.7l-23.5,26.9l10.5-34.1    L171.6,169.7z M138.6,60c13.3-3,25.2-0.8,33.6,6.3c9.7,8.2,14.3,22.2,13.3,40.6c-0.4,8.1-4,20.7-11,31.1h-5.6    c6.3-9.6,9.7-20.8,9.8-32.2c0-1.1-0.5-2.2-1.3-3c-2.2-2.1-11.4-4.5-19-4.9s-21-2.9-26.5-13.4c-0.2-0.3-0.3-0.6-0.5-0.9    c-2.8-5.1-3.2-11.2-1.1-16.7C131.7,63.3,134.8,60.7,138.6,60 M106.7,70.2c4.4-3.3,9.7-5.2,15.2-5.4c-2.3,6.8-2,14.2,0.9,20.8    c-5.9,10.9-12.1,15.6-21,16.1c-2.2,0.1-4,2-4,4.2c0.1,11.5,3.5,22.7,9.8,32.2h-5.1c-5.8-11-10.1-23.4-10.5-30.7    C91.2,91.5,96.7,77.6,106.7,70.2 M190.4,172.6c-2.6-1.6-5.2-3-8-4.2c0-0.2,0-0.3,0-0.5c-0.2-1.3-1-2.3-2.1-2.9l-21.8-12.1v-3.5    c1.1-0.9,2.2-1.8,3.2-2.8h14.9l0,0c1.3,0,2.6-0.6,3.4-1.7c8.8-12.2,13.3-27.5,13.9-37.4c1.4-26.7-8-40.6-16.3-47.5    c-10.4-8.8-24.9-11.7-40.9-8c-3.4,0.7-6.6,2.3-9.2,4.7c-9.2-1.1-18.4,1.4-25.8,6.9c-12.3,9.1-19,25.7-17.9,44.4    c0.5,9.2,5.5,23.5,12.7,36.5c0.7,1.3,2.2,2.2,3.7,2.2l0,0h14.7l1,0.9v5.4L94,164.9c-1.1,0.6-1.9,1.7-2.1,2.9c0,0.2,0,0.3,0,0.5    c-2.8,1.2-5.4,2.6-8,4.2c-15.3,9.8-23.1,26.1-23.1,48.5c0,2.3,1.9,4.2,4.2,4.2h144.3c2.3,0,4.2-1.9,4.2-4.2v0    C213.5,198.7,205.7,182.4,190.4,172.6\"><\/path>\t\t<path class=\"st1\" d=\"M137.7,141.5L137.7,141.5c5.4,0,10.4-3.1,12.8-8c1-2.1,0.2-4.6-1.9-5.6c-2.1-1-4.6-0.2-5.6,1.9    c-1,2-3,3.3-5.2,3.2l0,0c-2.2,0-4.2-1.3-5.2-3.2c-1.1-2.1-3.6-2.9-5.7-1.8c-2,1-2.8,3.4-1.9,5.5    C127.3,138.4,132.2,141.5,137.7,141.5\"><\/path>\t\t<path class=\"st1\" d=\"M128.1,116.3c0-3.6-2.9-6.6-6.6-6.6c-3.6,0-6.6,2.9-6.6,6.6c0,3.6,2.9,6.6,6.6,6.6c0,0,0,0,0,0    C125.2,122.8,128.1,119.9,128.1,116.3\"><\/path>\t\t<path class=\"st1\" d=\"M155,122.8c3.6,0,6.6-2.9,6.6-6.6s-2.9-6.6-6.6-6.6c-3.6,0-6.6,2.9-6.6,6.6c0,0,0,0,0,0    C148.4,119.9,151.4,122.8,155,122.8\"><\/path>\t\t<path class=\"st2\" d=\"M315.1,113.9c0,62.6-70.4,113.4-157.3,113.4S0.5,176.5,0.5,113.9S70.9,0.5,157.8,0.5S315.1,51.3,315.1,113.9z    \"><\/path>\t<\/g><\/g><\/svg>\t\t\t\t<\/span>\n\t\t\t<\/div>\n\t\t\t\n\t\t\t\t\t\t<div class=\"elementor-icon-box-content\">\n\n\t\t\t\t\t\t\t\t\t<h5 class=\"elementor-icon-box-title\">\n\t\t\t\t\t\t<span  >\n\t\t\t\t\t\t\tPflege &amp; Betreuung\t\t\t\t\t\t<\/span>\n\t\t\t\t\t<\/h5>\n\t\t\t\t\n\t\t\t\t\n\t\t\t<\/div>\n\t\t\t\n\t\t<\/div>\n\t\t\t\t\t\t<\/div>\n\t\t\t\t<\/div>\n\t\t\t\t<div class=\"elementor-element elementor-element-b54840f elementor-align-start elementor-icon-list--layout-traditional elementor-list-item-link-full_width elementor-widget elementor-widget-icon-list\" data-id=\"b54840f\" data-element_type=\"widget\" data-e-type=\"widget\" data-widget_type=\"icon-list.default\">\n\t\t\t\t<div class=\"elementor-widget-container\">\n\t\t\t\t\t\t\t<ul class=\"elementor-icon-list-items\">\n\t\t\t\t\t\t\t<li class=\"elementor-icon-list-item\">\n\t\t\t\t\t\t\t\t\t\t\t<span class=\"elementor-icon-list-icon\">\n\t\t\t\t\t\t\t<svg aria-hidden=\"true\" class=\"e-font-icon-svg e-fas-check\" viewBox=\"0 0 512 512\" xmlns=\"http:\/\/www.w3.org\/2000\/svg\"><path d=\"M173.898 439.404l-166.4-166.4c-9.997-9.997-9.997-26.206 0-36.204l36.203-36.204c9.997-9.998 26.207-9.998 36.204 0L192 312.69 432.095 72.596c9.997-9.997 26.207-9.997 36.204 0l36.203 36.204c9.997 9.997 9.997 26.206 0 36.204l-294.4 294.401c-9.998 9.997-26.207 9.997-36.204-.001z\"><\/path><\/svg>\t\t\t\t\t\t<\/span>\n\t\t\t\t\t\t\t\t\t\t<span class=\"elementor-icon-list-text\">breites Mobilisierungs- und Aktivierungsangebot<\/span>\n\t\t\t\t\t\t\t\t\t<\/li>\n\t\t\t\t\t\t\t\t<li class=\"elementor-icon-list-item\">\n\t\t\t\t\t\t\t\t\t\t\t<span class=\"elementor-icon-list-icon\">\n\t\t\t\t\t\t\t<svg aria-hidden=\"true\" class=\"e-font-icon-svg e-fas-check\" viewBox=\"0 0 512 512\" xmlns=\"http:\/\/www.w3.org\/2000\/svg\"><path d=\"M173.898 439.404l-166.4-166.4c-9.997-9.997-9.997-26.206 0-36.204l36.203-36.204c9.997-9.998 26.207-9.998 36.204 0L192 312.69 432.095 72.596c9.997-9.997 26.207-9.997 36.204 0l36.203 36.204c9.997 9.997 9.997 26.206 0 36.204l-294.4 294.401c-9.998 9.997-26.207 9.997-36.204-.001z\"><\/path><\/svg>\t\t\t\t\t\t<\/span>\n\t\t\t\t\t\t\t\t\t\t<span class=\"elementor-icon-list-text\">Begleitung im Alltag<\/span>\n\t\t\t\t\t\t\t\t\t<\/li>\n\t\t\t\t\t\t\t\t<li class=\"elementor-icon-list-item\">\n\t\t\t\t\t\t\t\t\t\t\t<span class=\"elementor-icon-list-icon\">\n\t\t\t\t\t\t\t<svg aria-hidden=\"true\" class=\"e-font-icon-svg e-fas-check\" viewBox=\"0 0 512 512\" xmlns=\"http:\/\/www.w3.org\/2000\/svg\"><path d=\"M173.898 439.404l-166.4-166.4c-9.997-9.997-9.997-26.206 0-36.204l36.203-36.204c9.997-9.998 26.207-9.998 36.204 0L192 312.69 432.095 72.596c9.997-9.997 26.207-9.997 36.204 0l36.203 36.204c9.997 9.997 9.997 26.206 0 36.204l-294.4 294.401c-9.998 9.997-26.207 9.997-36.204-.001z\"><\/path><\/svg>\t\t\t\t\t\t<\/span>\n\t\t\t\t\t\t\t\t\t\t<span class=\"elementor-icon-list-text\">pflegerische Betreuung <\/span>\n\t\t\t\t\t\t\t\t\t<\/li>\n\t\t\t\t\t\t<\/ul>\n\t\t\t\t\t\t<\/div>\n\t\t\t\t<\/div>\n\t\t\t\t<div class=\"elementor-element elementor-element-8e34da3 elementor-widget elementor-widget-spacer\" data-id=\"8e34da3\" data-element_type=\"widget\" data-e-type=\"widget\" data-widget_type=\"spacer.default\">\n\t\t\t\t<div class=\"elementor-widget-container\">\n\t\t\t\t\t\t\t<div class=\"elementor-spacer\">\n\t\t\t<div class=\"elementor-spacer-inner\"><\/div>\n\t\t<\/div>\n\t\t\t\t\t\t<\/div>\n\t\t\t\t<\/div>\n\t\t\t\t\t<\/div>\n\t\t<\/div>\n\t\t\t\t\t<\/div>\n\t\t<\/section>\n\t\t\t\t<div class=\"elementor-element elementor-element-9090297 elementor-widget elementor-widget-heading\" data-id=\"9090297\" data-element_type=\"widget\" data-e-type=\"widget\" data-widget_type=\"heading.default\">\n\t\t\t\t<div class=\"elementor-widget-container\">\n\t\t\t\t\t<h5 class=\"elementor-heading-title elementor-size-default\">Flyer der Tagespflegen: <\/h5>\t\t\t\t<\/div>\n\t\t\t\t<\/div>\n\t\t\t\t<section class=\"elementor-section elementor-inner-section elementor-element elementor-element-f242af1 elementor-section-boxed elementor-section-height-default elementor-section-height-default\" data-id=\"f242af1\" data-element_type=\"section\" data-e-type=\"section\">\n\t\t\t\t\t\t<div class=\"elementor-container elementor-column-gap-default\">\n\t\t\t\t\t<div class=\"elementor-column elementor-col-50 elementor-inner-column elementor-element elementor-element-a249c5a\" data-id=\"a249c5a\" data-element_type=\"column\" data-e-type=\"column\">\n\t\t\t<div class=\"elementor-widget-wrap elementor-element-populated\">\n\t\t\t\t\t\t<div class=\"elementor-element elementor-element-534a822 elementor-align-center elementor-widget elementor-widget-button\" data-id=\"534a822\" data-element_type=\"widget\" data-e-type=\"widget\" data-widget_type=\"button.default\">\n\t\t\t\t<div class=\"elementor-widget-container\">\n\t\t\t\t\t\t\t\t\t<div class=\"elementor-button-wrapper\">\n\t\t\t\t\t<a class=\"elementor-button elementor-button-link elementor-size-sm\" href=\"https:\/\/jfb-stiftung.de\/st-klara-altoetting\/wp-content\/uploads\/sites\/10\/2022\/11\/Flyer-JFB-Stiftung-Tagespflege-Altoetting-final.pdf\" target=\"_blank\">\n\t\t\t\t\t\t<span class=\"elementor-button-content-wrapper\">\n\t\t\t\t\t\t\t\t\t<span class=\"elementor-button-text\">Tagespflegezentrum Alt\u00f6tting<\/span>\n\t\t\t\t\t<\/span>\n\t\t\t\t\t<\/a>\n\t\t\t\t<\/div>\n\t\t\t\t\t\t\t\t<\/div>\n\t\t\t\t<\/div>\n\t\t\t\t\t<\/div>\n\t\t<\/div>\n\t\t\t\t<div class=\"elementor-column elementor-col-50 elementor-inner-column elementor-element elementor-element-046f69e\" data-id=\"046f69e\" data-element_type=\"column\" data-e-type=\"column\">\n\t\t\t<div class=\"elementor-widget-wrap elementor-element-populated\">\n\t\t\t\t\t\t<div class=\"elementor-element elementor-element-127e828 elementor-align-center elementor-widget elementor-widget-button\" data-id=\"127e828\" data-element_type=\"widget\" data-e-type=\"widget\" data-widget_type=\"button.default\">\n\t\t\t\t<div class=\"elementor-widget-container\">\n\t\t\t\t\t\t\t\t\t<div class=\"elementor-button-wrapper\">\n\t\t\t\t\t<a class=\"elementor-button elementor-button-link elementor-size-sm\" href=\"https:\/\/jfb-stiftung.de\/st-klara-altoetting\/wp-content\/uploads\/sites\/10\/2022\/11\/Flyer-JFB-Stiftung-Tagespflege-Reischach-final.pdf\" target=\"_blank\">\n\t\t\t\t\t\t<span class=\"elementor-button-content-wrapper\">\n\t\t\t\t\t\t\t\t\t<span class=\"elementor-button-text\">Tagespflege Reischach<\/span>\n\t\t\t\t\t<\/span>\n\t\t\t\t\t<\/a>\n\t\t\t\t<\/div>\n\t\t\t\t\t\t\t\t<\/div>\n\t\t\t\t<\/div>\n\t\t\t\t\t<\/div>\n\t\t<\/div>\n\t\t\t\t\t<\/div>\n\t\t<\/section>\n\t\t\t\t<div class=\"elementor-element elementor-element-e2a67b8 elementor-widget elementor-widget-spacer\" data-id=\"e2a67b8\" data-element_type=\"widget\" data-e-type=\"widget\" data-widget_type=\"spacer.default\">\n\t\t\t\t<div class=\"elementor-widget-container\">\n\t\t\t\t\t\t\t<div class=\"elementor-spacer\">\n\t\t\t<div class=\"elementor-spacer-inner\"><\/div>\n\t\t<\/div>\n\t\t\t\t\t\t<\/div>\n\t\t\t\t<\/div>\n\t\t\t\t<section class=\"elementor-section elementor-inner-section elementor-element elementor-element-cd0a106 elementor-section-boxed elementor-section-height-default elementor-section-height-default\" data-id=\"cd0a106\" data-element_type=\"section\" data-e-type=\"section\">\n\t\t\t\t\t\t<div class=\"elementor-container elementor-column-gap-default\">\n\t\t\t\t\t<div class=\"elementor-column elementor-col-50 elementor-inner-column elementor-element elementor-element-4d9c195\" data-id=\"4d9c195\" data-element_type=\"column\" data-e-type=\"column\">\n\t\t\t<div class=\"elementor-widget-wrap elementor-element-populated\">\n\t\t\t\t\t\t<div class=\"elementor-element elementor-element-f9abac5 elementor-widget elementor-widget-text-editor\" data-id=\"f9abac5\" data-element_type=\"widget\" data-e-type=\"widget\" data-widget_type=\"text-editor.default\">\n\t\t\t\t<div class=\"elementor-widget-container\">\n\t\t\t\t\t\t\t\t\t<p>Die Tagespflege in Reischach wurde gef\u00f6rdert durch das bayrische Staatsministerium f\u00fcr Gesundheit und Pflege.<\/p>\t\t\t\t\t\t\t\t<\/div>\n\t\t\t\t<\/div>\n\t\t\t\t\t<\/div>\n\t\t<\/div>\n\t\t\t\t<div class=\"elementor-column elementor-col-50 elementor-inner-column elementor-element elementor-element-cf95634\" data-id=\"cf95634\" data-element_type=\"column\" data-e-type=\"column\">\n\t\t\t<div class=\"elementor-widget-wrap elementor-element-populated\">\n\t\t\t\t\t\t<div class=\"elementor-element elementor-element-39000d2 elementor-widget elementor-widget-image\" data-id=\"39000d2\" data-element_type=\"widget\" data-e-type=\"widget\" data-widget_type=\"image.default\">\n\t\t\t\t<div class=\"elementor-widget-container\">\n\t\t\t\t\t\t\t\t\t\t\t\t\t\t\t<img fetchpriority=\"high\" decoding=\"async\" width=\"1500\" height=\"360\" src=\"https:\/\/jfb-stiftung.de\/st-klara-altoetting\/wp-content\/uploads\/sites\/10\/2021\/06\/Logo_bayrische-Staatsregierung-1500x360.png\" class=\"attachment-large size-large wp-image-2357\" alt=\"\" srcset=\"https:\/\/jfb-stiftung.de\/st-klara-altoetting\/wp-content\/uploads\/sites\/10\/2021\/06\/Logo_bayrische-Staatsregierung-1500x360.png 1500w, https:\/\/jfb-stiftung.de\/st-klara-altoetting\/wp-content\/uploads\/sites\/10\/2021\/06\/Logo_bayrische-Staatsregierung-1000x240.png 1000w, https:\/\/jfb-stiftung.de\/st-klara-altoetting\/wp-content\/uploads\/sites\/10\/2021\/06\/Logo_bayrische-Staatsregierung-768x184.png 768w, https:\/\/jfb-stiftung.de\/st-klara-altoetting\/wp-content\/uploads\/sites\/10\/2021\/06\/Logo_bayrische-Staatsregierung-1536x369.png 1536w, https:\/\/jfb-stiftung.de\/st-klara-altoetting\/wp-content\/uploads\/sites\/10\/2021\/06\/Logo_bayrische-Staatsregierung.png 2000w\" sizes=\"(max-width: 1500px) 100vw, 1500px\">\t\t\t\t\t\t\t\t\t\t\t\t\t\t\t<\/div>\n\t\t\t\t<\/div>\n\t\t\t\t\t<\/div>\n\t\t<\/div>\n\t\t\t\t\t<\/div>\n\t\t<\/section>\n\t\t\t\t<div class=\"elementor-element elementor-element-b6c79c7 elementor-widget elementor-widget-spacer\" data-id=\"b6c79c7\" data-element_type=\"widget\" data-e-type=\"widget\" data-widget_type=\"spacer.default\">\n\t\t\t\t<div class=\"elementor-widget-container\">\n\t\t\t\t\t\t\t<div class=\"elementor-spacer\">\n\t\t\t<div class=\"elementor-spacer-inner\"><\/div>\n\t\t<\/div>\n\t\t\t\t\t\t<\/div>\n\t\t\t\t<\/div>\n\t\t\t\t\t<\/div>\n\t\t<\/section>\n\t\t\t\t<aside class=\"elementor-column elementor-col-50 elementor-top-column elementor-element elementor-element-54f8c1d0 sidebar\" data-id=\"54f8c1d0\" data-element_type=\"column\" data-e-type=\"column\">\n\t\t\t<div class=\"elementor-widget-wrap elementor-element-populated\">\n\t\t\t\t\t\t<div class=\"elementor-element elementor-element-4e3369a4 elementor-widget elementor-widget-spacer\" data-id=\"4e3369a4\" data-element_type=\"widget\" data-e-type=\"widget\" data-widget_type=\"spacer.default\">\n\t\t\t\t<div class=\"elementor-widget-container\">\n\t\t\t\t\t\t\t<div class=\"elementor-spacer\">\n\t\t\t<div class=\"elementor-spacer-inner\"><\/div>\n\t\t<\/div>\n\t\t\t\t\t\t<\/div>\n\t\t\t\t<\/div>\n\t\t\t\t<div class=\"elementor-element elementor-element-3d15659d hyphenate elementor-widget elementor-widget-heading\" data-id=\"3d15659d\" data-element_type=\"widget\" data-e-type=\"widget\" data-widget_type=\"heading.default\">\n\t\t\t\t<div class=\"elementor-widget-container\">\n\t\t\t\t\t<h4 class=\"elementor-heading-title elementor-size-default\">Kontakt<\/h4>\t\t\t\t<\/div>\n\t\t\t\t<\/div>\n\t\t\t\t<div class=\"elementor-element elementor-element-7728a3f elementor-widget elementor-widget-image\" data-id=\"7728a3f\" data-element_type=\"widget\" data-e-type=\"widget\" data-widget_type=\"image.default\">\n\t\t\t\t<div class=\"elementor-widget-container\">\n\t\t\t\t\t\t\t\t\t\t\t\t\t\t\t<img decoding=\"async\" width=\"848\" height=\"1200\" src=\"https:\/\/jfb-stiftung.de\/st-klara-altoetting\/wp-content\/uploads\/sites\/10\/2023\/12\/Gabriele-Spoeckelberger-TP-AOe_Website-e1747817127689-848x1200.jpg\" class=\"attachment-large size-large wp-image-4331\" alt=\"\" srcset=\"https:\/\/jfb-stiftung.de\/st-klara-altoetting\/wp-content\/uploads\/sites\/10\/2023\/12\/Gabriele-Spoeckelberger-TP-AOe_Website-e1747817127689-848x1200.jpg 848w, https:\/\/jfb-stiftung.de\/st-klara-altoetting\/wp-content\/uploads\/sites\/10\/2023\/12\/Gabriele-Spoeckelberger-TP-AOe_Website-e1747817127689-707x1000.jpg 707w, https:\/\/jfb-stiftung.de\/st-klara-altoetting\/wp-content\/uploads\/sites\/10\/2023\/12\/Gabriele-Spoeckelberger-TP-AOe_Website-e1747817127689-768x1087.jpg 768w, https:\/\/jfb-stiftung.de\/st-klara-altoetting\/wp-content\/uploads\/sites\/10\/2023\/12\/Gabriele-Spoeckelberger-TP-AOe_Website-e1747817127689-1085x1536.jpg 1085w, https:\/\/jfb-stiftung.de\/st-klara-altoetting\/wp-content\/uploads\/sites\/10\/2023\/12\/Gabriele-Spoeckelberger-TP-AOe_Website-e1747817127689.jpg 1368w\" sizes=\"(max-width: 848px) 100vw, 848px\">\t\t\t\t\t\t\t\t\t\t\t\t\t\t\t<\/div>\n\t\t\t\t<\/div>\n\t\t\t\t<div class=\"elementor-element elementor-element-3a18546d elementor-widget elementor-widget-text-editor\" data-id=\"3a18546d\" data-element_type=\"widget\" data-e-type=\"widget\" data-widget_type=\"text-editor.default\">\n\t\t\t\t<div class=\"elementor-widget-container\">\n\t\t\t\t\t\t\t\t\t<p><strong>Frau Gabriele Sp\u00f6cklberger<\/strong>\u00a0<\/p>\t\t\t\t\t\t\t\t<\/div>\n\t\t\t\t<\/div>\n\t\t\t\t<div class=\"elementor-element elementor-element-c0e9b2c elementor-widget elementor-widget-text-editor\" data-id=\"c0e9b2c\" data-element_type=\"widget\" data-e-type=\"widget\" data-widget_type=\"text-editor.default\">\n\t\t\t\t<div class=\"elementor-widget-container\">\n\t\t\t\t\t\t\t\t\t<p>Tagespflegezentrum St. Klara Alt\u00f6tting:<br \/><a href=\"mailto:tp-altoetting@jfb-stiftung.de\">tp-altoetting@jfb-stiftung.de<\/a><\/p>\t\t\t\t\t\t\t\t<\/div>\n\t\t\t\t<\/div>\n\t\t\t\t<div class=\"elementor-element elementor-element-8d2d985 elementor-widget elementor-widget-text-editor\" data-id=\"8d2d985\" data-element_type=\"widget\" data-e-type=\"widget\" data-widget_type=\"text-editor.default\">\n\t\t\t\t<div class=\"elementor-widget-container\">\n\t\t\t\t\t\t\t\t\t<p>Herzog-Arnulf-Str. 10<br \/>84503 Alt\u00f6tting<br \/>Telefon:\u00a0<a href=\"tel:+4986719849-0\">+49 (0) 8671 9849-0<\/a><\/p>\t\t\t\t\t\t\t\t<\/div>\n\t\t\t\t<\/div>\n\t\t\t\t<div class=\"elementor-element elementor-element-38efe25 elementor-widget elementor-widget-image\" data-id=\"38efe25\" data-element_type=\"widget\" data-e-type=\"widget\" data-widget_type=\"image.default\">\n\t\t\t\t<div class=\"elementor-widget-container\">\n\t\t\t\t\t\t\t\t\t\t\t\t\t\t\t<img decoding=\"async\" width=\"848\" height=\"1200\" src=\"https:\/\/jfb-stiftung.de\/st-klara-altoetting\/wp-content\/uploads\/sites\/10\/2023\/12\/Hummelsperger-TP-Reischach_bearbeitet-scaled-e1747817657703-848x1200.jpg\" class=\"attachment-large size-large wp-image-4330\" alt=\"\" srcset=\"https:\/\/jfb-stiftung.de\/st-klara-altoetting\/wp-content\/uploads\/sites\/10\/2023\/12\/Hummelsperger-TP-Reischach_bearbeitet-scaled-e1747817657703-848x1200.jpg 848w, https:\/\/jfb-stiftung.de\/st-klara-altoetting\/wp-content\/uploads\/sites\/10\/2023\/12\/Hummelsperger-TP-Reischach_bearbeitet-scaled-e1747817657703-707x1000.jpg 707w, https:\/\/jfb-stiftung.de\/st-klara-altoetting\/wp-content\/uploads\/sites\/10\/2023\/12\/Hummelsperger-TP-Reischach_bearbeitet-scaled-e1747817657703-768x1087.jpg 768w, https:\/\/jfb-stiftung.de\/st-klara-altoetting\/wp-content\/uploads\/sites\/10\/2023\/12\/Hummelsperger-TP-Reischach_bearbeitet-scaled-e1747817657703-1085x1536.jpg 1085w, https:\/\/jfb-stiftung.de\/st-klara-altoetting\/wp-content\/uploads\/sites\/10\/2023\/12\/Hummelsperger-TP-Reischach_bearbeitet-scaled-e1747817657703.jpg 1368w\" sizes=\"(max-width: 848px) 100vw, 848px\">\t\t\t\t\t\t\t\t\t\t\t\t\t\t\t<\/div>\n\t\t\t\t<\/div>\n\t\t\t\t<div class=\"elementor-element elementor-element-66e8b86 elementor-widget elementor-widget-text-editor\" data-id=\"66e8b86\" data-element_type=\"widget\" data-e-type=\"widget\" data-widget_type=\"text-editor.default\">\n\t\t\t\t<div class=\"elementor-widget-container\">\n\t\t\t\t\t\t\t\t\t<p><strong>Frau Evi Hummelsperger<\/strong><\/p>\t\t\t\t\t\t\t\t<\/div>\n\t\t\t\t<\/div>\n\t\t\t\t<div class=\"elementor-element elementor-element-beceeee elementor-widget__width-initial elementor-widget elementor-widget-text-editor\" data-id=\"beceeee\" data-element_type=\"widget\" data-e-type=\"widget\" data-widget_type=\"text-editor.default\">\n\t\t\t\t<div class=\"elementor-widget-container\">\n\t\t\t\t\t\t\t\t\t<p><span style=\"font-size: 1rem;\">Tagespflege St. Klara Reischach:<br \/><\/span><a style=\"font-size: 1rem;\" href=\"mailto:tp-reischach@jfb-stiftung.de\">tp-reischach@jfb-stiftung.de<\/a><\/p>\t\t\t\t\t\t\t\t<\/div>\n\t\t\t\t<\/div>\n\t\t\t\t<div class=\"elementor-element elementor-element-74d27eed elementor-widget elementor-widget-spacer\" data-id=\"74d27eed\" data-element_type=\"widget\" data-e-type=\"widget\" data-widget_type=\"spacer.default\">\n\t\t\t\t<div class=\"elementor-widget-container\">\n\t\t\t\t\t\t\t<div class=\"elementor-spacer\">\n\t\t\t<div class=\"elementor-spacer-inner\"><\/div>\n\t\t<\/div>\n\t\t\t\t\t\t<\/div>\n\t\t\t\t<\/div>\n\t\t\t\t<div class=\"elementor-element elementor-element-81f1aad elementor-widget elementor-widget-text-editor\" data-id=\"81f1aad\" data-element_type=\"widget\" data-e-type=\"widget\" data-widget_type=\"text-editor.default\">\n\t\t\t\t<div class=\"elementor-widget-container\">\n\t\t\t\t\t\t\t\t\t<p>Aushofener Str. 3<br \/>84571 Reischach<br \/>Telefon: <a href=\"tel:+4986709859566\">+49 (0) 8670 9859566<\/a><\/p><p>\u00a0<\/p>\t\t\t\t\t\t\t\t<\/div>\n\t\t\t\t<\/div>\n\t\t\t\t\t<\/div>\n\t\t<\/aside>\n\t\t\t\t\t<\/div>\n\t\t<\/section>\n\t\t\t\t<section class=\"elementor-section elementor-top-section elementor-element elementor-element-43b56196 elementor-section-stretched elementor-section-content-top container-main  elementor-section-boxed elementor-section-height-default elementor-section-height-default\" data-id=\"43b56196\" data-element_type=\"section\" data-e-type=\"section\" data-settings=\"{&quot;background_background&quot;:&quot;classic&quot;,&quot;stretch_section&quot;:&quot;section-stretched&quot;}\">\n\t\t\t\t\t\t<div class=\"elementor-container elementor-column-gap-default\">\n\t\t\t\t\t<section class=\"elementor-column elementor-col-100 elementor-top-column elementor-element elementor-element-2d4b9ca5\" data-id=\"2d4b9ca5\" data-element_type=\"column\" data-e-type=\"column\">\n\t\t\t<div class=\"elementor-widget-wrap elementor-element-populated\">\n\t\t\t\t\t\t<div class=\"elementor-element elementor-element-6995e7c elementor-widget elementor-widget-heading\" data-id=\"6995e7c\" data-element_type=\"widget\" data-e-type=\"widget\" data-widget_type=\"heading.default\">\n\t\t\t\t<div class=\"elementor-widget-container\">\n\t\t\t\t\t<h2 class=\"elementor-heading-title elementor-size-default\">Unsere Tagespflegen<\/h2>\t\t\t\t<\/div>\n\t\t\t\t<\/div>\n\t\t\t\t<div class=\"elementor-element elementor-element-5f8efefb elementor-arrows-position-inside elementor-pagination-position-outside elementor-widget elementor-widget-image-carousel\" data-id=\"5f8efefb\" data-element_type=\"widget\" data-e-type=\"widget\" data-settings=\"{&quot;autoplay_speed&quot;:10000,&quot;navigation&quot;:&quot;both&quot;,&quot;autoplay&quot;:&quot;yes&quot;,&quot;pause_on_hover&quot;:&quot;yes&quot;,&quot;pause_on_interaction&quot;:&quot;yes&quot;,&quot;infinite&quot;:&quot;yes&quot;,&quot;speed&quot;:500,&quot;image_spacing_custom&quot;:{&quot;unit&quot;:&quot;px&quot;,&quot;size&quot;:20,&quot;sizes&quot;:[]},&quot;image_spacing_custom_tablet&quot;:{&quot;unit&quot;:&quot;px&quot;,&quot;size&quot;:&quot;&quot;,&quot;sizes&quot;:[]},&quot;image_spacing_custom_mobile&quot;:{&quot;unit&quot;:&quot;px&quot;,&quot;size&quot;:&quot;&quot;,&quot;sizes&quot;:[]}}\" data-widget_type=\"image-carousel.default\">\n\t\t\t\t<div class=\"elementor-widget-container\">\n\t\t\t\t\t\t\t<div class=\"elementor-image-carousel-wrapper swiper\" role=\"region\" aria-roledescription=\"carousel\" aria-label=\"Bild Karussell\" dir=\"ltr\">\n\t\t\t<div class=\"elementor-image-carousel swiper-wrapper swiper-image-stretch\" aria-live=\"off\">\n\t\t\t\t\t\t\t\t<div class=\"swiper-slide\" role=\"group\" aria-roledescription=\"slide\" aria-label=\"1 von 8\"><a data-elementor-open-lightbox=\"yes\" data-elementor-lightbox-slideshow=\"5f8efefb\" data-elementor-lightbox-title=\"binary comment\" data-e-action-hash=\"#elementor-action%3Aaction%3Dlightbox%26settings%3DeyJpZCI6MjMwMCwidXJsIjoiaHR0cHM6XC9cL2pmYi1zdGlmdHVuZy5kZVwvc3Qta2xhcmEtYWx0b2V0dGluZ1wvd3AtY29udGVudFwvdXBsb2Fkc1wvc2l0ZXNcLzEwXC8yMDIxXC8wNlwvUmVpc2NoYWNoX0tpcmNoZV9UYWdlc3BmbGVnZV9TdGFuZGJpbGQuanBnIiwic2xpZGVzaG93IjoiNWY4ZWZlZmIifQ%3D%3D\" href=\"https:\/\/jfb-stiftung.de\/st-klara-altoetting\/wp-content\/uploads\/sites\/10\/2021\/06\/Reischach_Kirche_Tagespflege_Standbild.jpg\"><figure class=\"swiper-slide-inner\"><img decoding=\"async\" class=\"swiper-slide-image\" src=\"https:\/\/jfb-stiftung.de\/st-klara-altoetting\/wp-content\/uploads\/sites\/10\/2021\/06\/Reischach_Kirche_Tagespflege_Standbild-500x500.jpg\" alt=\"binary comment\" \/><\/figure><\/a><\/div><div class=\"swiper-slide\" role=\"group\" aria-roledescription=\"slide\" aria-label=\"2 von 8\"><a data-elementor-open-lightbox=\"yes\" data-elementor-lightbox-slideshow=\"5f8efefb\" data-elementor-lightbox-title=\"M\u00fchlespiel_Standbild_A\u00d6\" data-e-action-hash=\"#elementor-action%3Aaction%3Dlightbox%26settings%3DeyJpZCI6MjgwMCwidXJsIjoiaHR0cHM6XC9cL2pmYi1zdGlmdHVuZy5kZVwvc3Qta2xhcmEtYWx0b2V0dGluZ1wvd3AtY29udGVudFwvdXBsb2Fkc1wvc2l0ZXNcLzEwXC8yMDIxXC8wOFwvTXVlaGxlc3BpZWxfU3RhbmRiaWxkX0FPZS5qcGciLCJzbGlkZXNob3ciOiI1ZjhlZmVmYiJ9\" href=\"https:\/\/jfb-stiftung.de\/st-klara-altoetting\/wp-content\/uploads\/sites\/10\/2021\/08\/Muehlespiel_Standbild_AOe.jpg\"><figure class=\"swiper-slide-inner\"><img decoding=\"async\" class=\"swiper-slide-image\" src=\"https:\/\/jfb-stiftung.de\/st-klara-altoetting\/wp-content\/uploads\/sites\/10\/2021\/08\/Muehlespiel_Standbild_AOe-500x500.jpg\" alt=\"M\u00fchlespiel_Standbild_A\u00d6\" \/><\/figure><\/a><\/div><div class=\"swiper-slide\" role=\"group\" aria-roledescription=\"slide\" aria-label=\"3 von 8\"><a data-elementor-open-lightbox=\"yes\" data-elementor-lightbox-slideshow=\"5f8efefb\" data-elementor-lightbox-title=\"Innenraum-Tagespflege Reischach_Standbild\" data-e-action-hash=\"#elementor-action%3Aaction%3Dlightbox%26settings%3DeyJpZCI6MjI5NywidXJsIjoiaHR0cHM6XC9cL2pmYi1zdGlmdHVuZy5kZVwvc3Qta2xhcmEtYWx0b2V0dGluZ1wvd3AtY29udGVudFwvdXBsb2Fkc1wvc2l0ZXNcLzEwXC8yMDIxXC8wNlwvSW5uZW5yYXVtLVRhZ2VzcGZsZWdlLVJlaXNjaGFjaF9TdGFuZGJpbGQuanBnIiwic2xpZGVzaG93IjoiNWY4ZWZlZmIifQ%3D%3D\" href=\"https:\/\/jfb-stiftung.de\/st-klara-altoetting\/wp-content\/uploads\/sites\/10\/2021\/06\/Innenraum-Tagespflege-Reischach_Standbild.jpg\"><figure class=\"swiper-slide-inner\"><img decoding=\"async\" class=\"swiper-slide-image\" src=\"https:\/\/jfb-stiftung.de\/st-klara-altoetting\/wp-content\/uploads\/sites\/10\/2021\/06\/Innenraum-Tagespflege-Reischach_Standbild-500x500.jpg\" alt=\"Innenraum-Tagespflege Reischach_Standbild\" \/><\/figure><\/a><\/div><div class=\"swiper-slide\" role=\"group\" aria-roledescription=\"slide\" aria-label=\"4 von 8\"><a data-elementor-open-lightbox=\"yes\" data-elementor-lightbox-slideshow=\"5f8efefb\" data-elementor-lightbox-title=\"binary comment\" data-e-action-hash=\"#elementor-action%3Aaction%3Dlightbox%26settings%3DeyJpZCI6MjI5OSwidXJsIjoiaHR0cHM6XC9cL2pmYi1zdGlmdHVuZy5kZVwvc3Qta2xhcmEtYWx0b2V0dGluZ1wvd3AtY29udGVudFwvdXBsb2Fkc1wvc2l0ZXNcLzEwXC8yMDIxXC8wNlwvQXVzc2VuYW5zaWNodF9UYWdlc3BmbGVnZV9SZWlzY2hhY2gtU3RhbmRiaWxkLmpwZyIsInNsaWRlc2hvdyI6IjVmOGVmZWZiIn0%3D\" href=\"https:\/\/jfb-stiftung.de\/st-klara-altoetting\/wp-content\/uploads\/sites\/10\/2021\/06\/Aussenansicht_Tagespflege_Reischach-Standbild.jpg\"><figure class=\"swiper-slide-inner\"><img decoding=\"async\" class=\"swiper-slide-image\" src=\"https:\/\/jfb-stiftung.de\/st-klara-altoetting\/wp-content\/uploads\/sites\/10\/2021\/06\/Aussenansicht_Tagespflege_Reischach-Standbild-500x500.jpg\" alt=\"binary comment\" \/><\/figure><\/a><\/div><div class=\"swiper-slide\" role=\"group\" aria-roledescription=\"slide\" aria-label=\"5 von 8\"><a data-elementor-open-lightbox=\"yes\" data-elementor-lightbox-slideshow=\"5f8efefb\" data-elementor-lightbox-title=\"Mitarbeiterin A\u00d6-Rollstuhl-lacht-Standbild\" data-e-action-hash=\"#elementor-action%3Aaction%3Dlightbox%26settings%3DeyJpZCI6Mjc4NiwidXJsIjoiaHR0cHM6XC9cL2pmYi1zdGlmdHVuZy5kZVwvc3Qta2xhcmEtYWx0b2V0dGluZ1wvd3AtY29udGVudFwvdXBsb2Fkc1wvc2l0ZXNcLzEwXC8yMDIxXC8wOFwvTWl0YXJiZWl0ZXJpbi1BT2UtUm9sbHN0dWhsLWxhY2h0LVN0YW5kYmlsZC5qcGciLCJzbGlkZXNob3ciOiI1ZjhlZmVmYiJ9\" href=\"https:\/\/jfb-stiftung.de\/st-klara-altoetting\/wp-content\/uploads\/sites\/10\/2021\/08\/Mitarbeiterin-AOe-Rollstuhl-lacht-Standbild.jpg\"><figure class=\"swiper-slide-inner\"><img decoding=\"async\" class=\"swiper-slide-image\" src=\"https:\/\/jfb-stiftung.de\/st-klara-altoetting\/wp-content\/uploads\/sites\/10\/2021\/08\/Mitarbeiterin-AOe-Rollstuhl-lacht-Standbild-500x500.jpg\" alt=\"Mitarbeiterin A\u00d6-Rollstuhl-lacht-Standbild\" \/><\/figure><\/a><\/div><div class=\"swiper-slide\" role=\"group\" aria-roledescription=\"slide\" aria-label=\"6 von 8\"><a data-elementor-open-lightbox=\"yes\" data-elementor-lightbox-slideshow=\"5f8efefb\" data-elementor-lightbox-title=\"binary comment\" data-e-action-hash=\"#elementor-action%3Aaction%3Dlightbox%26settings%3DeyJpZCI6MjMwMSwidXJsIjoiaHR0cHM6XC9cL2pmYi1zdGlmdHVuZy5kZVwvc3Qta2xhcmEtYWx0b2V0dGluZ1wvd3AtY29udGVudFwvdXBsb2Fkc1wvc2l0ZXNcLzEwXC8yMDIxXC8wNlwvdmllbGUtU2Vzc2VsX1RhZ2VzcGZsZWdlLVJlaXNjaGFjaC5qcGciLCJzbGlkZXNob3ciOiI1ZjhlZmVmYiJ9\" href=\"https:\/\/jfb-stiftung.de\/st-klara-altoetting\/wp-content\/uploads\/sites\/10\/2021\/06\/viele-Sessel_Tagespflege-Reischach.jpg\"><figure class=\"swiper-slide-inner\"><img decoding=\"async\" class=\"swiper-slide-image\" src=\"https:\/\/jfb-stiftung.de\/st-klara-altoetting\/wp-content\/uploads\/sites\/10\/2021\/06\/viele-Sessel_Tagespflege-Reischach-500x500.jpg\" alt=\"binary comment\" \/><\/figure><\/a><\/div><div class=\"swiper-slide\" role=\"group\" aria-roledescription=\"slide\" aria-label=\"7 von 8\"><a data-elementor-open-lightbox=\"yes\" data-elementor-lightbox-slideshow=\"5f8efefb\" data-elementor-lightbox-title=\"charset=Ascii\" data-e-action-hash=\"#elementor-action%3Aaction%3Dlightbox%26settings%3DeyJpZCI6MjQ2NiwidXJsIjoiaHR0cHM6XC9cL2pmYi1zdGlmdHVuZy5kZVwvc3Qta2xhcmEtYWx0b2V0dGluZ1wvd3AtY29udGVudFwvdXBsb2Fkc1wvc2l0ZXNcLzEwXC8yMDIxXC8wNlwvRWluZ2FuZ3NjaGlsZC1UUC1SZWlzY2hhY2guanBnIiwic2xpZGVzaG93IjoiNWY4ZWZlZmIifQ%3D%3D\" href=\"https:\/\/jfb-stiftung.de\/st-klara-altoetting\/wp-content\/uploads\/sites\/10\/2021\/06\/Eingangschild-TP-Reischach.jpg\"><figure class=\"swiper-slide-inner\"><img decoding=\"async\" class=\"swiper-slide-image\" src=\"https:\/\/jfb-stiftung.de\/st-klara-altoetting\/wp-content\/uploads\/sites\/10\/2021\/06\/Eingangschild-TP-Reischach-500x500.jpg\" alt=\"charset=Ascii\" \/><\/figure><\/a><\/div><div class=\"swiper-slide\" role=\"group\" aria-roledescription=\"slide\" aria-label=\"8 von 8\"><a data-elementor-open-lightbox=\"yes\" data-elementor-lightbox-slideshow=\"5f8efefb\" data-elementor-lightbox-title=\"charset=Ascii\" data-e-action-hash=\"#elementor-action%3Aaction%3Dlightbox%26settings%3DeyJpZCI6MjQ2NywidXJsIjoiaHR0cHM6XC9cL2pmYi1zdGlmdHVuZy5kZVwvc3Qta2xhcmEtYWx0b2V0dGluZ1wvd3AtY29udGVudFwvdXBsb2Fkc1wvc2l0ZXNcLzEwXC8yMDIxXC8wNlwvSG9jaGJlZXRlX1RQLVJFaXNjaGFjaC5qcGciLCJzbGlkZXNob3ciOiI1ZjhlZmVmYiJ9\" href=\"https:\/\/jfb-stiftung.de\/st-klara-altoetting\/wp-content\/uploads\/sites\/10\/2021\/06\/Hochbeete_TP-REischach.jpg\"><figure class=\"swiper-slide-inner\"><img decoding=\"async\" class=\"swiper-slide-image\" src=\"https:\/\/jfb-stiftung.de\/st-klara-altoetting\/wp-content\/uploads\/sites\/10\/2021\/06\/Hochbeete_TP-REischach-500x500.jpg\" alt=\"charset=Ascii\" \/><\/figure><\/a><\/div>\t\t\t<\/div>\n\t\t\t\t\t\t\t\t\t\t\t\t<div class=\"elementor-swiper-button elementor-swiper-button-prev\" role=\"button\" tabindex=\"0\">\n\t\t\t\t\t\t<svg aria-hidden=\"true\" class=\"e-font-icon-svg e-eicon-chevron-left\" viewBox=\"0 0 1000 1000\" xmlns=\"http:\/\/www.w3.org\/2000\/svg\"><path d=\"M646 125C629 125 613 133 604 142L308 442C296 454 292 471 292 487 292 504 296 521 308 533L604 854C617 867 629 875 646 875 663 875 679 871 692 858 704 846 713 829 713 812 713 796 708 779 692 767L438 487 692 225C700 217 708 204 708 187 708 171 704 154 692 142 675 129 663 125 646 125Z\"><\/path><\/svg>\t\t\t\t\t<\/div>\n\t\t\t\t\t<div class=\"elementor-swiper-button elementor-swiper-button-next\" role=\"button\" tabindex=\"0\">\n\t\t\t\t\t\t<svg aria-hidden=\"true\" class=\"e-font-icon-svg e-eicon-chevron-right\" viewBox=\"0 0 1000 1000\" xmlns=\"http:\/\/www.w3.org\/2000\/svg\"><path d=\"M696 533C708 521 713 504 713 487 713 471 708 454 696 446L400 146C388 133 375 125 354 125 338 125 325 129 313 142 300 154 292 171 292 187 292 204 296 221 308 233L563 492 304 771C292 783 288 800 288 817 288 833 296 850 308 863 321 871 338 875 354 875 371 875 388 867 400 854L696 533Z\"><\/path><\/svg>\t\t\t\t\t<\/div>\n\t\t\t\t\n\t\t\t\t\t\t\t\t\t<div class=\"swiper-pagination\"><\/div>\n\t\t\t\t\t\t\t\t\t<\/div>\n\t\t\t\t\t\t<\/div>\n\t\t\t\t<\/div>\n\t\t\t\t\t<\/div>\n\t\t<\/section>\n\t\t\t\t\t<\/div>\n\t\t<\/section>\n\t\t\t\t<\/div>\n\t\t","protected":false},"excerpt":{"rendered":"<p>Gemeinschaft erleben, dabei gut pflegerisch versorgt und trotzdem Zuhause wohnen. Mit unseren Tagespflegen wird dies f\u00fcr viele zuhause versorgte Menschen mit Pflegebedarf wieder m\u00f6glich. In einem sehr ansprechenden Ambiente bieten \u2026<\/p>\n","protected":false},"author":1,"featured_media":0,"parent":32,"menu_order":20,"comment_status":"closed","ping_status":"closed","template":"","meta":{"_acf_changed":false,"footnotes":""},"class_list":["post-1965","page","type-page","status-publish","hentry"],"acf":[],"publishpress_future_action":{"enabled":false,"date":"2026-05-03 12:14:53","action":"change-status","newStatus":"draft","terms":[],"taxonomy":"","extraData":[]},"publishpress_future_workflow_manual_trigger":{"enabledWorkflows":[]},"_links":{"self":[{"href":"https:\/\/jfb-stiftung.de\/st-klara-altoetting\/wp-json\/wp\/v2\/pages\/1965","targetHints":{"allow":["GET"]}}],"collection":[{"href":"https:\/\/jfb-stiftung.de\/st-klara-altoetting\/wp-json\/wp\/v2\/pages"}],"about":[{"href":"https:\/\/jfb-stiftung.de\/st-klara-altoetting\/wp-json\/wp\/v2\/types\/page"}],"author":[{"embeddable":true,"href":"https:\/\/jfb-stiftung.de\/st-klara-altoetting\/wp-json\/wp\/v2\/users\/1"}],"replies":[{"embeddable":true,"href":"https:\/\/jfb-stiftung.de\/st-klara-altoetting\/wp-json\/wp\/v2\/comments?post=1965"}],"version-history":[{"count":3,"href":"https:\/\/jfb-stiftung.de\/st-klara-altoetting\/wp-json\/wp\/v2\/pages\/1965\/revisions"}],"predecessor-version":[{"id":5164,"href":"https:\/\/jfb-stiftung.de\/st-klara-altoetting\/wp-json\/wp\/v2\/pages\/1965\/revisions\/5164"}],"up":[{"embeddable":true,"href":"https:\/\/jfb-stiftung.de\/st-klara-altoetting\/wp-json\/wp\/v2\/pages\/32"}],"wp:attachment":[{"href":"https:\/\/jfb-stiftung.de\/st-klara-altoetting\/wp-json\/wp\/v2\/media?parent=1965"}],"curies":[{"name":"wp","href":"https:\/\/api.w.org\/{rel}","templated":true}]}}