{"id":3684,"date":"2023-03-23T08:56:28","date_gmt":"2023-03-23T07:56:28","guid":{"rendered":"https:\/\/jfb-stiftung.de\/pflegeteam-hofmark\/veranstaltung\/gemuetliches-grillfest-2\/"},"modified":"2023-03-23T08:57:33","modified_gmt":"2023-03-23T07:57:33","slug":"gemuetliches-grillfest","status":"publish","type":"tribe_events","link":"https:\/\/jfb-stiftung.de\/pflegeteam-hofmark\/veranstaltung\/gemuetliches-grillfest\/","title":{"rendered":"Gem\u00fctliches Grillfest"},"content":{"rendered":"<p>Mit den Bewohner*innen der sch\u00f6nen Wohnanlage in Winh\u00f6ring soll bei hoffentlich sch\u00f6nem Wetter ein ebenso sch\u00f6nes Beisammensein in Form eines Grillfestes veranstaltet werden. Ganz gem\u00fctlich bei leckeren frisch gegrillten Leckereien, Tanz und Musik. Mit dabei nat\u00fcrlich auch alle Mitarbeiter*innen des Pflegeteams Hofmark. Dieses Sommerfest ist eine interne Veranstaltung.<\/p>\n","protected":false},"excerpt":{"rendered":"<p>Mit den Bewohner*innen der sch\u00f6nen Wohnanlage in Winh\u00f6ring soll bei hoffentlich sch\u00f6nem Wetter ein ebenso sch\u00f6nes Beisammensein in Form eines Grillfestes veranstaltet werden. Ganz gem\u00fctlich bei leckeren frisch gegrillten Leckereien, \u2026<\/p>\n","protected":false},"author":1,"featured_media":3663,"template":"","meta":{"_acf_changed":false,"_tribe_events_status":"","_tribe_events_status_reason":"","footnotes":""},"tags":[],"tribe_events_cat":[32],"class_list":["post-3684","tribe_events","type-tribe_events","status-publish","has-post-thumbnail","hentry","tribe_events_cat-pflegeteam-hofmark","cat_pflegeteam-hofmark"],"acf":[],"publishpress_future_workflow_manual_trigger":{"enabledWorkflows":[]},"_links":{"self":[{"href":"https:\/\/jfb-stiftung.de\/pflegeteam-hofmark\/wp-json\/wp\/v2\/tribe_events\/3684","targetHints":{"allow":["GET"]}}],"collection":[{"href":"https:\/\/jfb-stiftung.de\/pflegeteam-hofmark\/wp-json\/wp\/v2\/tribe_events"}],"about":[{"href":"https:\/\/jfb-stiftung.de\/pflegeteam-hofmark\/wp-json\/wp\/v2\/types\/tribe_events"}],"author":[{"embeddable":true,"href":"https:\/\/jfb-stiftung.de\/pflegeteam-hofmark\/wp-json\/wp\/v2\/users\/1"}],"version-history":[{"count":0,"href":"https:\/\/jfb-stiftung.de\/pflegeteam-hofmark\/wp-json\/wp\/v2\/tribe_events\/3684\/revisions"}],"wp:featuredmedia":[{"embeddable":true,"href":"https:\/\/jfb-stiftung.de\/pflegeteam-hofmark\/wp-json\/wp\/v2\/media\/3663"}],"wp:attachment":[{"href":"https:\/\/jfb-stiftung.de\/pflegeteam-hofmark\/wp-json\/wp\/v2\/media?parent=3684"}],"wp:term":[{"taxonomy":"post_tag","embeddable":true,"href":"https:\/\/jfb-stiftung.de\/pflegeteam-hofmark\/wp-json\/wp\/v2\/tags?post=3684"},{"taxonomy":"tribe_events_cat","embeddable":true,"href":"https:\/\/jfb-stiftung.de\/pflegeteam-hofmark\/wp-json\/wp\/v2\/tribe_events_cat?post=3684"}],"curies":[{"name":"wp","href":"https:\/\/api.w.org\/{rel}","templated":true}]}}