{"id":2,"date":"2021-04-28T07:48:14","date_gmt":"2021-04-28T05:48:14","guid":{"rendered":"https:\/\/jfb-stiftung.de\/pflegeteam-hofmark\/?page_id=2"},"modified":"2025-05-13T17:07:35","modified_gmt":"2025-05-13T15:07:35","slug":"pflegeteam-hofmark","status":"publish","type":"page","link":"https:\/\/jfb-stiftung.de\/pflegeteam-hofmark\/","title":{"rendered":"Pflegeteam Hofmark"},"content":{"rendered":"\t\t<div data-elementor-type=\"wp-page\" data-elementor-id=\"2\" class=\"elementor elementor-2\" data-elementor-post-type=\"page\">\n\t\t\t\t\t\t<section class=\"elementor-section elementor-top-section elementor-element elementor-element-5be8bc3 elementor-section-full_width elementor-section-stretched elementor-section-height-default elementor-section-height-default\" data-id=\"5be8bc3\" data-element_type=\"section\" data-e-type=\"section\" data-settings=\"{&quot;stretch_section&quot;:&quot;section-stretched&quot;}\">\n\t\t\t\t\t\t<div class=\"elementor-container elementor-column-gap-no\">\n\t\t\t\t\t<div class=\"elementor-column elementor-col-100 elementor-top-column elementor-element elementor-element-2d54ed1\" data-id=\"2d54ed1\" data-element_type=\"column\" data-e-type=\"column\">\n\t\t\t<div class=\"elementor-widget-wrap elementor-element-populated\">\n\t\t\t\t\t\t<div class=\"elementor-element elementor-element-20dcd8a elementor--h-position-left elementor--v-position-bottom elementor-arrows-position-inside elementor-pagination-position-inside elementor-widget elementor-widget-slides\" data-id=\"20dcd8a\" data-element_type=\"widget\" data-e-type=\"widget\" data-settings=\"{&quot;autoplay_speed&quot;:&quot;10000&quot;,&quot;navigation&quot;:&quot;both&quot;,&quot;autoplay&quot;:&quot;yes&quot;,&quot;pause_on_hover&quot;:&quot;yes&quot;,&quot;pause_on_interaction&quot;:&quot;yes&quot;,&quot;infinite&quot;:&quot;yes&quot;,&quot;transition&quot;:&quot;slide&quot;,&quot;transition_speed&quot;:500}\" data-widget_type=\"slides.default\">\n\t\t\t\t<div class=\"elementor-widget-container\">\n\t\t\t\t\t\t\t\t\t<div class=\"elementor-swiper\">\n\t\t\t\t\t<div class=\"elementor-slides-wrapper elementor-main-swiper swiper\" role=\"region\" aria-roledescription=\"carousel\" aria-label=\"Slider\" dir=\"ltr\" data-animation=\"fadeInLeft\">\n\t\t\t\t<div class=\"swiper-wrapper elementor-slides\">\n\t\t\t\t\t\t\t\t\t\t<div class=\"elementor-repeater-item-4c02bf4 swiper-slide\" role=\"group\" aria-roledescription=\"slide\"><div class=\"swiper-slide-bg\" role=\"img\" aria-label=\"Cropped shot of a senior woman holding hands with a nurse\"><\/div><div class=\"swiper-slide-inner\" ><div class=\"swiper-slide-contents\"><\/div><\/div><\/div>\t\t\t\t<\/div>\n\t\t\t\t\t\t\t<\/div>\n\t\t\t\t<\/div>\n\t\t\t\t\t\t\t\t<\/div>\n\t\t\t\t<\/div>\n\t\t\t\t\t<\/div>\n\t\t<\/div>\n\t\t\t\t\t<\/div>\n\t\t<\/section>\n\t\t\t\t<section class=\"elementor-section elementor-top-section elementor-element elementor-element-faaa7d4 elementor-section-stretched container-main  elementor-section-boxed elementor-section-height-default elementor-section-height-default\" data-id=\"faaa7d4\" data-element_type=\"section\" data-e-type=\"section\" data-settings=\"{&quot;background_background&quot;:&quot;classic&quot;,&quot;stretch_section&quot;:&quot;section-stretched&quot;}\">\n\t\t\t\t\t\t<div class=\"elementor-container elementor-column-gap-default\">\n\t\t\t\t\t<div class=\"elementor-column elementor-col-100 elementor-top-column elementor-element elementor-element-2a99890\" data-id=\"2a99890\" data-element_type=\"column\" data-e-type=\"column\">\n\t\t\t<div class=\"elementor-widget-wrap elementor-element-populated\">\n\t\t\t\t\t\t<div class=\"elementor-element elementor-element-e96cfa7 elementor-widget elementor-widget-wp-widget-xyz_insert_php_widget\" data-id=\"e96cfa7\" data-element_type=\"widget\" data-e-type=\"widget\" data-widget_type=\"wp-widget-xyz_insert_php_widget.default\">\n\t\t\t\t<div class=\"elementor-widget-container\">\n\t\t\t\t\t<h5> <\/h5><nav aria-label=\"breadcrumbs\" class=\"rank-math-breadcrumb\"><p><span class=\"last\">Startseite<\/span><\/p><\/nav>\t\t\t\t<\/div>\n\t\t\t\t<\/div>\n\t\t\t\t<div class=\"elementor-element elementor-element-e4bc475 elementor-widget elementor-widget-heading\" data-id=\"e4bc475\" data-element_type=\"widget\" data-e-type=\"widget\" data-widget_type=\"heading.default\">\n\t\t\t\t<div class=\"elementor-widget-container\">\n\t\t\t\t\t<h3 class=\"elementor-heading-title elementor-size-default\">Versorgung, Unterst\u00fctzung &amp; Pflege im eigenen Zuhause<\/h3>\t\t\t\t<\/div>\n\t\t\t\t<\/div>\n\t\t\t\t<section class=\"elementor-section elementor-inner-section elementor-element elementor-element-e702ee4 elementor-hidden-tablet elementor-section-boxed elementor-section-height-default elementor-section-height-default\" data-id=\"e702ee4\" data-element_type=\"section\" data-e-type=\"section\">\n\t\t\t\t\t\t<div class=\"elementor-container elementor-column-gap-default\">\n\t\t\t\t\t<div class=\"elementor-column elementor-col-50 elementor-inner-column elementor-element elementor-element-bf5bd13 elementor-hidden-tablet\" data-id=\"bf5bd13\" data-element_type=\"column\" data-e-type=\"column\">\n\t\t\t<div class=\"elementor-widget-wrap elementor-element-populated\">\n\t\t\t\t\t\t<div class=\"elementor-element elementor-element-f630c88 elementor-hidden-tablet elementor-widget elementor-widget-text-editor\" data-id=\"f630c88\" data-element_type=\"widget\" data-e-type=\"widget\" data-widget_type=\"text-editor.default\">\n\t\t\t\t<div class=\"elementor-widget-container\">\n\t\t\t\t\t\t\t\t\t<p>Um eine individuelle Betreuung zu erm\u00f6glichen, legen die Mitarbeitenden des Pflegeteams Hofmark ein besonderes Augenmerk darauf, ein Vertrauensverh\u00e4ltnis zu pflege- und betreuungsbed\u00fcrftigen Menschen und deren Angeh\u00f6rigen\u00a0 aufzubauen.<br \/><span style=\"background-color: var( --e-global-color-4066ec1 ); font-size: 1rem;\">Unser Ziel ist es, Ihnen die bestm\u00f6gliche Betreuung und Pflege zu bieten, damit Sie so lange wie m\u00f6glich unabh\u00e4ngig, selbst\u00e4ndig und eigenverantwortlich in der f\u00fcr Sie passenden Wohn-, Pflege- und Betreuungsform leben k\u00f6nnen. <br \/><\/span>Diese Philosophie ist uns wichtig und setzt Fachkompetenz, Einf\u00fchlungsverm\u00f6gen und Respekt voraus. Unser Team arbeitet professionell und liebevoll t\u00e4glich daran, Probleme mit Ihnen und f\u00fcr Sie zu l\u00f6sen. Wir bieten Ihnen eine Vernetzung von Dienstleistungen zur Aufrechterhaltung der Aktivit\u00e4ten des t\u00e4glichen Lebens, die Sie und Ihre Angeh\u00f6rigen entlasten und vor \u00dcberforderung sch\u00fctzen.<br \/>Gerne informieren wir Sie \u00fcber unsere umfassenden Leistungsangebote. Fragen Sie nach einem pers\u00f6nlichen und kostenfreien Beratungsgespr\u00e4ch.<\/p><p>Wenden Sie sich vertrauensvoll an uns!<\/p>\t\t\t\t\t\t\t\t<\/div>\n\t\t\t\t<\/div>\n\t\t\t\t\t<\/div>\n\t\t<\/div>\n\t\t\t\t<div class=\"elementor-column elementor-col-50 elementor-inner-column elementor-element elementor-element-af62603 elementor-hidden-tablet\" data-id=\"af62603\" data-element_type=\"column\" data-e-type=\"column\">\n\t\t\t<div class=\"elementor-widget-wrap elementor-element-populated\">\n\t\t\t\t\t\t<div class=\"elementor-element elementor-element-0b9e66c elementor-widget elementor-widget-spacer\" data-id=\"0b9e66c\" data-element_type=\"widget\" data-e-type=\"widget\" data-widget_type=\"spacer.default\">\n\t\t\t\t<div class=\"elementor-widget-container\">\n\t\t\t\t\t\t\t<div class=\"elementor-spacer\">\n\t\t\t<div class=\"elementor-spacer-inner\"><\/div>\n\t\t<\/div>\n\t\t\t\t\t\t<\/div>\n\t\t\t\t<\/div>\n\t\t\t\t<div class=\"elementor-element elementor-element-00bf161 elementor-widget elementor-widget-image\" data-id=\"00bf161\" data-element_type=\"widget\" data-e-type=\"widget\" data-widget_type=\"image.default\">\n\t\t\t\t<div class=\"elementor-widget-container\">\n\t\t\t\t\t\t\t\t\t\t\t\t\t\t\t\t<a href=\"https:\/\/jfb-stiftung.de\/pflegeteam-hofmark\/wp-content\/uploads\/sites\/11\/2022\/11\/Flyer_PTH_Onlineversion_E-Mail_2022.pdf\" target=\"_blank\">\n\t\t\t\t\t\t\t<img fetchpriority=\"high\" decoding=\"async\" width=\"862\" height=\"868\" src=\"https:\/\/jfb-stiftung.de\/pflegeteam-hofmark\/wp-content\/uploads\/sites\/11\/2022\/11\/Flyer-PTH-Titel-online.png\" class=\"attachment-medium size-medium wp-image-3546\" alt=\"\" srcset=\"https:\/\/jfb-stiftung.de\/pflegeteam-hofmark\/wp-content\/uploads\/sites\/11\/2022\/11\/Flyer-PTH-Titel-online.png 862w, https:\/\/jfb-stiftung.de\/pflegeteam-hofmark\/wp-content\/uploads\/sites\/11\/2022\/11\/Flyer-PTH-Titel-online-768x773.png 768w, https:\/\/jfb-stiftung.de\/pflegeteam-hofmark\/wp-content\/uploads\/sites\/11\/2022\/11\/elementor\/thumbs\/Flyer-PTH-Titel-online-pxhzm2v43bha84bgjbi2eb4hpq2ubom4d8zgajm3q4.png 150w\" sizes=\"(max-width: 862px) 100vw, 862px\">\t\t\t\t\t\t\t\t<\/a>\n\t\t\t\t\t\t\t\t\t\t\t\t\t\t\t<\/div>\n\t\t\t\t<\/div>\n\t\t\t\t<div class=\"elementor-element elementor-element-af30940 elementor-align-right elementor-widget elementor-widget-button\" data-id=\"af30940\" data-element_type=\"widget\" data-e-type=\"widget\" data-widget_type=\"button.default\">\n\t\t\t\t<div class=\"elementor-widget-container\">\n\t\t\t\t\t\t\t\t\t<div class=\"elementor-button-wrapper\">\n\t\t\t\t\t<a class=\"elementor-button elementor-button-link elementor-size-sm\" href=\"https:\/\/jfb-stiftung.de\/pflegeteam-hofmark\/wp-content\/uploads\/sites\/11\/2022\/11\/Flyer_PTH_Onlineversion_E-Mail_2022.pdf\" target=\"_blank\">\n\t\t\t\t\t\t<span class=\"elementor-button-content-wrapper\">\n\t\t\t\t\t\t\t\t\t<span class=\"elementor-button-text\">Flyer<\/span>\n\t\t\t\t\t<\/span>\n\t\t\t\t\t<\/a>\n\t\t\t\t<\/div>\n\t\t\t\t\t\t\t\t<\/div>\n\t\t\t\t<\/div>\n\t\t\t\t\t<\/div>\n\t\t<\/div>\n\t\t\t\t\t<\/div>\n\t\t<\/section>\n\t\t\t\t<section class=\"elementor-section elementor-inner-section elementor-element elementor-element-1f0e43e elementor-section-boxed elementor-section-height-default elementor-section-height-default\" data-id=\"1f0e43e\" data-element_type=\"section\" data-e-type=\"section\">\n\t\t\t\t\t\t<div class=\"elementor-container elementor-column-gap-default\">\n\t\t\t\t\t<div class=\"elementor-column elementor-col-100 elementor-inner-column elementor-element elementor-element-970f4f9\" data-id=\"970f4f9\" data-element_type=\"column\" data-e-type=\"column\">\n\t\t\t<div class=\"elementor-widget-wrap elementor-element-populated\">\n\t\t\t\t\t\t<div class=\"elementor-element elementor-element-9466ab0 elementor-hidden-tablet elementor-widget elementor-widget-text-editor\" data-id=\"9466ab0\" data-element_type=\"widget\" data-e-type=\"widget\" data-widget_type=\"text-editor.default\">\n\t\t\t\t<div class=\"elementor-widget-container\">\n\t\t\t\t\t\t\t\t\t<p>Sie suchen f\u00fcr sich oder einen lieben Angeh\u00f6rigen einen Tagespflegeplatz? Wenden Sie sich gerne an die Kolleginnen und Kollegen der&nbsp;<a href=\"https:\/\/jfb-stiftung.de\/st-klara-altoetting\/unsere-einrichtungen\/tagespflegen-altoetting-reischach\/\" target=\"_blank\" style=\"background-color: var( --e-global-color-4066ec1 ); font-size: 1rem;\">Tagespflegen des Klaraheims<\/a><span style=\"font-size: 1rem;\"> in Alt\u00f6tting.<\/span>&nbsp;F\u00fcr einen vollstation\u00e4ren Pflegeplatz wenden Sie sich gerne an die Mitarbeiter*innen des&nbsp;<a href=\"https:\/\/jfb-stiftung.de\/st-klara-altoetting\/\" target=\"_blank\" style=\"background-color: var( --e-global-color-4066ec1 ); font-size: 1rem;\">Alten- und Pflegeheims St. Klara.&nbsp;<\/a><\/p>\t\t\t\t\t\t\t\t<\/div>\n\t\t\t\t<\/div>\n\t\t\t\t\t<\/div>\n\t\t<\/div>\n\t\t\t\t\t<\/div>\n\t\t<\/section>\n\t\t\t\t<section class=\"elementor-section elementor-inner-section elementor-element elementor-element-a65c885 elementor-hidden-desktop elementor-hidden-mobile elementor-section-boxed elementor-section-height-default elementor-section-height-default\" data-id=\"a65c885\" data-element_type=\"section\" data-e-type=\"section\">\n\t\t\t\t\t\t<div class=\"elementor-container elementor-column-gap-default\">\n\t\t\t\t\t<div class=\"elementor-column elementor-col-100 elementor-inner-column elementor-element elementor-element-9d7c7ad\" data-id=\"9d7c7ad\" data-element_type=\"column\" data-e-type=\"column\">\n\t\t\t<div class=\"elementor-widget-wrap elementor-element-populated\">\n\t\t\t\t\t\t<div class=\"elementor-element elementor-element-3a16880 elementor-widget elementor-widget-text-editor\" data-id=\"3a16880\" data-element_type=\"widget\" data-e-type=\"widget\" data-widget_type=\"text-editor.default\">\n\t\t\t\t<div class=\"elementor-widget-container\">\n\t\t\t\t\t\t\t\t\t<p>Um eine individuelle Betreuung zu erm\u00f6glichen, legen die Mitarbeitenden des Pflegeteams Hofmark ein besonderes Augenmerk darauf, ein Vertrauensverh\u00e4ltnis zu pflege- und betreuungsbed\u00fcrftigen Menschen und deren Angeh\u00f6rigen\u00a0 aufzubauen.<br \/><span style=\"background-color: var( --e-global-color-4066ec1 ); font-size: 1rem;\">Unser Ziel ist es, Ihnen die bestm\u00f6gliche Betreuung und Pflege zu bieten, damit Sie so lange wie m\u00f6glich unabh\u00e4ngig, selbst\u00e4ndig und eigenverantwortlich in der f\u00fcr Sie passenden Wohn-, Pflege- und Betreuungsform leben k\u00f6nnen. <br \/><\/span>Diese Philosophie ist uns wichtig und setzt Fachkompetenz, Einf\u00fchlungsverm\u00f6gen und Respekt voraus. Unser Team arbeitet professionell und liebevoll t\u00e4glich daran, Probleme mit Ihnen und f\u00fcr Sie zu l\u00f6sen. Wir bieten Ihnen eine Vernetzung von Dienstleistungen zur Aufrechterhaltung der Aktivit\u00e4ten des t\u00e4glichen Lebens, die Sie und Ihre Angeh\u00f6rigen entlasten und vor \u00dcberforderung sch\u00fctzen.<br \/>Gerne informieren wir Sie \u00fcber unsere umfassenden Leistungsangebote. Fragen Sie nach einem pers\u00f6nlichen und kostenfreien Beratungsgespr\u00e4ch.<\/p><p>Wenden Sie sich vertrauensvoll an uns!<\/p>\t\t\t\t\t\t\t\t<\/div>\n\t\t\t\t<\/div>\n\t\t\t\t<div class=\"elementor-element elementor-element-c21ca1d elementor-widget elementor-widget-image\" data-id=\"c21ca1d\" data-element_type=\"widget\" data-e-type=\"widget\" data-widget_type=\"image.default\">\n\t\t\t\t<div class=\"elementor-widget-container\">\n\t\t\t\t\t\t\t\t\t\t\t\t\t\t\t\t<a href=\"https:\/\/jfb-stiftung.de\/pflegeteam-hofmark\/wp-content\/uploads\/sites\/11\/2022\/11\/Flyer_PTH_Onlineversion_E-Mail_2022.pdf\" target=\"_blank\">\n\t\t\t\t\t\t\t<img decoding=\"async\" src=\"https:\/\/jfb-stiftung.de\/pflegeteam-hofmark\/wp-content\/uploads\/sites\/11\/elementor\/thumbs\/Flyer-PTH-Titel-online-pxhzm2v43bha84bgjbi2eb4hpq2ubom4d8zgajm3q4.png\" title=\"Flyer PTH Titel online\" alt=\"Flyer PTH Titel online\" loading=\"lazy\" \/>\t\t\t\t\t\t\t\t<\/a>\n\t\t\t\t\t\t\t\t\t\t\t\t\t\t\t<\/div>\n\t\t\t\t<\/div>\n\t\t\t\t<div class=\"elementor-element elementor-element-85a3007 elementor-align-right elementor-widget elementor-widget-button\" data-id=\"85a3007\" data-element_type=\"widget\" data-e-type=\"widget\" data-widget_type=\"button.default\">\n\t\t\t\t<div class=\"elementor-widget-container\">\n\t\t\t\t\t\t\t\t\t<div class=\"elementor-button-wrapper\">\n\t\t\t\t\t<a class=\"elementor-button elementor-button-link elementor-size-sm\" href=\"https:\/\/jfb-stiftung.de\/pflegeteam-hofmark\/wp-content\/uploads\/sites\/11\/2022\/11\/Flyer_PTH_Onlineversion_E-Mail_2022.pdf\" target=\"_blank\">\n\t\t\t\t\t\t<span class=\"elementor-button-content-wrapper\">\n\t\t\t\t\t\t\t\t\t<span class=\"elementor-button-text\">Flyer<\/span>\n\t\t\t\t\t<\/span>\n\t\t\t\t\t<\/a>\n\t\t\t\t<\/div>\n\t\t\t\t\t\t\t\t<\/div>\n\t\t\t\t<\/div>\n\t\t\t\t\t<\/div>\n\t\t<\/div>\n\t\t\t\t\t<\/div>\n\t\t<\/section>\n\t\t\t\t<div class=\"elementor-element elementor-element-f68fba9 elementor-hidden-desktop elementor-hidden-mobile elementor-widget elementor-widget-text-editor\" data-id=\"f68fba9\" data-element_type=\"widget\" data-e-type=\"widget\" data-widget_type=\"text-editor.default\">\n\t\t\t\t<div class=\"elementor-widget-container\">\n\t\t\t\t\t\t\t\t\t<p>Sie suchen f\u00fcr sich oder einen lieben Angeh\u00f6rigen einen Tagespflegeplatz? Wenden Sie sich gerne an die Kolleginnen und Kollegen der\u00a0<a style=\"background-color: var( --e-global-color-4066ec1 ); font-size: 1rem;\" href=\"https:\/\/jfb-stiftung.de\/st-klara-altoetting\/unsere-einrichtungen\/tagespflegen-altoetting-reischach\/\" target=\"_blank\" rel=\"noopener\">Tagespflegen des Klaraheims<\/a><span style=\"font-size: 1rem;\"> in Alt\u00f6tting.<\/span>\u00a0F\u00fcr einen vollstation\u00e4ren Pflegeplatz wenden Sie sich gerne an die Mitarbeiter*innen des\u00a0<a style=\"background-color: var( --e-global-color-4066ec1 ); font-size: 1rem;\" href=\"https:\/\/jfb-stiftung.de\/st-klara-altoetting\/\" target=\"_blank\" rel=\"noopener\">Alten- und Pflegeheims St. Klara.\u00a0<\/a><\/p>\t\t\t\t\t\t\t\t<\/div>\n\t\t\t\t<\/div>\n\t\t\t\t\t<\/div>\n\t\t<\/div>\n\t\t\t\t\t<\/div>\n\t\t<\/section>\n\t\t\t\t<section class=\"elementor-section elementor-top-section elementor-element elementor-element-037fc26 elementor-section-stretched container-main  elementor-section-boxed elementor-section-height-default elementor-section-height-default\" data-id=\"037fc26\" data-element_type=\"section\" data-e-type=\"section\" data-settings=\"{&quot;stretch_section&quot;:&quot;section-stretched&quot;}\">\n\t\t\t\t\t\t<div class=\"elementor-container elementor-column-gap-default\">\n\t\t\t\t\t<div class=\"elementor-column elementor-col-100 elementor-top-column elementor-element elementor-element-b0311a7\" data-id=\"b0311a7\" data-element_type=\"column\" data-e-type=\"column\">\n\t\t\t<div class=\"elementor-widget-wrap elementor-element-populated\">\n\t\t\t\t\t\t<div class=\"elementor-element elementor-element-2d07d5c elementor-widget elementor-widget-heading\" data-id=\"2d07d5c\" data-element_type=\"widget\" data-e-type=\"widget\" data-widget_type=\"heading.default\">\n\t\t\t\t<div class=\"elementor-widget-container\">\n\t\t\t\t\t<h2 class=\"elementor-heading-title elementor-size-default\">Unsere Angebote<\/h2>\t\t\t\t<\/div>\n\t\t\t\t<\/div>\n\t\t\t\t<section class=\"elementor-section elementor-inner-section elementor-element elementor-element-541b8cf hyphenate elementor-section-boxed elementor-section-height-default elementor-section-height-default\" data-id=\"541b8cf\" data-element_type=\"section\" data-e-type=\"section\">\n\t\t\t\t\t\t<div class=\"elementor-container elementor-column-gap-default\">\n\t\t\t\t\t<div class=\"elementor-column elementor-col-33 elementor-inner-column elementor-element elementor-element-8afd551\" data-id=\"8afd551\" data-element_type=\"column\" data-e-type=\"column\">\n\t\t\t<div class=\"elementor-widget-wrap elementor-element-populated\">\n\t\t\t\t\t\t<div class=\"elementor-element elementor-element-d3ecab7 elementor-view-default elementor-position-block-start elementor-mobile-position-block-start elementor-widget elementor-widget-icon-box\" data-id=\"d3ecab7\" data-element_type=\"widget\" data-e-type=\"widget\" data-widget_type=\"icon-box.default\">\n\t\t\t\t<div class=\"elementor-widget-container\">\n\t\t\t\t\t\t\t<div class=\"elementor-icon-box-wrapper\">\n\n\t\t\t\t\t\t<div class=\"elementor-icon-box-icon\">\n\t\t\t\t<span  class=\"elementor-icon\">\n\t\t\t\t<svg xmlns=\"http:\/\/www.w3.org\/2000\/svg\" xmlns:xlink=\"http:\/\/www.w3.org\/1999\/xlink\" id=\"Ebene_1\" x=\"0px\" y=\"0px\" viewBox=\"0 0 315.6 227.8\" style=\"enable-background:new 0 0 315.6 227.8;\" xml:space=\"preserve\"><style type=\"text\/css\">\t.st0{fill:#FBB728;}\t.st1{fill:#455459;}\t.st2{fill:none;}<\/style><g id=\"Ebene_2_1_\">\t<g id=\"Ebene_1-2\">\t\t<path class=\"st0\" d=\"M254,113.9c0,53.1-43.1,96.2-96.2,96.2S61.6,167,61.6,113.9c0-53.1,43.1-96.2,96.2-96.2c0,0,0,0,0,0    C210.9,17.7,254,60.8,254,113.9\"><\/path>\t\t<path class=\"st1\" d=\"M309.8,216.6h-27.2v-97.7l21.2,13.3c2,1.3,4.7,0.7,6-1.4s0.7-4.7-1.4-6l-43.1-27.1V66.1    c0-2.4-1.9-4.3-4.3-4.3h-16c-2.4,0-4.4,1.9-4.4,4.3c0,0,0,0,0,0v16.1L205.3,60c-1.4-0.9-3.2-0.9-4.6,0L124.9,107    c-0.5,0.2-0.9,0.5-1.3,0.8l-27.3,17c-2,1.4-2.5,4.1-1.2,6.1c1.3,1.9,3.8,2.5,5.8,1.3l21.2-13.2v97.5H95c-2.4,0.1-4.3,2.2-4.1,4.6    c0.1,2.2,1.9,4,4.1,4.1h214.8c2.4,0.1,4.4-1.7,4.6-4.1c0.1-2.4-1.7-4.4-4.1-4.6C310,216.6,309.9,216.6,309.8,216.6 M249.3,70.5    h7.3v21.8l-7.3-4.6V70.5z M190.2,163.1h24.4v53.4h-24.4V163.1z M223.3,216.6v-57.8c0-2.4-2-4.4-4.4-4.4h-33.1    c-2.4,0-4.4,1.9-4.4,4.3v0v57.8h-50.6V113.6l72.1-44.8l70.9,44.6v103.1L223.3,216.6z\"><\/path>\t\t<path class=\"st1\" d=\"M166.5,164.2h-19.4c-2.4,0-4.4,2-4.4,4.4v19.1c0,2.4,1.9,4.4,4.3,4.4h0h19.4c2.4,0,4.4-1.9,4.4-4.3v0v-19.1    C170.9,166.2,168.9,164.3,166.5,164.2 M162.2,183.4h-10.6V173h10.6V183.4z\"><\/path>\t\t<path class=\"st1\" d=\"M257.3,164.2h-19.3c-2.4,0-4.4,2-4.4,4.4l0,0v19.1c0,2.4,1.9,4.4,4.3,4.4c0,0,0,0,0,0h19.3    c2.4,0,4.4-1.9,4.4-4.3c0,0,0,0,0,0v-19.1C261.6,166.2,259.7,164.2,257.3,164.2 M252.9,183.4h-10.6V173h10.6V183.4z\"><\/path>\t\t<path class=\"st1\" d=\"M166.6,115.2h-19.3c-2.4,0-4.4,1.9-4.4,4.3v19.1c0,2.4,2,4.4,4.4,4.4h19.3c2.4,0,4.4-1.9,4.4-4.4v-19.1    C170.9,117.2,169,115.2,166.6,115.2 M162.2,134.3h-10.6v-10.4h10.6L162.2,134.3z\"><\/path>\t\t<path class=\"st1\" d=\"M211.9,115.2h-19.3c-2.4,0-4.4,1.9-4.4,4.3c0,0,0,0,0,0v19.1c0,2.4,1.9,4.4,4.3,4.4h0h19.4    c2.4,0,4.4-1.9,4.4-4.3v0v-19.1C216.3,117.2,214.3,115.2,211.9,115.2L211.9,115.2 M207.6,134.3h-10.7v-10.4h10.6L207.6,134.3z\"><\/path>\t\t<path class=\"st1\" d=\"M257.3,115.2h-19.3c-2.4,0-4.4,1.9-4.4,4.3v19.1c0,2.4,2,4.4,4.4,4.4h19.3c2.4,0,4.4-1.9,4.4-4.4v-19.1    C261.6,117.2,259.7,115.2,257.3,115.2 M252.9,134.3h-10.6v-10.4h10.6V134.3z\"><\/path>\t\t<path class=\"st2\" d=\"M315.1,113.9c0,62.6-70.4,113.4-157.3,113.4S0.5,176.5,0.5,113.9S70.9,0.5,157.8,0.5S315.1,51.3,315.1,113.9z    \"><\/path>\t<\/g><\/g><\/svg>\t\t\t\t<\/span>\n\t\t\t<\/div>\n\t\t\t\n\t\t\t\t\t\t<div class=\"elementor-icon-box-content\">\n\n\t\t\t\t\t\t\t\t\t<h3 class=\"elementor-icon-box-title\">\n\t\t\t\t\t\t<span  >\n\t\t\t\t\t\t\tBetreutes Wohnen\t\t\t\t\t\t<\/span>\n\t\t\t\t\t<\/h3>\n\t\t\t\t\n\t\t\t\t\t\t\t\t\t<p class=\"elementor-icon-box-description\">\n\t\t\t\t\t\tUnsere Wohnanlage in Winh\u00f6ring bietet 24 Wohnungen zu je 50qm. Der modern sanierte ehemalige Bauernhof sorgt f\u00fcr eine famil\u00e4re Atmosph\u00e4re mit viel Gr\u00fcnfl\u00e4chen, die zum Spaziergehen einladen. \t\t\t\t\t<\/p>\n\t\t\t\t\n\t\t\t<\/div>\n\t\t\t\n\t\t<\/div>\n\t\t\t\t\t\t<\/div>\n\t\t\t\t<\/div>\n\t\t\t\t\t<\/div>\n\t\t<\/div>\n\t\t\t\t<div class=\"elementor-column elementor-col-33 elementor-inner-column elementor-element elementor-element-21ce91f\" data-id=\"21ce91f\" data-element_type=\"column\" data-e-type=\"column\">\n\t\t\t<div class=\"elementor-widget-wrap elementor-element-populated\">\n\t\t\t\t\t\t<div class=\"elementor-element elementor-element-59dda01 elementor-view-default elementor-position-block-start elementor-mobile-position-block-start elementor-widget elementor-widget-icon-box\" data-id=\"59dda01\" data-element_type=\"widget\" data-e-type=\"widget\" data-widget_type=\"icon-box.default\">\n\t\t\t\t<div class=\"elementor-widget-container\">\n\t\t\t\t\t\t\t<div class=\"elementor-icon-box-wrapper\">\n\n\t\t\t\t\t\t<div class=\"elementor-icon-box-icon\">\n\t\t\t\t<span  class=\"elementor-icon\">\n\t\t\t\t<svg xmlns=\"http:\/\/www.w3.org\/2000\/svg\" xmlns:xlink=\"http:\/\/www.w3.org\/1999\/xlink\" id=\"Ebene_1\" x=\"0px\" y=\"0px\" viewBox=\"0 0 315.6 227.8\" style=\"enable-background:new 0 0 315.6 227.8;\" xml:space=\"preserve\"><style type=\"text\/css\">\t.st0{fill:#FBB728;}\t.st1{fill:#455459;}\t.st2{fill:none;}<\/style><g id=\"Ebene_2_1_\">\t<g id=\"Ebene_1-2\">\t\t<path class=\"st0\" d=\"M254,113.9c0,53.1-43.1,96.2-96.2,96.2S61.6,167,61.6,113.9c0-53.1,43.1-96.2,96.2-96.2    C210.9,17.7,254,60.8,254,113.9C254,113.9,254,113.9,254,113.9\"><\/path>\t\t<path class=\"st1\" d=\"M142.8,216.9l1.9-3.4l33.1-37.9c17.5,7.2,26.3,20.7,27.3,41.3H142.8z M96.6,175.5l36.1,41.3H69.3    C70.3,196.2,79,182.7,96.6,175.5 M126.2,196.6l-23.5-26.9l13-7.2L126.2,196.6z M138.2,156.4c4,0,8-0.8,11.8-2.3v7.8l-12.9,41.8    l-12.9-41.8v-8.8C128.6,155.3,133.4,156.4,138.2,156.4 M106.5,109.5c10.3-2,16.8-8.7,21.4-15.9c6.3,7.4,16.7,11.8,29.9,12.6    c4.2,0.3,8.3,1,12.3,2.3c-1.2,19.1-14.4,39.4-31.8,39.4C121.1,148,108.1,128.4,106.5,109.5 M171.6,169.7l-23.5,26.9l10.5-34.1    L171.6,169.7z M138.6,60c13.3-3,25.2-0.8,33.6,6.3c9.7,8.2,14.3,22.2,13.3,40.6c-0.4,8.1-4,20.7-11,31.1h-5.6    c6.3-9.6,9.7-20.8,9.8-32.2c0-1.1-0.5-2.2-1.3-3c-2.2-2.1-11.4-4.5-19-4.9s-21-2.9-26.5-13.4c-0.2-0.3-0.3-0.6-0.5-0.9    c-2.8-5.1-3.2-11.2-1.1-16.7C131.7,63.3,134.8,60.7,138.6,60 M106.7,70.2c4.4-3.3,9.7-5.2,15.2-5.4c-2.3,6.8-2,14.2,0.9,20.8    c-5.9,10.9-12.1,15.6-21,16.1c-2.2,0.1-4,2-4,4.2c0.1,11.5,3.5,22.7,9.8,32.2h-5.1c-5.8-11-10.1-23.4-10.5-30.7    C91.2,91.5,96.7,77.6,106.7,70.2 M190.4,172.6c-2.6-1.6-5.2-3-8-4.2c0-0.2,0-0.3,0-0.5c-0.2-1.3-1-2.3-2.1-2.9l-21.8-12.1v-3.5    c1.1-0.9,2.2-1.8,3.2-2.8h14.9l0,0c1.3,0,2.6-0.6,3.4-1.7c8.8-12.2,13.3-27.5,13.9-37.4c1.4-26.7-8-40.6-16.3-47.5    c-10.4-8.8-24.9-11.7-40.9-8c-3.4,0.7-6.6,2.3-9.2,4.7c-9.2-1.1-18.4,1.4-25.8,6.9c-12.3,9.1-19,25.7-17.9,44.4    c0.5,9.2,5.5,23.5,12.7,36.5c0.7,1.3,2.2,2.2,3.7,2.2l0,0h14.7l1,0.9v5.4L94,164.9c-1.1,0.6-1.9,1.7-2.1,2.9c0,0.2,0,0.3,0,0.5    c-2.8,1.2-5.4,2.6-8,4.2c-15.3,9.8-23.1,26.1-23.1,48.5c0,2.3,1.9,4.2,4.2,4.2h144.3c2.3,0,4.2-1.9,4.2-4.2v0    C213.5,198.7,205.7,182.4,190.4,172.6\"><\/path>\t\t<path class=\"st1\" d=\"M137.7,141.5L137.7,141.5c5.4,0,10.4-3.1,12.8-8c1-2.1,0.2-4.6-1.9-5.6c-2.1-1-4.6-0.2-5.6,1.9    c-1,2-3,3.3-5.2,3.2l0,0c-2.2,0-4.2-1.3-5.2-3.2c-1.1-2.1-3.6-2.9-5.7-1.8c-2,1-2.8,3.4-1.9,5.5    C127.3,138.4,132.2,141.5,137.7,141.5\"><\/path>\t\t<path class=\"st1\" d=\"M128.1,116.3c0-3.6-2.9-6.6-6.6-6.6c-3.6,0-6.6,2.9-6.6,6.6c0,3.6,2.9,6.6,6.6,6.6c0,0,0,0,0,0    C125.2,122.8,128.1,119.9,128.1,116.3\"><\/path>\t\t<path class=\"st1\" d=\"M155,122.8c3.6,0,6.6-2.9,6.6-6.6s-2.9-6.6-6.6-6.6c-3.6,0-6.6,2.9-6.6,6.6c0,0,0,0,0,0    C148.4,119.9,151.4,122.8,155,122.8\"><\/path>\t\t<path class=\"st2\" d=\"M315.1,113.9c0,62.6-70.4,113.4-157.3,113.4S0.5,176.5,0.5,113.9S70.9,0.5,157.8,0.5S315.1,51.3,315.1,113.9z    \"><\/path>\t<\/g><\/g><\/svg>\t\t\t\t<\/span>\n\t\t\t<\/div>\n\t\t\t\n\t\t\t\t\t\t<div class=\"elementor-icon-box-content\">\n\n\t\t\t\t\t\t\t\t\t<h3 class=\"elementor-icon-box-title\">\n\t\t\t\t\t\t<span  >\n\t\t\t\t\t\t\tMitarbeiter*innen\t\t\t\t\t\t<\/span>\n\t\t\t\t\t<\/h3>\n\t\t\t\t\n\t\t\t\t\t\t\t\t\t<p class=\"elementor-icon-box-description\">\n\t\t\t\t\t\tGeschultes Fachpersonal k\u00fcmmert sich professionell und liebevoll um die Bed\u00fcrfnisse unserer Kundinnen und Kunden, so dass diese so lange wie m\u00f6glich ein selbstst\u00e4ndiges Leben f\u00fchren k\u00f6nnen. \t\t\t\t\t<\/p>\n\t\t\t\t\n\t\t\t<\/div>\n\t\t\t\n\t\t<\/div>\n\t\t\t\t\t\t<\/div>\n\t\t\t\t<\/div>\n\t\t\t\t\t<\/div>\n\t\t<\/div>\n\t\t\t\t<div class=\"elementor-column elementor-col-33 elementor-inner-column elementor-element elementor-element-3db4669\" data-id=\"3db4669\" data-element_type=\"column\" data-e-type=\"column\">\n\t\t\t<div class=\"elementor-widget-wrap elementor-element-populated\">\n\t\t\t\t\t\t<div class=\"elementor-element elementor-element-00c91b7 elementor-view-default elementor-position-block-start elementor-mobile-position-block-start elementor-widget elementor-widget-icon-box\" data-id=\"00c91b7\" data-element_type=\"widget\" data-e-type=\"widget\" data-widget_type=\"icon-box.default\">\n\t\t\t\t<div class=\"elementor-widget-container\">\n\t\t\t\t\t\t\t<div class=\"elementor-icon-box-wrapper\">\n\n\t\t\t\t\t\t<div class=\"elementor-icon-box-icon\">\n\t\t\t\t<span  class=\"elementor-icon\">\n\t\t\t\t<svg xmlns=\"http:\/\/www.w3.org\/2000\/svg\" xmlns:xlink=\"http:\/\/www.w3.org\/1999\/xlink\" id=\"Ebene_1\" x=\"0px\" y=\"0px\" viewBox=\"0 0 315.6 227.8\" style=\"enable-background:new 0 0 315.6 227.8;\" xml:space=\"preserve\"><style type=\"text\/css\">\t.st0{fill:#FBB728;}\t.st1{fill:#455459;}\t.st2{fill:none;}<\/style><g id=\"Ebene_2_1_\">\t<g id=\"Ebene_1-2\">\t\t<path class=\"st0\" d=\"M254,113.9c0,53.1-43.1,96.2-96.2,96.2S61.6,167,61.6,113.9c0-53.1,43.1-96.2,96.2-96.2    C210.9,17.7,254,60.8,254,113.9C254,113.9,254,113.9,254,113.9\"><\/path>\t\t<path class=\"st1\" d=\"M221.4,216.6H87.6v-10h133.8V216.6z M87.6,188.1h133.5v9.7H87.6V188.1z M107,170.1c11.2,0,18.8,4.4,19.4,7.6    c-1.1,0.2-2.3,0.3-3.5,0.3c-1.8,0-3.9-0.1-6.2-0.3c-2.9-0.2-6.2-0.4-9.7-0.4s-6.8,0.2-9.7,0.4c-2.3,0.1-4.4,0.3-6.2,0.3    c-1.2,0-2.4-0.1-3.5-0.3C88,174.6,95.6,170.1,107,170.1 M162.4,170.1c2.9,0,35.7,0,37.1,0.1c19.8,0.5,21.7,4,21.9,6.9    c-1.1,0.4-3.9,1-11.2,1c-3.7,0-8-0.1-12.7-0.3c-5.6-0.2-12-0.4-18.7-0.4s-13.1,0.2-18.7,0.4c-4.7,0.1-9,0.3-12.7,0.3    c-7.2,0-10.1-0.6-11.2-1C136.5,174.6,139.2,170.1,162.4,170.1 M53.6,215.8H36.5l-4.5-30.6h26.2L53.6,215.8z M26.4,174.9    c-2,0.3-2.5-0.5-2.7-0.9c-0.9-1.6-0.7-5,1-7.3s6-4,11-5c-0.9,1.5-1.6,3-2.4,4.4C31.1,170.4,29,174.4,26.4,174.9 M19.1,120.7    c-0.5-0.9-0.5-2-0.1-3c1.1-0.7,4.3,0.2,6.2,0.7l0.3,0.1c4.8,1.1,8.9,4.2,11.4,8.5c-0.2,0.7-0.3,1.4-0.4,2.1h-0.3    C27.2,127.1,20.6,123.9,19.1,120.7 M37.2,143.6c0.2,1.4,0.5,3.9,0.1,4.7c-1.3,1.7-3.3,3-4.7,3c-0.2,0-0.4,0-0.6-0.1    c-1.8-0.7-1.7-1.3-1.6-1.9c0.5-2.4,3.5-5.5,6.7-6.4L37.2,143.6 M42.9,174.6c0.6,0.3,1.2,0.5,1.8,0.7c0.8,0.2,1.7,0.3,2.5,0.3v0.8    l-4.3-0.1V174.6z M46.2,152.5c1.9,4.4,3.6,10.1,3.2,12.8c0,0.9-0.7,1.6-1.5,1.6c-0.1,0-0.2,0-0.2,0c-0.3,0-0.6,0-0.7,0    c-0.3-0.2-1.4-1.9-1.5-6.2C45.2,158,45.5,155.3,46.2,152.5 M51.2,116.4c6.5-9.2,9.5-9.4,9.4-9.4c0.2,0,0.2,0,0.3,0.2    c0.5,1,0.6,2.1,0.3,3.1c-1.2,3.8-2.4,5-9.7,9.6c-0.7,0.4-1.7,1-3,1.6l-0.6,0.3C48.8,119.9,49.9,118.1,51.2,116.4 M57.4,135.8    c0.5-0.1,1,0,1.4,0.3c0.5,0.5,0.7,1.2,0.6,1.9c0,0.3,0,0.9-1.6,1.5c-2,0.5-4,0.5-6-0.1C53.4,137.6,55.3,136,57.4,135.8 M64,160.4    c0.8,1.7,1.1,3.5,1,5.4c-2.8-0.6-5-2.5-7.3-5c-0.2-1.3-0.5-2.6-0.8-3.9l0,0c4.3,1,6.5,2.6,7,3.6 M258.5,216.6h-28.4v-54.7    c0.1-2.4-1.7-4.4-4.1-4.6c-2.4-0.1-4.4,1.7-4.6,4.1c0,0.1,0,0.3,0,0.4v2.9c-4.8-2-11.9-3-21.7-3.3c-1.6,0-37-0.1-37.3-0.1    c-12.8,0-25.7,1.1-31.6,7.5c-4.9-4.6-13.5-7.5-23.8-7.5c-7.7,0-14.4,1.6-19.4,4.4v-24.9c0.1-2.4-1.7-4.4-4.1-4.6    c-2.4-0.1-4.4,1.7-4.6,4.1c0,0.1,0,0.3,0,0.4v75.7H62.3l5.2-35.1c0.4-2.4-1.3-4.6-3.7-5c-0.2,0-0.4,0-0.6,0h-7.2v-4.9    c0.1-0.1,0.2-0.3,0.3-0.5c2.3,1.7,5,2.9,7.9,3.4c0.5,0.1,1,0.1,1.5,0.1c2.5,0.1,4.9-1.2,6.4-3.2c3-4.4,1.6-11.5-0.5-15.2    c-2.7-4.6-8.3-6.7-12.6-7.7l-0.6-0.1c0.8-0.1,1.5-0.3,2.3-0.5c4.8-1.6,7.6-5.2,7.6-9.7c0.1-3.1-1.2-6.2-3.5-8.3    c-2.2-1.9-5-2.9-7.9-2.6c-0.2,0-0.5,0.1-0.7,0.1l0.2-0.1c7.9-5,11.1-7.6,13.3-14.3c1.1-3.6,0.6-7.4-1.3-10.6    c-1.5-2.3-4.1-3.8-6.9-4c-5.1-0.4-10.6,3.8-17.2,13c-1.2,1.7-2.3,3.4-3.2,5.3c-0.3,0.1-0.5,0.3-0.7,0.5c-3.5-3.4-7.8-5.9-12.6-7    c-3.8-1.1-10.1-2.8-14.7,1.4c-0.1,0.1-0.2,0.2-0.2,0.3c-3.4,3.7-3.2,9-1.4,12.7c3.1,6.4,11.4,10,19,12.1    c-4.2,2.6-7.5,6.7-8.3,11.1c-0.7,3.1,0.3,6.4,2.5,8.7c-2.6,1.2-4.8,2.9-6.5,5.2c-3.8,4.7-4.5,12-1.7,16.9c1.4,2.6,3.9,4.4,6.7,5    l4.9,33.2H5c-2.4,0.1-4.3,2.2-4.1,4.6c0.1,2.2,1.9,4,4.1,4.1h253.5c2.4-0.1,4.3-2.2,4.1-4.6C262.6,218.4,260.8,216.6,258.5,216.6\"><\/path>\t\t<path class=\"st1\" d=\"M166.9,72.5c-0.2,4.5-1.8,8.8-4.7,12.3c-3.6,4.1-9.1,6.4-16.5,7.1V72.5H166.9z M145.6,100.3    c1.8-0.1,3.6-0.4,5.4-0.7l4.4,24.3h-9.9L145.6,100.3z M174.1,90.3c2.6,2.9,5.8,5.3,9.4,6.9l-4.1,22.2h-16.2l-4.1-22.2    c3.6-1.6,6.8-3.9,9.4-6.9c1-1.2,2-2.5,2.8-3.8C172.1,87.9,173.1,89.1,174.1,90.3 M197.1,83.2v8.7c-7.4-0.6-13-3-16.5-7.1    c-2.9-3.5-4.5-7.8-4.7-12.3h21.2V83.2z M187.2,124l4.4-24.3c1.8,0.3,3.6,0.6,5.4,0.7V124L187.2,124z M141.7,132.4h18.7    c2.4,0,4.4-1.9,4.4-4.4c0-0.1,0-0.1,0-0.2H178c-0.1,2.4,1.8,4.5,4.3,4.5c0,0,0.1,0,0.1,0h18.7c2.4,0,4.4-2,4.4-4.4V68.5    c0-2.4-2-4.4-4.4-4.4h-59.5c-2.4,0-4.4,2-4.4,4.4V128C137.2,130.4,139.2,132.4,141.7,132.4\"><\/path>\t\t<path class=\"st2\" d=\"M315.1,113.9c0,62.6-70.4,113.4-157.3,113.4S0.5,176.5,0.5,113.9S70.9,0.5,157.8,0.5S315.1,51.3,315.1,113.9z    \"><\/path>\t<\/g><\/g><\/svg>\t\t\t\t<\/span>\n\t\t\t<\/div>\n\t\t\t\n\t\t\t\t\t\t<div class=\"elementor-icon-box-content\">\n\n\t\t\t\t\t\t\t\t\t<h3 class=\"elementor-icon-box-title\">\n\t\t\t\t\t\t<span  >\n\t\t\t\t\t\t\tAmbulanter Pflegedienst\t\t\t\t\t\t<\/span>\n\t\t\t\t\t<\/h3>\n\t\t\t\t\n\t\t\t\t\t\t\t\t\t<p class=\"elementor-icon-box-description\">\n\t\t\t\t\t\tDer ambulante Pflegedienst ist unser Herzst\u00fcck und unsere Kernkompetenz. Wir begleiten und unterst\u00fctzen Seniorinnen &amp; Senioren in ihrem h\u00e4uslichen Umfeld in allen Belangen des t\u00e4glichen Lebens.\t\t\t\t\t<\/p>\n\t\t\t\t\n\t\t\t<\/div>\n\t\t\t\n\t\t<\/div>\n\t\t\t\t\t\t<\/div>\n\t\t\t\t<\/div>\n\t\t\t\t\t<\/div>\n\t\t<\/div>\n\t\t\t\t\t<\/div>\n\t\t<\/section>\n\t\t\t\t\t<\/div>\n\t\t<\/div>\n\t\t\t\t\t<\/div>\n\t\t<\/section>\n\t\t\t\t<section class=\"elementor-section elementor-top-section elementor-element elementor-element-b63d02d elementor-section-stretched container-main  elementor-section-boxed elementor-section-height-default elementor-section-height-default\" data-id=\"b63d02d\" data-element_type=\"section\" data-e-type=\"section\" data-settings=\"{&quot;background_background&quot;:&quot;classic&quot;,&quot;stretch_section&quot;:&quot;section-stretched&quot;}\">\n\t\t\t\t\t\t<div class=\"elementor-container elementor-column-gap-default\">\n\t\t\t\t\t<div class=\"elementor-column elementor-col-100 elementor-top-column elementor-element elementor-element-ea47267\" data-id=\"ea47267\" data-element_type=\"column\" data-e-type=\"column\">\n\t\t\t<div class=\"elementor-widget-wrap elementor-element-populated\">\n\t\t\t\t\t\t<div class=\"elementor-element elementor-element-27476cf elementor-widget elementor-widget-heading\" data-id=\"27476cf\" data-element_type=\"widget\" data-e-type=\"widget\" data-widget_type=\"heading.default\">\n\t\t\t\t<div class=\"elementor-widget-container\">\n\t\t\t\t\t<h2 class=\"elementor-heading-title elementor-size-default\">Werden Sie Teil unseres Teams<\/h2>\t\t\t\t<\/div>\n\t\t\t\t<\/div>\n\t\t\t\t<div class=\"elementor-element elementor-element-139943b elementor-widget elementor-widget-image\" data-id=\"139943b\" data-element_type=\"widget\" data-e-type=\"widget\" data-widget_type=\"image.default\">\n\t\t\t\t<div class=\"elementor-widget-container\">\n\t\t\t\t\t\t\t\t\t\t\t\t\t\t\t\t<a href=\"https:\/\/jfb-stiftung.de\/karriere\/jobboerse\/\" target=\"_blank\">\n\t\t\t\t\t\t\t<img decoding=\"async\" width=\"315\" height=\"227\" src=\"https:\/\/jfb-stiftung.de\/pflegeteam-hofmark\/wp-content\/uploads\/sites\/11\/2025\/04\/Stellenmarkt-grau.svg\" class=\"elementor-animation-grow attachment-full size-full wp-image-4129\" alt=\"\">\t\t\t\t\t\t\t\t<\/a>\n\t\t\t\t\t\t\t\t\t\t\t\t\t\t\t<\/div>\n\t\t\t\t<\/div>\n\t\t\t\t<div class=\"elementor-element elementor-element-78bddc9 elementor-align-center elementor-widget elementor-widget-button\" data-id=\"78bddc9\" data-element_type=\"widget\" data-e-type=\"widget\" data-widget_type=\"button.default\">\n\t\t\t\t<div class=\"elementor-widget-container\">\n\t\t\t\t\t\t\t\t\t<div class=\"elementor-button-wrapper\">\n\t\t\t\t\t<a class=\"elementor-button elementor-button-link elementor-size-xl\" href=\"https:\/\/jfb-stiftung.de\/karriere\/jobboerse\/\" target=\"_blank\">\n\t\t\t\t\t\t<span class=\"elementor-button-content-wrapper\">\n\t\t\t\t\t\t\t\t\t<span class=\"elementor-button-text\">Bewerben Sie sich jetzt!<\/span>\n\t\t\t\t\t<\/span>\n\t\t\t\t\t<\/a>\n\t\t\t\t<\/div>\n\t\t\t\t\t\t\t\t<\/div>\n\t\t\t\t<\/div>\n\t\t\t\t\t<\/div>\n\t\t<\/div>\n\t\t\t\t\t<\/div>\n\t\t<\/section>\n\t\t\t\t<\/div>\n\t\t","protected":false},"excerpt":{"rendered":"<p>Versorgung, Unterst\u00fctzung &#038; Pflege im eigenen Zuhause Um eine individuelle Betreuung zu erm\u00f6glichen, legen die Mitarbeitenden des Pflegeteams Hofmark ein besonderes Augenmerk darauf, ein Vertrauensverh\u00e4ltnis zu pflege- und betreuungsbed\u00fcrftigen Menschen \u2026<\/p>\n","protected":false},"author":1,"featured_media":0,"parent":0,"menu_order":0,"comment_status":"closed","ping_status":"closed","template":"","meta":{"_acf_changed":false,"footnotes":""},"class_list":["post-2","page","type-page","status-publish","hentry"],"acf":[],"publishpress_future_action":{"enabled":false,"date":"2026-05-05 01:21:40","action":"change-status","newStatus":"draft","terms":[],"taxonomy":"","extraData":[]},"publishpress_future_workflow_manual_trigger":{"enabledWorkflows":[]},"_links":{"self":[{"href":"https:\/\/jfb-stiftung.de\/pflegeteam-hofmark\/wp-json\/wp\/v2\/pages\/2","targetHints":{"allow":["GET"]}}],"collection":[{"href":"https:\/\/jfb-stiftung.de\/pflegeteam-hofmark\/wp-json\/wp\/v2\/pages"}],"about":[{"href":"https:\/\/jfb-stiftung.de\/pflegeteam-hofmark\/wp-json\/wp\/v2\/types\/page"}],"author":[{"embeddable":true,"href":"https:\/\/jfb-stiftung.de\/pflegeteam-hofmark\/wp-json\/wp\/v2\/users\/1"}],"replies":[{"embeddable":true,"href":"https:\/\/jfb-stiftung.de\/pflegeteam-hofmark\/wp-json\/wp\/v2\/comments?post=2"}],"version-history":[{"count":6,"href":"https:\/\/jfb-stiftung.de\/pflegeteam-hofmark\/wp-json\/wp\/v2\/pages\/2\/revisions"}],"predecessor-version":[{"id":4224,"href":"https:\/\/jfb-stiftung.de\/pflegeteam-hofmark\/wp-json\/wp\/v2\/pages\/2\/revisions\/4224"}],"wp:attachment":[{"href":"https:\/\/jfb-stiftung.de\/pflegeteam-hofmark\/wp-json\/wp\/v2\/media?parent=2"}],"curies":[{"name":"wp","href":"https:\/\/api.w.org\/{rel}","templated":true}]}}