{"id":1954,"date":"2021-05-14T11:24:52","date_gmt":"2021-05-14T09:24:52","guid":{"rendered":"https:\/\/jfb-stiftung.de\/pflegeteam-hofmark\/?page_id=1954"},"modified":"2025-11-18T11:46:25","modified_gmt":"2025-11-18T10:46:25","slug":"aufnahme-beratung","status":"publish","type":"page","link":"https:\/\/jfb-stiftung.de\/pflegeteam-hofmark\/wir-ueber-uns\/aufnahme-beratung\/","title":{"rendered":"Aufnahme &#038; Beratung"},"content":{"rendered":"\t\t<div data-elementor-type=\"wp-page\" data-elementor-id=\"1954\" class=\"elementor elementor-1954\" data-elementor-post-type=\"page\">\n\t\t\t\t\t\t<section class=\"elementor-section elementor-top-section elementor-element elementor-element-579a71dd elementor-section-full_width elementor-section-stretched elementor-section-height-default elementor-section-height-default\" data-id=\"579a71dd\" data-element_type=\"section\" data-e-type=\"section\" data-settings=\"{&quot;stretch_section&quot;:&quot;section-stretched&quot;}\">\n\t\t\t\t\t\t<div class=\"elementor-container elementor-column-gap-no\">\n\t\t\t\t\t<div class=\"elementor-column elementor-col-100 elementor-top-column elementor-element elementor-element-6de51dbe\" data-id=\"6de51dbe\" data-element_type=\"column\" data-e-type=\"column\">\n\t\t\t<div class=\"elementor-widget-wrap elementor-element-populated\">\n\t\t\t\t\t\t<div class=\"elementor-element elementor-element-7a23938b elementor--h-position-left elementor--v-position-bottom elementor-arrows-position-inside elementor-pagination-position-inside elementor-widget elementor-widget-slides\" data-id=\"7a23938b\" data-element_type=\"widget\" data-e-type=\"widget\" data-settings=\"{&quot;autoplay_speed&quot;:&quot;10000&quot;,&quot;navigation&quot;:&quot;both&quot;,&quot;autoplay&quot;:&quot;yes&quot;,&quot;pause_on_hover&quot;:&quot;yes&quot;,&quot;pause_on_interaction&quot;:&quot;yes&quot;,&quot;infinite&quot;:&quot;yes&quot;,&quot;transition&quot;:&quot;slide&quot;,&quot;transition_speed&quot;:500}\" data-widget_type=\"slides.default\">\n\t\t\t\t<div class=\"elementor-widget-container\">\n\t\t\t\t\t\t\t\t\t<div class=\"elementor-swiper\">\n\t\t\t\t\t<div class=\"elementor-slides-wrapper elementor-main-swiper swiper\" role=\"region\" aria-roledescription=\"carousel\" aria-label=\"Slider\" dir=\"ltr\" data-animation=\"fadeInLeft\">\n\t\t\t\t<div class=\"swiper-wrapper elementor-slides\">\n\t\t\t\t\t\t\t\t\t\t<div class=\"elementor-repeater-item-4c02bf4 swiper-slide\" role=\"group\" aria-roledescription=\"slide\"><div class=\"swiper-slide-bg\" role=\"img\" aria-label=\"Fischbacher im Garten im Gespr\u00e4ch_Slider_Hofmark\"><\/div><div class=\"swiper-slide-inner\" ><div class=\"swiper-slide-contents\"><\/div><\/div><\/div>\t\t\t\t<\/div>\n\t\t\t\t\t\t\t<\/div>\n\t\t\t\t<\/div>\n\t\t\t\t\t\t\t\t<\/div>\n\t\t\t\t<\/div>\n\t\t\t\t\t<\/div>\n\t\t<\/div>\n\t\t\t\t\t<\/div>\n\t\t<\/section>\n\t\t\t\t<section class=\"elementor-section elementor-top-section elementor-element elementor-element-472424f1 elementor-section-stretched elementor-section-content-top container-main content-sidebars elementor-section-boxed elementor-section-height-default elementor-section-height-default\" data-id=\"472424f1\" data-element_type=\"section\" data-e-type=\"section\" data-settings=\"{&quot;background_background&quot;:&quot;classic&quot;,&quot;stretch_section&quot;:&quot;section-stretched&quot;}\">\n\t\t\t\t\t\t<div class=\"elementor-container elementor-column-gap-default\">\n\t\t\t\t\t<section class=\"elementor-column elementor-col-50 elementor-top-column elementor-element elementor-element-68195b59\" data-id=\"68195b59\" data-element_type=\"column\" data-e-type=\"column\">\n\t\t\t<div class=\"elementor-widget-wrap elementor-element-populated\">\n\t\t\t\t\t\t<div class=\"elementor-element elementor-element-abd5467 elementor-widget elementor-widget-spacer\" data-id=\"abd5467\" data-element_type=\"widget\" data-e-type=\"widget\" data-widget_type=\"spacer.default\">\n\t\t\t\t<div class=\"elementor-widget-container\">\n\t\t\t\t\t\t\t<div class=\"elementor-spacer\">\n\t\t\t<div class=\"elementor-spacer-inner\"><\/div>\n\t\t<\/div>\n\t\t\t\t\t\t<\/div>\n\t\t\t\t<\/div>\n\t\t\t\t<div class=\"elementor-element elementor-element-12f71d80 elementor-widget elementor-widget-wp-widget-xyz_insert_php_widget\" data-id=\"12f71d80\" data-element_type=\"widget\" data-e-type=\"widget\" data-widget_type=\"wp-widget-xyz_insert_php_widget.default\">\n\t\t\t\t<div class=\"elementor-widget-container\">\n\t\t\t\t\t<h5> <\/h5><nav aria-label=\"breadcrumbs\" class=\"rank-math-breadcrumb\"><p><span class=\"last\">Startseite<\/span><\/p><\/nav>\t\t\t\t<\/div>\n\t\t\t\t<\/div>\n\t\t\t\t<div class=\"elementor-element elementor-element-3c67bc0b hyphenate elementor-widget elementor-widget-theme-post-title elementor-page-title elementor-widget-heading\" data-id=\"3c67bc0b\" data-element_type=\"widget\" data-e-type=\"widget\" data-widget_type=\"theme-post-title.default\">\n\t\t\t\t<div class=\"elementor-widget-container\">\n\t\t\t\t\t<h1 class=\"elementor-heading-title elementor-size-default\">Aufnahme &#038; Beratung<\/h1>\t\t\t\t<\/div>\n\t\t\t\t<\/div>\n\t\t\t\t<div class=\"elementor-element elementor-element-98e5209 elementor-widget elementor-widget-heading\" data-id=\"98e5209\" data-element_type=\"widget\" data-e-type=\"widget\" data-widget_type=\"heading.default\">\n\t\t\t\t<div class=\"elementor-widget-container\">\n\t\t\t\t\t<h3 class=\"elementor-heading-title elementor-size-default\">Rufen Sie uns an: Sie werden umfassend und kompetent beraten!<\/h3>\t\t\t\t<\/div>\n\t\t\t\t<\/div>\n\t\t\t\t<div class=\"elementor-element elementor-element-395b789 elementor-widget elementor-widget-text-editor\" data-id=\"395b789\" data-element_type=\"widget\" data-e-type=\"widget\" data-widget_type=\"text-editor.default\">\n\t\t\t\t<div class=\"elementor-widget-container\">\n\t\t\t\t\t\t\t\t\t<p>Ob Sie selbst unsere Unterst\u00fctzung ben\u00f6tigen, ob Sie f\u00fcr ihren liebe(n) Angeh\u00f6rige(n) Informationen brauchen oder ob es sich um Krankenhaus-Mitarbeiter*innen oder Personal eines Rhea-Zentrums handelt, die f\u00fcr ihre(n) Patient(in) Hilfe ben\u00f6tigen, ganz egal, wir helfen Ihnen fachkundig weiter und stimmen mit Ihnen zusammen einen individuell auf Sie zugeschnittenen Plan ab.<\/p>\t\t\t\t\t\t\t\t<\/div>\n\t\t\t\t<\/div>\n\t\t\t\t<div class=\"elementor-element elementor-element-b1ff9b4 elementor-widget elementor-widget-heading\" data-id=\"b1ff9b4\" data-element_type=\"widget\" data-e-type=\"widget\" data-widget_type=\"heading.default\">\n\t\t\t\t<div class=\"elementor-widget-container\">\n\t\t\t\t\t<h5 class=\"elementor-heading-title elementor-size-default\">Rufen Sie uns gerne an. Wir kl\u00e4ren mit Ihnen den individuellen Hilfebedarf und vereinbaren einen Termin zu einem Erstgespr\u00e4ch bei Ihnen zu Hause.<\/h5>\t\t\t\t<\/div>\n\t\t\t\t<\/div>\n\t\t\t\t<div class=\"elementor-element elementor-element-bb08298 elementor-widget elementor-widget-text-editor\" data-id=\"bb08298\" data-element_type=\"widget\" data-e-type=\"widget\" data-widget_type=\"text-editor.default\">\n\t\t\t\t<div class=\"elementor-widget-container\">\n\t\t\t\t\t\t\t\t\t<p>In unserem Erstgespr\u00e4ch geben wir Ihnen gerne alle Informationen weiter, was Sie mit der Pflegekasse, der Krankenkasse, dem Arzt oder anderen Einrichtungen wie z.B. Sanit\u00e4tsh\u00e4usern oder Krankentherapeut*innen regeln m\u00fcssen und unterst\u00fctzen Sie dabei. Sollte ein Antrag auf Pflegeleistungen erst gestellt werden, helfen Ihnen unsere kompetenten Mitarbeiter*innen beim Ausf\u00fcllen des Antrags und erkl\u00e4ren Ihnen die Leistungen der Pflegekasse und der Krankenkasse.\u00a0 Im Anschluss daran erhalten Sie von uns einen Kostenvoranschlag und einen Pflegevertrag &#8211; in diesem finden Sie alle Kosten transparent aufgef\u00fchrt. Wir vereinbaren mit Ihnen die Pflegezeiten, welche Leistungen Sie gerne in Anspruch nehmen m\u00f6chten und kl\u00e4ren in diesem Zusammenhang auch, ob Sie gerne eine Haushaltshilfe w\u00fcnschen.<br \/><span style=\"background-color: var( --e-global-color-4066ec1 ); font-size: 1rem;\">Selbstverst\u00e4ndlich erhalten Sie am Ende unseres Erstgespr\u00e4chs eine Visitenkarte und einen Flyer von uns, so dass Sie sich jederzeit wieder mit uns in Verbindung setzen k\u00f6nnen. Und das k\u00f6nnen Sie auch ganz sicher, wir sind 24 Stunden f\u00fcr Sie erreichbar!<\/span><\/p><p>Uns ist es sehr wichtig, dass wir Ihnen in unserem Erstgespr\u00e4ch ein allumfassendes Angebot machen und Sie in allen Punkten gut und sicher beraten. Sie erhalten ein unverbindliches Angebot und \u00fcberdies hinaus auch alle wichtigen Informationen zur Hilfsmittelversorgung, wie Hilfen zur Mobilit\u00e4t oder auch Hilfen bei Inkontinenz mit den dazugeh\u00f6rigen Ansprechpartner*innen, die wir entweder gerne f\u00fcr Sie kontaktieren oder Ihnen die Kontaktdaten weitergeben.<\/p><p>Wir sind gerne f\u00fcr Sie da und freuen uns \u00fcber Ihren Anruf.<\/p><p>Evelyn Fischbacher (Pflegedienstleitung) &amp; Frau Heidi Friedrich (stellvertretende Pflegedienstleitung)<\/p>\t\t\t\t\t\t\t\t<\/div>\n\t\t\t\t<\/div>\n\t\t\t\t<div class=\"elementor-element elementor-element-b941f16 elementor-widget elementor-widget-image\" data-id=\"b941f16\" data-element_type=\"widget\" data-e-type=\"widget\" data-widget_type=\"image.default\">\n\t\t\t\t<div class=\"elementor-widget-container\">\n\t\t\t\t\t\t\t\t\t\t\t\t\t\t\t\t<a href=\"https:\/\/jfb-stiftung.de\/pflegeteam-hofmark\/wp-content\/uploads\/sites\/11\/2022\/11\/Flyer_PTH_Onlineversion_E-Mail_2022.pdf\">\n\t\t\t\t\t\t\t<img decoding=\"async\" src=\"https:\/\/jfb-stiftung.de\/pflegeteam-hofmark\/wp-content\/uploads\/sites\/11\/elementor\/thumbs\/Flyer-PTH-Titel-online-pxhzm2v43bha84bgjbi2eb4hpq2ubom4d8zgajm3q4.png\" title=\"Flyer PTH Titel online\" alt=\"Flyer PTH Titel online\" loading=\"lazy\" \/>\t\t\t\t\t\t\t\t<\/a>\n\t\t\t\t\t\t\t\t\t\t\t\t\t\t\t<\/div>\n\t\t\t\t<\/div>\n\t\t\t\t<div class=\"elementor-element elementor-element-62ea552 elementor-align-right elementor-widget elementor-widget-button\" data-id=\"62ea552\" data-element_type=\"widget\" data-e-type=\"widget\" data-widget_type=\"button.default\">\n\t\t\t\t<div class=\"elementor-widget-container\">\n\t\t\t\t\t\t\t\t\t<div class=\"elementor-button-wrapper\">\n\t\t\t\t\t<a class=\"elementor-button elementor-button-link elementor-size-sm\" href=\"https:\/\/jfb-stiftung.de\/pflegeteam-hofmark\/wp-content\/uploads\/sites\/11\/2022\/11\/Flyer_PTH_Onlineversion_E-Mail_2022.pdf\" target=\"_blank\">\n\t\t\t\t\t\t<span class=\"elementor-button-content-wrapper\">\n\t\t\t\t\t\t\t\t\t<span class=\"elementor-button-text\">Flyer<\/span>\n\t\t\t\t\t<\/span>\n\t\t\t\t\t<\/a>\n\t\t\t\t<\/div>\n\t\t\t\t\t\t\t\t<\/div>\n\t\t\t\t<\/div>\n\t\t\t\t<div class=\"elementor-element elementor-element-1d386b4 elementor-widget elementor-widget-spacer\" data-id=\"1d386b4\" data-element_type=\"widget\" data-e-type=\"widget\" data-widget_type=\"spacer.default\">\n\t\t\t\t<div class=\"elementor-widget-container\">\n\t\t\t\t\t\t\t<div class=\"elementor-spacer\">\n\t\t\t<div class=\"elementor-spacer-inner\"><\/div>\n\t\t<\/div>\n\t\t\t\t\t\t<\/div>\n\t\t\t\t<\/div>\n\t\t\t\t\t<\/div>\n\t\t<\/section>\n\t\t\t\t<aside class=\"elementor-column elementor-col-50 elementor-top-column elementor-element elementor-element-1b4cb637 sidebar\" data-id=\"1b4cb637\" data-element_type=\"column\" data-e-type=\"column\">\n\t\t\t<div class=\"elementor-widget-wrap elementor-element-populated\">\n\t\t\t\t\t\t<div class=\"elementor-element elementor-element-1a90c6cf elementor-widget elementor-widget-spacer\" data-id=\"1a90c6cf\" data-element_type=\"widget\" data-e-type=\"widget\" data-widget_type=\"spacer.default\">\n\t\t\t\t<div class=\"elementor-widget-container\">\n\t\t\t\t\t\t\t<div class=\"elementor-spacer\">\n\t\t\t<div class=\"elementor-spacer-inner\"><\/div>\n\t\t<\/div>\n\t\t\t\t\t\t<\/div>\n\t\t\t\t<\/div>\n\t\t\t\t<div class=\"elementor-element elementor-element-536f130 hyphenate elementor-widget elementor-widget-heading\" data-id=\"536f130\" data-element_type=\"widget\" data-e-type=\"widget\" data-widget_type=\"heading.default\">\n\t\t\t\t<div class=\"elementor-widget-container\">\n\t\t\t\t\t<h4 class=\"elementor-heading-title elementor-size-default\">Kontakt<\/h4>\t\t\t\t<\/div>\n\t\t\t\t<\/div>\n\t\t\t\t<div class=\"elementor-element elementor-element-816ee27 elementor-widget elementor-widget-image\" data-id=\"816ee27\" data-element_type=\"widget\" data-e-type=\"widget\" data-widget_type=\"image.default\">\n\t\t\t\t<div class=\"elementor-widget-container\">\n\t\t\t\t\t\t\t\t\t\t\t\t\t\t\t<img fetchpriority=\"high\" decoding=\"async\" width=\"500\" height=\"500\" src=\"https:\/\/jfb-stiftung.de\/pflegeteam-hofmark\/wp-content\/uploads\/sites\/11\/2025\/11\/Miljus-Antonina-scaled-e1763462219668-500x500.jpg\" class=\"attachment-thumbnail size-thumbnail wp-image-4276\" alt=\"\">\t\t\t\t\t\t\t\t\t\t\t\t\t\t\t<\/div>\n\t\t\t\t<\/div>\n\t\t\t\t<div class=\"elementor-element elementor-element-6e9a9319 elementor-widget elementor-widget-text-editor\" data-id=\"6e9a9319\" data-element_type=\"widget\" data-e-type=\"widget\" data-widget_type=\"text-editor.default\">\n\t\t\t\t<div class=\"elementor-widget-container\">\n\t\t\t\t\t\t\t\t\t<p><strong><span class=\"cf0\">Frau Antonina Miljus<\/span><\/strong><\/p>\t\t\t\t\t\t\t\t<\/div>\n\t\t\t\t<\/div>\n\t\t\t\t<div class=\"elementor-element elementor-element-136a46a8 hyphenate elementor-widget elementor-widget-global elementor-global-2158 elementor-widget-text-editor\" data-id=\"136a46a8\" data-element_type=\"widget\" data-e-type=\"widget\" data-widget_type=\"text-editor.default\">\n\t\t\t\t<div class=\"elementor-widget-container\">\n\t\t\t\t\t\t\t\t\t<p>Obere Hofmark 12<br \/>D-84543 Winh\u00f6ring<br \/>Telefon: <a href=\"tel:+49867120101\">+49 (0) 8671 20101<\/a><br \/>E-Mail: <a href=\"mailto:Antonina.Miljus@jfb-stiftung.de\" target=\"_blank\" rel=\"noopener\">Antonina.Miljus@jfb-stiftung.de<\/a><\/p><p><a href=\"mailto:Pflegeteam.hofmark@jfb-stiftung.de\">Pflegeteam.hofmark@jfb-stiftung.de<\/a><\/p>\t\t\t\t\t\t\t\t<\/div>\n\t\t\t\t<\/div>\n\t\t\t\t<div class=\"elementor-element elementor-element-6a886aef elementor-widget elementor-widget-spacer\" data-id=\"6a886aef\" data-element_type=\"widget\" data-e-type=\"widget\" data-widget_type=\"spacer.default\">\n\t\t\t\t<div class=\"elementor-widget-container\">\n\t\t\t\t\t\t\t<div class=\"elementor-spacer\">\n\t\t\t<div class=\"elementor-spacer-inner\"><\/div>\n\t\t<\/div>\n\t\t\t\t\t\t<\/div>\n\t\t\t\t<\/div>\n\t\t\t\t<div class=\"elementor-element elementor-element-d2f4419 elementor-widget elementor-widget-spacer\" data-id=\"d2f4419\" data-element_type=\"widget\" data-e-type=\"widget\" data-widget_type=\"spacer.default\">\n\t\t\t\t<div class=\"elementor-widget-container\">\n\t\t\t\t\t\t\t<div class=\"elementor-spacer\">\n\t\t\t<div class=\"elementor-spacer-inner\"><\/div>\n\t\t<\/div>\n\t\t\t\t\t\t<\/div>\n\t\t\t\t<\/div>\n\t\t\t\t\t<\/div>\n\t\t<\/aside>\n\t\t\t\t\t<\/div>\n\t\t<\/section>\n\t\t\t\t<\/div>\n\t\t","protected":false},"excerpt":{"rendered":"<p>Rufen Sie uns an: Sie werden umfassend und kompetent beraten! Ob Sie selbst unsere Unterst\u00fctzung ben\u00f6tigen, ob Sie f\u00fcr ihren liebe(n) Angeh\u00f6rige(n) Informationen brauchen oder ob es sich um Krankenhaus-Mitarbeiter*innen \u2026<\/p>\n","protected":false},"author":1,"featured_media":0,"parent":13,"menu_order":10,"comment_status":"closed","ping_status":"closed","template":"","meta":{"_acf_changed":false,"footnotes":""},"class_list":["post-1954","page","type-page","status-publish","hentry"],"acf":[],"publishpress_future_action":{"enabled":false,"date":"2026-05-04 21:29:59","action":"change-status","newStatus":"draft","terms":[],"taxonomy":"","extraData":[]},"publishpress_future_workflow_manual_trigger":{"enabledWorkflows":[]},"_links":{"self":[{"href":"https:\/\/jfb-stiftung.de\/pflegeteam-hofmark\/wp-json\/wp\/v2\/pages\/1954","targetHints":{"allow":["GET"]}}],"collection":[{"href":"https:\/\/jfb-stiftung.de\/pflegeteam-hofmark\/wp-json\/wp\/v2\/pages"}],"about":[{"href":"https:\/\/jfb-stiftung.de\/pflegeteam-hofmark\/wp-json\/wp\/v2\/types\/page"}],"author":[{"embeddable":true,"href":"https:\/\/jfb-stiftung.de\/pflegeteam-hofmark\/wp-json\/wp\/v2\/users\/1"}],"replies":[{"embeddable":true,"href":"https:\/\/jfb-stiftung.de\/pflegeteam-hofmark\/wp-json\/wp\/v2\/comments?post=1954"}],"version-history":[{"count":3,"href":"https:\/\/jfb-stiftung.de\/pflegeteam-hofmark\/wp-json\/wp\/v2\/pages\/1954\/revisions"}],"predecessor-version":[{"id":4303,"href":"https:\/\/jfb-stiftung.de\/pflegeteam-hofmark\/wp-json\/wp\/v2\/pages\/1954\/revisions\/4303"}],"up":[{"embeddable":true,"href":"https:\/\/jfb-stiftung.de\/pflegeteam-hofmark\/wp-json\/wp\/v2\/pages\/13"}],"wp:attachment":[{"href":"https:\/\/jfb-stiftung.de\/pflegeteam-hofmark\/wp-json\/wp\/v2\/media?parent=1954"}],"curies":[{"name":"wp","href":"https:\/\/api.w.org\/{rel}","templated":true}]}}